{"id":23796,"date":"2026-01-02T14:23:55","date_gmt":"2026-01-02T20:23:55","guid":{"rendered":"https:\/\/www.pillarhealthcare.org\/resources\/\/\/"},"modified":"2026-01-14T14:05:33","modified_gmt":"2026-01-14T20:05:33","slug":"guia-del-mes-de-concientizacion-sobre-el-cancer-de-cuello-uterino-2026","status":"publish","type":"resources","link":"https:\/\/www.pillarhealthcare.org\/es\/resources\/womens-health\/cervical-cancer-awareness-month-guide-2026\/","title":{"rendered":"Gu\u00eda del Mes de Concienciaci\u00f3n sobre el C\u00e1ncer Cervical 2026"},"content":{"rendered":"<div class=\"fusion-fullwidth fullwidth-box fusion-builder-row-1 fusion-flex-container nonhundred-percent-fullwidth non-hundred-percent-height-scrolling\" style=\"--awb-border-radius-top-left:0px;--awb-border-radius-top-right:0px;--awb-border-radius-bottom-right:0px;--awb-border-radius-bottom-left:0px;--awb-flex-wrap:wrap;\" ><div class=\"fusion-builder-row fusion-row fusion-flex-align-items-flex-start fusion-flex-content-wrap\" style=\"max-width:1456px;margin-left: calc(-4% \/ 2 );margin-right: calc(-4% \/ 2 );\"><div class=\"fusion-layout-column fusion_builder_column fusion-builder-column-0 fusion_builder_column_2_3 2_3 fusion-flex-column\" style=\"--awb-bg-size:cover;--awb-width-large:66.666666666667%;--awb-margin-top-large:0px;--awb-spacing-right-large:2.88%;--awb-margin-bottom-large:20px;--awb-spacing-left-large:2.88%;--awb-width-medium:66.666666666667%;--awb-order-medium:0;--awb-spacing-right-medium:2.88%;--awb-spacing-left-medium:2.88%;--awb-width-small:100%;--awb-order-small:0;--awb-spacing-right-small:1.92%;--awb-spacing-left-small:1.92%;\"><div class=\"fusion-column-wrapper fusion-column-has-shadow fusion-flex-justify-content-flex-start fusion-content-layout-column\"><div class=\"fusion-image-element\" style=\"--awb-margin-top:30px;--awb-margin-bottom:30px;--awb-caption-title-font-family:var(--h2_typography-font-family);--awb-caption-title-font-weight:var(--h2_typography-font-weight);--awb-caption-title-font-style:var(--h2_typography-font-style);--awb-caption-title-size:var(--h2_typography-font-size);--awb-caption-title-transform:var(--h2_typography-text-transform);--awb-caption-title-line-height:var(--h2_typography-line-height);--awb-caption-title-letter-spacing:var(--h2_typography-letter-spacing);\"><span class=\"fusion-imageframe imageframe-none imageframe-1 hover-type-none\"><img decoding=\"async\" width=\"1200\" height=\"630\" alt=\"Pilar C\u00e1ncer de cuello de \u00fatero Cabecera\" title=\"Pilar C\u00e1ncer de cuello de \u00fatero Cabecera\" src=\"https:\/\/www.pillarhealthcare.org\/wp-content\/uploads\/2026\/01\/Pillar-CervicalCancer_Header.jpg\" data-orig-src=\"https:\/\/www.pillarhealthcare.org\/wp-content\/uploads\/2026\/01\/Pillar-CervicalCancer_Header.jpg\" class=\"lazyload img-responsive wp-image-23810\" srcset=\"data:image\/svg+xml,%3Csvg%20xmlns%3D%27http%3A%2F%2Fwww.w3.org%2F2000%2Fsvg%27%20width%3D%271200%27%20height%3D%27630%27%20viewBox%3D%270%200%201200%20630%27%3E%3Crect%20width%3D%271200%27%20height%3D%27630%27%20fill-opacity%3D%220%22%2F%3E%3C%2Fsvg%3E\" data-srcset=\"https:\/\/www.pillarhealthcare.org\/wp-content\/uploads\/2026\/01\/Pillar-CervicalCancer_Header-200x105.jpg 200w, https:\/\/www.pillarhealthcare.org\/wp-content\/uploads\/2026\/01\/Pillar-CervicalCancer_Header-400x210.jpg 400w, https:\/\/www.pillarhealthcare.org\/wp-content\/uploads\/2026\/01\/Pillar-CervicalCancer_Header-600x315.jpg 600w, https:\/\/www.pillarhealthcare.org\/wp-content\/uploads\/2026\/01\/Pillar-CervicalCancer_Header-800x420.jpg 800w, https:\/\/www.pillarhealthcare.org\/wp-content\/uploads\/2026\/01\/Pillar-CervicalCancer_Header.jpg 1200w\" data-sizes=\"auto\" data-orig-sizes=\"(max-width: 835px) 100vw, 1200px\" \/><\/span><\/div><div class=\"fusion-text fusion-text-1\"><div class=\"vc_custom_1683730290311\">\n<div id=\"text-block-3\" class=\"mk-text-block\">\n<h4>Enero es el mes de concienciaci\u00f3n sobre el c\u00e1ncer de cuello uterino<\/h4>\n<p><span style=\"font-weight: 400;\">El c\u00e1ncer de cuello uterino se origina en las c\u00e9lulas del cuello uterino, la parte inferior del \u00fatero que se conecta con la vagina, y casi siempre est\u00e1 relacionado con una infecci\u00f3n persistente por el virus del papiloma humano (VPH) de alto riesgo. Aunque el VPH es com\u00fan, una infecci\u00f3n prolongada puede provocar cambios anormales en las c\u00e9lulas del cuello uterino que pueden derivar en c\u00e1ncer si no se detectan a tiempo. Gracias a las pruebas de detecci\u00f3n modernas y a la vacuna contra el VPH, el c\u00e1ncer de cuello uterino es uno de los c\u00e1nceres m\u00e1s prevenibles en todo el mundo. En Estados Unidos, se producen aproximadamente 13 000 nuevos casos de c\u00e1ncer de cuello uterino y unas 4000 muertes relacionadas con esta enfermedad cada a\u00f1o, seg\u00fan lo <\/span><a href=\"https:\/\/www.cdc.gov\/cervical-cancer\/statistics\" target=\"_blank\" rel=\"noopener\"><span style=\"font-weight: 400;\">Centros para el Control y la Prevenci\u00f3n de Enfermedades (CDC)<\/span><\/a><span style=\"font-weight: 400;\">.\u00a0<\/span><\/p>\n<p><span style=\"font-weight: 400;\">El riesgo de por vida para las mujeres estadounidenses es de aproximadamente el 0,6 %, seg\u00fan los datos del SEER (Sistema de Informaci\u00f3n sobre C\u00e1ncer) de <\/span><a href=\"https:\/\/seer.cancer.gov\/statfacts\/html\/cervix.html\" target=\"_blank\" rel=\"noopener\"><span style=\"font-weight: 400;\">Instituto Nacional del C\u00e1ncer (NCI)<\/span><\/a><span style=\"font-weight: 400;\">. La <\/span><a href=\"https:\/\/www.cancer.gov\/types\/cervical\/survival\" target=\"_blank\" rel=\"noopener\"><span style=\"font-weight: 400;\">tasa de supervivencia a cinco a\u00f1os<\/span><\/a><span style=\"font-weight: 400;\"> es de alrededor del 67 %, y la supervivencia aumenta a m\u00e1s del 90 % cuando el c\u00e1ncer de cuello uterino se detecta a tiempo y permanece localizado. A nivel mundial, el c\u00e1ncer de cuello uterino afecta a unas 660 000 mujeres al a\u00f1o y causa m\u00e1s de 350 000 muertes, seg\u00fan la <\/span><a href=\"https:\/\/www.who.int\/news-room\/fact-sheets\/detail\/cervical-cancer\" target=\"_blank\" rel=\"noopener\"><span style=\"font-weight: 400;\">Organizaci\u00f3n Mundial de la Salud (OMS)<\/span><\/a><span style=\"font-weight: 400;\">. Las tasas de mortalidad m\u00e1s altas se dan en regiones con pocos recursos, debido al acceso limitado a programas de detecci\u00f3n y vacunaci\u00f3n contra el VPH.<\/span><\/p>\n<\/div>\n<\/div>\n<\/div><div class=\"fusion-separator fusion-full-width-sep\" style=\"align-self: center;margin-left: auto;margin-right: auto;margin-top:20px;margin-bottom:0px;width:100%;\"><div class=\"fusion-separator-border sep-single sep-solid\" style=\"--awb-height:20px;--awb-amount:20px;border-color:var(--awb-color4);border-top-width:1px;\"><\/div><\/div><div class=\"fusion-text fusion-text-2 fusion-text-no-margin\" style=\"--awb-margin-bottom:7px;\"><div class=\"vc_custom_1683730290311\">\n<div id=\"text-block-3\" class=\"mk-text-block\">\n<h5>\u00bfQu\u00e9 causa el c\u00e1ncer de cuello uterino?<\/h5>\n<p><span style=\"font-weight: 400;\">El c\u00e1ncer de cuello uterino est\u00e1 causado principalmente por una infecci\u00f3n persistente por el VPH de alto riesgo. El VPH se transmite a trav\u00e9s del contacto sexual \u00edntimo. Aunque la mayor\u00eda de las infecciones por el VPH se curan de forma natural, la infecci\u00f3n prolongada por tipos de VPH de alto riesgo puede provocar cambios precancerosos en las c\u00e9lulas del cuello uterino.<\/span><\/p>\n<\/div>\n<\/div>\n<\/div><div class=\"fusion-separator fusion-full-width-sep\" style=\"align-self: center;margin-left: auto;margin-right: auto;margin-top:20px;margin-bottom:0px;width:100%;\"><div class=\"fusion-separator-border sep-single sep-solid\" style=\"--awb-height:20px;--awb-amount:20px;border-color:var(--awb-color4);border-top-width:1px;\"><\/div><\/div><div class=\"fusion-text fusion-text-3\"><div class=\"vc_custom_1683730290311\">\n<div id=\"text-block-3\" class=\"mk-text-block\">\n<h5>Directrices actualizadas para la detecci\u00f3n del c\u00e1ncer de cuello uterino para 2026<\/h5>\n<p><span style=\"font-weight: 400;\">La <\/span><a href=\"https:\/\/pressroom.cancer.org\/updated-cervical-cancer-screening-guidelines-2025\" target=\"_blank\" rel=\"noopener\"><span style=\"font-weight: 400;\">Sociedad Americana contra el C\u00e1ncer (ACS)<\/span><\/a><span style=\"font-weight: 400;\"> recomienda comenzar el cribado del c\u00e1ncer de cuello uterino a los 25 a\u00f1os para las personas con un riesgo medio. El m\u00e9todo de cribado preferido para las personas de entre 25 y 65 a\u00f1os es la prueba primaria del VPH cada cinco a\u00f1os. Si no se dispone de la prueba primaria del VPH, es aceptable realizar una prueba conjunta (prueba del VPH m\u00e1s citolog\u00eda) cada cinco a\u00f1os o una citolog\u00eda sola cada tres a\u00f1os. Las recientes actualizaciones de la ACS y los res\u00famenes de noticias cl\u00ednicas tambi\u00e9n destacan la expansi\u00f3n de las muestras de VPH auto-recogidas en entornos cl\u00ednicos aprobados. Las pruebas de detecci\u00f3n pueden finalizar despu\u00e9s de los 65 a\u00f1os para las personas con resultados normales previos adecuados.<\/span><\/p>\n<\/div>\n<\/div>\n<\/div><div class=\"fusion-separator fusion-full-width-sep\" style=\"align-self: center;margin-left: auto;margin-right: auto;margin-top:20px;margin-bottom:0px;width:100%;\"><div class=\"fusion-separator-border sep-single sep-solid\" style=\"--awb-height:20px;--awb-amount:20px;border-color:var(--awb-color4);border-top-width:1px;\"><\/div><\/div><div class=\"fusion-text fusion-text-4\"><div class=\"vc_custom_1683730290311\">\n<div id=\"text-block-3\" class=\"mk-text-block\">\n<h5>Explicaci\u00f3n de las pruebas de Papanicolaou y del VPH<\/h5>\n<p><span style=\"font-weight: 400;\">La prueba de Papanicolaou detecta c\u00e9lulas cervicales anormales que podr\u00edan volverse cancerosas. La prueba del VPH identifica las cepas de VPH de alto riesgo que causan la mayor\u00eda de los c\u00e1nceres de cuello uterino. La prueba del VPH es m\u00e1s sensible y se ha convertido en el m\u00e9todo preferido para la detecci\u00f3n temprana. Ambas pruebas siguen siendo herramientas esenciales para la prevenci\u00f3n y el diagn\u00f3stico precoz.<\/span><\/p>\n<\/div>\n<\/div>\n<\/div><div class=\"fusion-separator fusion-full-width-sep\" style=\"align-self: center;margin-left: auto;margin-right: auto;margin-top:20px;margin-bottom:0px;width:100%;\"><div class=\"fusion-separator-border sep-single sep-solid\" style=\"--awb-height:20px;--awb-amount:20px;border-color:var(--awb-color4);border-top-width:1px;\"><\/div><\/div><div class=\"fusion-text fusion-text-5\"><div class=\"vc_custom_1683730290311\">\n<div id=\"text-block-3\" class=\"mk-text-block\">\n<h5>Resultados de las pruebas de c\u00e1ncer de cuello uterino<\/h5>\n<p><span style=\"font-weight: 400;\">Los resultados normales de la prueba significan que no hay signos de c\u00e9lulas anormales. Los resultados anormales o poco claros pueden requerir la repetici\u00f3n de la prueba, el genotipado del VPH o una colposcopia. Una prueba anormal no significa que haya c\u00e1ncer, pero indica la necesidad de una evaluaci\u00f3n m\u00e1s profunda siguiendo las directrices cl\u00ednicas establecidas.<\/span><\/p>\n<\/div>\n<\/div>\n<\/div><div class=\"fusion-separator fusion-full-width-sep\" style=\"align-self: center;margin-left: auto;margin-right: auto;margin-top:20px;margin-bottom:0px;width:100%;\"><div class=\"fusion-separator-border sep-single sep-solid\" style=\"--awb-height:20px;--awb-amount:20px;border-color:var(--awb-color4);border-top-width:1px;\"><\/div><\/div><div class=\"fusion-text fusion-text-6\"><div class=\"vc_custom_1683730290311\">\n<div id=\"text-block-3\" class=\"mk-text-block\">\n<h5>Formas de reducir el riesgo de c\u00e1ncer de cuello uterino<\/h5>\n<p><span style=\"font-weight: 400;\">Puede reducir el riesgo de c\u00e1ncer de cuello uterino vacun\u00e1ndose contra el VPH, practicando sexo seguro, limitando el n\u00famero de parejas sexuales, evitando fumar y acudiendo regularmente a las pruebas de detecci\u00f3n recomendadas. La vacunaci\u00f3n contra el VPH cuenta con el firme respaldo de los Centros de Control de Enfermedades (CDC), la Organizaci\u00f3n Mundical de la Salud (OMS) y la <\/span><a href=\"https:\/\/www.aacr.org\/patients-caregivers\/awareness-months\/cervical-cancer-awareness-month\" target=\"_blank\" rel=\"noopener\"><span style=\"font-weight: 400;\">Asociaci\u00f3n Americana para la Investigaci\u00f3n del C\u00e1ncer (AACR)<\/span><\/a><span style=\"font-weight: 400;\"> debido a su eficacia en la prevenci\u00f3n de infecciones por VPH de alto riesgo.<\/span><\/p>\n<\/div>\n<\/div>\n<\/div><div class=\"fusion-separator fusion-full-width-sep\" style=\"align-self: center;margin-left: auto;margin-right: auto;margin-top:20px;margin-bottom:0px;width:100%;\"><div class=\"fusion-separator-border sep-single sep-solid\" style=\"--awb-height:20px;--awb-amount:20px;border-color:var(--awb-color4);border-top-width:1px;\"><\/div><\/div><div class=\"fusion-text fusion-text-7\"><div class=\"vc_custom_1683730290311\">\n<div id=\"text-block-3\" class=\"mk-text-block\">\n<h5>Programaci\u00f3n de pruebas de detecci\u00f3n del c\u00e1ncer de cuello uterino<\/h5>\n<p><span style=\"font-weight: 400;\">Las pruebas de detecci\u00f3n del c\u00e1ncer de cuello uterino est\u00e1n disponibles en Pillar Health y en el Centro de Salud Comunitario de Kenosha. La mayor\u00eda de los planes de seguro cubren las pruebas de Papanicolaou y del VPH, y hay opciones de ayuda financiera disponibles para las personas que no tienen seguro. <\/span><\/p>\n<\/div>\n<\/div>\n<\/div><div class=\"fusion-separator fusion-full-width-sep\" style=\"align-self: center;margin-left: auto;margin-right: auto;margin-top:20px;margin-bottom:0px;width:100%;\"><div class=\"fusion-separator-border sep-single sep-solid\" style=\"--awb-height:20px;--awb-amount:20px;border-color:var(--awb-color4);border-top-width:1px;\"><\/div><\/div><div class=\"fusion-text fusion-text-8 fusion-text-no-margin\" style=\"--awb-margin-bottom:30px;\"><div class=\"vc_custom_1683730290311\">\n<div id=\"text-block-3\" class=\"mk-text-block\">\n<h5>Llame a cualquiera de nuestras sedes para concertar una cita en el sureste de Wisconsin:<\/h5>\n<ul>\n<li><a href=\"https:\/\/www.pillarhealthcare.org\/es\/lugares\/pilar-salud-clinica\/\"><b>Cl\u00ednica Pillar Health de Kenosha<\/b><\/a><b>:<\/b><span style=\"font-weight: 400;\"> (262) 771-1700<\/span><span style=\"font-weight: 400;\"><br \/>\n<\/span><\/li>\n<li><strong><a href=\"https:\/\/www.pillarhealthcare.org\/es\/lugares\/clinica-14th-avenue-kenosha\/\">Cl\u00ednica de la 14 Avenida de Kenosha:<\/a><\/strong> (262) 771-1688<\/li>\n<li><strong><a href=\"https:\/\/www.pillarhealthcare.org\/es\/lugares\/22nd-avenue-kenosha-clinic\/\">Cl\u00ednica de la 22 Avenida de Kenosha:<\/a><\/strong> (262) 771-0070<\/li>\n<li><a href=\"https:\/\/www.pillarhealthcare.org\/es\/lugares\/silver-lake-clinic\/\"><b>Cl\u00ednica de la calle 2 Silver Lake<\/b><\/a><b>:<\/b><span style=\"font-weight: 400;\"> (262) 771-1963<\/span><span style=\"font-weight: 400;\"><br \/>\n<\/span><\/li>\n<li><a href=\"https:\/\/www.pillarhealthcare.org\/es\/lugares\/clinica-pillar-health-racine\/\"><b>Cl\u00ednica Pillar Health Racine<\/b><\/a><b>:<\/b><span style=\"font-weight: 400;\"> (262) 771-0035<\/span><\/li>\n<\/ul>\n<\/div>\n<\/div>\n<\/div><\/div><\/div><div class=\"fusion-layout-column fusion_builder_column fusion-builder-column-1 fusion_builder_column_1_3 1_3 fusion-flex-column\" style=\"--awb-padding-top:5%;--awb-padding-right:5%;--awb-padding-bottom:5%;--awb-padding-left:5%;--awb-bg-color:#ededed;--awb-bg-color-hover:#ededed;--awb-bg-size:cover;--awb-width-large:33.333333333333%;--awb-margin-top-large:30px;--awb-spacing-right-large:5.76%;--awb-margin-bottom-large:20px;--awb-spacing-left-large:5.76%;--awb-width-medium:33.333333333333%;--awb-order-medium:0;--awb-spacing-right-medium:5.76%;--awb-spacing-left-medium:5.76%;--awb-width-small:100%;--awb-order-small:0;--awb-spacing-right-small:1.92%;--awb-spacing-left-small:1.92%;\" data-scroll-devices=\"small-visibility,medium-visibility,large-visibility\"><div class=\"fusion-column-wrapper fusion-column-has-shadow fusion-flex-justify-content-flex-start fusion-content-layout-column\"><div class=\"fusion-text fusion-text-9 fusion-text-no-margin\" style=\"--awb-font-size:37px;--awb-line-height:1.1;--awb-letter-spacing:var(--awb-typography1-letter-spacing);--awb-text-transform:var(--awb-typography1-text-transform);--awb-text-color:var(--awb-custom_color_1);--awb-margin-top:0px;--awb-margin-bottom:10px;--awb-text-font-family:&quot;Rubik&quot;;--awb-text-font-style:normal;--awb-text-font-weight:600;\"><p>Por qu\u00e9 es importante el Mes de Concientizaci\u00f3n sobre el C\u00e1ncer Cervical<\/p>\n<\/div><div class=\"fusion-separator fusion-full-width-sep\" style=\"align-self: center;margin-left: auto;margin-right: auto;margin-top:20px;margin-bottom:30px;width:100%;\"><div class=\"fusion-separator-border sep-single sep-solid\" style=\"--awb-height:20px;--awb-amount:20px;border-color:var(--awb-color4);border-top-width:1px;\"><\/div><\/div><div class=\"fusion-text fusion-text-10 fusion-text-no-margin\" style=\"--awb-margin-bottom:7px;\"><div class=\"vc_custom_1683730290311\">\n<p><span style=\"font-weight: 400;\">El Mes de Concientizaci\u00f3n sobre el C\u00e1ncer Cervical ayuda a crear conciencia, aumentar la participaci\u00f3n en los ex\u00e1menes de detecci\u00f3n y mejorar las tasas de vacunaci\u00f3n contra el VPH. Tambi\u00e9n destaca los problemas de equidad en la salud, ya que muchas muertes por c\u00e1ncer cervical se producen en comunidades con acceso limitado a la atenci\u00f3n preventiva. Los esfuerzos de concientizaci\u00f3n tienen como objetivo reducir las muertes evitables mediante la promoci\u00f3n de la detecci\u00f3n temprana.<\/span><\/p>\n<\/div>\n<\/div><div class=\"accordian fusion-accordian\" style=\"--awb-border-size:0px;--awb-icon-size:20px;--awb-content-font-size:var(--awb-typography4-font-size);--awb-icon-alignment:left;--awb-hover-color:var(--awb-color2);--awb-border-color:var(--awb-color3);--awb-background-color:var(--awb-color1);--awb-divider-color:var(--awb-color3);--awb-divider-hover-color:var(--awb-color3);--awb-icon-color:var(--awb-custom_color_5);--awb-title-color:var(--awb-custom_color_5);--awb-content-color:var(--awb-custom_color_5);--awb-icon-box-color:var(--awb-custom_color_5);--awb-toggle-hover-accent-color:var(--awb-custom_color_5);--awb-title-font-family:&quot;Inter&quot;;--awb-title-font-weight:700;--awb-title-font-style:normal;--awb-title-font-size:18px;--awb-title-letter-spacing:var(--awb-typography2-letter-spacing);--awb-title-line-height:var(--awb-typography2-line-height);--awb-title-text-transform:none;--awb-content-font-family:&quot;Rubik&quot;;--awb-content-font-style:normal;--awb-content-font-weight:400;\"><div class=\"panel-group fusion-toggle-icon-unboxed\" id=\"accordion-23796-1\"><div class=\"fusion-panel panel-default panel-b3930abf83227f5fd fusion-toggle-no-divider fusion-toggle-boxed-mode\" style=\"--awb-title-color:var(--awb-custom_color_5);--awb-content-color:var(--awb-custom_color_5);\"><div class=\"panel-heading\"><h4 class=\"panel-title toggle\" id=\"toggle_b3930abf83227f5fd\"><a aria-expanded=\"false\" aria-controls=\"b3930abf83227f5fd\" role=\"button\" data-toggle=\"collapse\" data-parent=\"#accordion-23796-1\" data-target=\"#b3930abf83227f5fd\" href=\"#b3930abf83227f5fd\"><span class=\"fusion-toggle-icon-wrapper\" aria-hidden=\"true\"><i class=\"fa-fusion-box active-icon awb-icon-minus\" aria-hidden=\"true\"><\/i><i class=\"fa-fusion-box inactive-icon awb-icon-plus\" aria-hidden=\"true\"><\/i><\/span><span class=\"fusion-toggle-heading\">\u00bfQu\u00e9 es el c\u00e1ncer de cuello uterino?<\/span><\/a><\/h4><\/div><div id=\"b3930abf83227f5fd\" class=\"panel-collapse collapse\" aria-labelledby=\"toggle_b3930abf83227f5fd\"><div class=\"panel-body toggle-content fusion-clearfix\">\n<p><span style=\"font-weight: 400;\">El c\u00e1ncer de cuello uterino es un c\u00e1ncer del cuello uterino causado principalmente por una infecci\u00f3n persistente por el VPH de alto riesgo. Fuente: CDC <a href=\"https:\/\/www.cdc.gov\/cancer\/cervical\/basic_info\" target=\"_blank\" rel=\"noopener\">https:\/\/www.cdc.gov\/cancer\/cervical\/basic_info<\/a><\/span><\/p>\n<\/div><\/div><\/div><div class=\"fusion-panel panel-default panel-db46f26dc60211632 fusion-toggle-no-divider fusion-toggle-boxed-mode\" style=\"--awb-title-color:var(--awb-custom_color_5);--awb-content-color:var(--awb-custom_color_5);\"><div class=\"panel-heading\"><h4 class=\"panel-title toggle\" id=\"toggle_db46f26dc60211632\"><a aria-expanded=\"false\" aria-controls=\"db46f26dc60211632\" role=\"button\" data-toggle=\"collapse\" data-parent=\"#accordion-23796-1\" data-target=\"#db46f26dc60211632\" href=\"#db46f26dc60211632\"><span class=\"fusion-toggle-icon-wrapper\" aria-hidden=\"true\"><i class=\"fa-fusion-box active-icon awb-icon-minus\" aria-hidden=\"true\"><\/i><i class=\"fa-fusion-box inactive-icon awb-icon-plus\" aria-hidden=\"true\"><\/i><\/span><span class=\"fusion-toggle-heading\">\u00bfQu\u00e9 tan com\u00fan es el c\u00e1ncer de cuello uterino en 2026?<\/span><\/a><\/h4><\/div><div id=\"db46f26dc60211632\" class=\"panel-collapse collapse\" aria-labelledby=\"toggle_db46f26dc60211632\"><div class=\"panel-body toggle-content fusion-clearfix\">\n<p><span style=\"font-weight: 400;\">Alrededor de 13 000 personas en Estados Unidos desarrollan c\u00e1ncer de cuello uterino cada a\u00f1o. El total de casos a nivel mundial supera los 660 000.<\/span><\/p>\n<\/div><\/div><\/div><div class=\"fusion-panel panel-default panel-0ff511b9cbba77d7b fusion-toggle-no-divider fusion-toggle-boxed-mode\" style=\"--awb-title-color:var(--awb-custom_color_5);--awb-content-color:var(--awb-custom_color_5);\"><div class=\"panel-heading\"><h4 class=\"panel-title toggle\" id=\"toggle_0ff511b9cbba77d7b\"><a aria-expanded=\"false\" aria-controls=\"0ff511b9cbba77d7b\" role=\"button\" data-toggle=\"collapse\" data-parent=\"#accordion-23796-1\" data-target=\"#0ff511b9cbba77d7b\" href=\"#0ff511b9cbba77d7b\"><span class=\"fusion-toggle-icon-wrapper\" aria-hidden=\"true\"><i class=\"fa-fusion-box active-icon awb-icon-minus\" aria-hidden=\"true\"><\/i><i class=\"fa-fusion-box inactive-icon awb-icon-plus\" aria-hidden=\"true\"><\/i><\/span><span class=\"fusion-toggle-heading\">\u00bfQu\u00e9 causa el c\u00e1ncer de cuello uterino?<\/span><\/a><\/h4><\/div><div id=\"0ff511b9cbba77d7b\" class=\"panel-collapse collapse\" aria-labelledby=\"toggle_0ff511b9cbba77d7b\"><div class=\"panel-body toggle-content fusion-clearfix\">\n<p><span style=\"font-weight: 400;\">La infecci\u00f3n por el VPH de alto riesgo es la causa principal. <\/span><\/p>\n<\/div><\/div><\/div><div class=\"fusion-panel panel-default panel-d2e7e75fb8403fabf fusion-toggle-no-divider fusion-toggle-boxed-mode\" style=\"--awb-title-color:var(--awb-custom_color_5);--awb-content-color:var(--awb-custom_color_5);\"><div class=\"panel-heading\"><h4 class=\"panel-title toggle\" id=\"toggle_d2e7e75fb8403fabf\"><a aria-expanded=\"false\" aria-controls=\"d2e7e75fb8403fabf\" role=\"button\" data-toggle=\"collapse\" data-parent=\"#accordion-23796-1\" data-target=\"#d2e7e75fb8403fabf\" href=\"#d2e7e75fb8403fabf\"><span class=\"fusion-toggle-icon-wrapper\" aria-hidden=\"true\"><i class=\"fa-fusion-box active-icon awb-icon-minus\" aria-hidden=\"true\"><\/i><i class=\"fa-fusion-box inactive-icon awb-icon-plus\" aria-hidden=\"true\"><\/i><\/span><span class=\"fusion-toggle-heading\">\u00bfC\u00f3mo puedo prevenir el c\u00e1ncer de cuello uterino?<\/span><\/a><\/h4><\/div><div id=\"d2e7e75fb8403fabf\" class=\"panel-collapse collapse\" aria-labelledby=\"toggle_d2e7e75fb8403fabf\"><div class=\"panel-body toggle-content fusion-clearfix\">\n<p><span style=\"font-weight: 400;\">La prevenci\u00f3n incluye la vacunaci\u00f3n contra el VPH, las pruebas de detecci\u00f3n rutinarias, practicar sexo seguro y no fumar. <\/span><\/p>\n<\/div><\/div><\/div><div class=\"fusion-panel panel-default panel-0743f3ca58cd2229f fusion-toggle-no-divider fusion-toggle-boxed-mode\" style=\"--awb-title-color:var(--awb-custom_color_5);--awb-content-color:var(--awb-custom_color_5);\"><div class=\"panel-heading\"><h4 class=\"panel-title toggle\" id=\"toggle_0743f3ca58cd2229f\"><a aria-expanded=\"false\" aria-controls=\"0743f3ca58cd2229f\" role=\"button\" data-toggle=\"collapse\" data-parent=\"#accordion-23796-1\" data-target=\"#0743f3ca58cd2229f\" href=\"#0743f3ca58cd2229f\"><span class=\"fusion-toggle-icon-wrapper\" aria-hidden=\"true\"><i class=\"fa-fusion-box active-icon awb-icon-minus\" aria-hidden=\"true\"><\/i><i class=\"fa-fusion-box inactive-icon awb-icon-plus\" aria-hidden=\"true\"><\/i><\/span><span class=\"fusion-toggle-heading\">\u00bfCu\u00e1ndo debo empezar a hacerme pruebas de detecci\u00f3n de c\u00e1ncer de cuello uterino?<\/span><\/a><\/h4><\/div><div id=\"0743f3ca58cd2229f\" class=\"panel-collapse collapse\" aria-labelledby=\"toggle_0743f3ca58cd2229f\"><div class=\"panel-body toggle-content fusion-clearfix\">\n<p><span style=\"font-weight: 400;\">Seg\u00fan la Sociedad Americana contra el C\u00e1ncer, se debe comenzar a los 25 a\u00f1os.<\/span><\/p>\n<\/div><\/div><\/div><div class=\"fusion-panel panel-default panel-cfe5442b4c65cbb27 fusion-toggle-no-divider fusion-toggle-boxed-mode\" style=\"--awb-title-color:var(--awb-custom_color_5);--awb-content-color:var(--awb-custom_color_5);\"><div class=\"panel-heading\"><h4 class=\"panel-title toggle\" id=\"toggle_cfe5442b4c65cbb27\"><a aria-expanded=\"false\" aria-controls=\"cfe5442b4c65cbb27\" role=\"button\" data-toggle=\"collapse\" data-parent=\"#accordion-23796-1\" data-target=\"#cfe5442b4c65cbb27\" href=\"#cfe5442b4c65cbb27\"><span class=\"fusion-toggle-icon-wrapper\" aria-hidden=\"true\"><i class=\"fa-fusion-box active-icon awb-icon-minus\" aria-hidden=\"true\"><\/i><i class=\"fa-fusion-box inactive-icon awb-icon-plus\" aria-hidden=\"true\"><\/i><\/span><span class=\"fusion-toggle-heading\">\u00bfCon qu\u00e9 frecuencia debo hacerme las pruebas?<\/span><\/a><\/h4><\/div><div id=\"cfe5442b4c65cbb27\" class=\"panel-collapse collapse\" aria-labelledby=\"toggle_cfe5442b4c65cbb27\"><div class=\"panel-body toggle-content fusion-clearfix\">\n<p><span style=\"font-weight: 400;\">Se recomienda realizar pruebas primarias del VPH cada cinco a\u00f1os para mujeres de entre 25 y 65 a\u00f1os. <\/span><\/p>\n<\/div><\/div><\/div><div class=\"fusion-panel panel-default panel-912b5f864f11b553c fusion-toggle-no-divider fusion-toggle-boxed-mode\" style=\"--awb-title-color:var(--awb-custom_color_5);--awb-content-color:var(--awb-custom_color_5);\"><div class=\"panel-heading\"><h4 class=\"panel-title toggle\" id=\"toggle_912b5f864f11b553c\"><a aria-expanded=\"false\" aria-controls=\"912b5f864f11b553c\" role=\"button\" data-toggle=\"collapse\" data-parent=\"#accordion-23796-1\" data-target=\"#912b5f864f11b553c\" href=\"#912b5f864f11b553c\"><span class=\"fusion-toggle-icon-wrapper\" aria-hidden=\"true\"><i class=\"fa-fusion-box active-icon awb-icon-minus\" aria-hidden=\"true\"><\/i><i class=\"fa-fusion-box inactive-icon awb-icon-plus\" aria-hidden=\"true\"><\/i><\/span><span class=\"fusion-toggle-heading\">\u00bfQu\u00e9 significa un resultado anormal en la prueba de Papanicolaou o del VPH?<\/span><\/a><\/h4><\/div><div id=\"912b5f864f11b553c\" class=\"panel-collapse collapse\" aria-labelledby=\"toggle_912b5f864f11b553c\"><div class=\"panel-body toggle-content fusion-clearfix\">\n<p><span style=\"font-weight: 400;\">Significa que es necesario realizar m\u00e1s pruebas, no necesariamente que se diagnostique c\u00e1ncer. <\/span><\/p>\n<\/div><\/div><\/div><\/div><\/div><div class=\"fusion-image-element\" style=\"--awb-margin-top:15px;--awb-caption-title-font-family:var(--h2_typography-font-family);--awb-caption-title-font-weight:var(--h2_typography-font-weight);--awb-caption-title-font-style:var(--h2_typography-font-style);--awb-caption-title-size:var(--h2_typography-font-size);--awb-caption-title-transform:var(--h2_typography-text-transform);--awb-caption-title-line-height:var(--h2_typography-line-height);--awb-caption-title-letter-spacing:var(--h2_typography-letter-spacing);\"><span class=\"fusion-imageframe imageframe-none imageframe-2 hover-type-none\"><img decoding=\"async\" width=\"2560\" height=\"2560\" alt=\"Gr\u00e1fico vectorial del Mes de Concientizaci\u00f3n sobre el C\u00e1ncer de Cuello Uterino. Ideal para la celebraci\u00f3n del Mes de Concientizaci\u00f3n sobre el C\u00e1ncer de Cuello Uterino. Dise\u00f1o plano. Dise\u00f1o de volante. Ilustraci\u00f3n plana.\" title=\"Gr\u00e1fico vectorial del Mes de Concientizaci\u00f3n sobre el C\u00e1ncer de Cuello Uterino. Ideal para la celebraci\u00f3n del Mes de Concientizaci\u00f3n sobre el C\u00e1ncer de Cuello Uterino. Dise\u00f1o plano. Dise\u00f1o de volante. Ilustraci\u00f3n plana.\" src=\"data:image\/svg+xml,%3Csvg%20xmlns%3D%27http%3A%2F%2Fwww.w3.org%2F2000%2Fsvg%27%20width%3D%272560%27%20height%3D%272560%27%20viewBox%3D%270%200%202560%202560%27%3E%3Crect%20width%3D%272560%27%20height%3D%272560%27%20fill-opacity%3D%220%22%2F%3E%3C%2Fsvg%3E\" data-orig-src=\"https:\/\/www.pillarhealthcare.org\/wp-content\/uploads\/2026\/01\/AdobeStock_397419585-scaled.jpeg\" class=\"lazyload img-responsive wp-image-23806\"\/><\/span><\/div><\/div><\/div><\/div><\/div>","protected":false},"excerpt":{"rendered":"<p>El c\u00e1ncer de cuello uterino se origina en las c\u00e9lulas del cuello uterino, la parte inferior del \u00fatero que se conecta con la vagina, y casi siempre est\u00e1 relacionado con una infecci\u00f3n persistente por el virus del papiloma humano (VPH) de alto riesgo.<\/p>","protected":false},"author":1,"featured_media":0,"template":"","meta":{"_acf_changed":false,"footnotes":""},"tags":[199],"resources_type":[56],"class_list":["post-23796","resources","type-resources","status-publish","hentry","tag-homepage","resources_type-womens-health"],"acf":[],"acf_fields":{"card_image":{"ID":23811,"id":23811,"title":"Pilar C\u00e1ncer de cuello uterino Cuadrado","filename":"Pillar-CervicalCancer_Square.jpg","filesize":264747,"url":"https:\/\/www.pillarhealthcare.org\/wp-content\/uploads\/2026\/01\/Pillar-CervicalCancer_Square.jpg","link":"https:\/\/www.pillarhealthcare.org\/es\/resources\/womens-health\/cervical-cancer-awareness-month-guide-2026\/pillar-cervicalcancer_square\/","alt":"Pillar Cervicalcancer Square","author":"1","description":"Pilar C\u00e1ncer de cuello uterino Cuadrado","caption":"Pillar Cervicalcancer Square","name":"pilar-c\u00e1ncer-de-cuello-uterino_cuadrado","status":"inherit","uploaded_to":23796,"date":"2026-01-02 15:33:35","modified":"2026-01-02 15:33:35","menu_order":0,"mime_type":"image\/jpeg","type":"image","subtype":"jpeg","icon":"https:\/\/www.pillarhealthcare.org\/wp-includes\/images\/media\/default.png","width":600,"height":600,"sizes":{"thumbnail":"https:\/\/www.pillarhealthcare.org\/wp-content\/uploads\/2026\/01\/Pillar-CervicalCancer_Square-150x150.jpg","thumbnail-width":150,"thumbnail-height":150,"medium":"https:\/\/www.pillarhealthcare.org\/wp-content\/uploads\/2026\/01\/Pillar-CervicalCancer_Square-300x300.jpg","medium-width":300,"medium-height":300,"medium_large":"https:\/\/www.pillarhealthcare.org\/wp-content\/uploads\/2026\/01\/Pillar-CervicalCancer_Square.jpg","medium_large-width":600,"medium_large-height":600,"large":"https:\/\/www.pillarhealthcare.org\/wp-content\/uploads\/2026\/01\/Pillar-CervicalCancer_Square.jpg","large-width":600,"large-height":600,"1536x1536":"https:\/\/www.pillarhealthcare.org\/wp-content\/uploads\/2026\/01\/Pillar-CervicalCancer_Square.jpg","1536x1536-width":600,"1536x1536-height":600,"2048x2048":"https:\/\/www.pillarhealthcare.org\/wp-content\/uploads\/2026\/01\/Pillar-CervicalCancer_Square.jpg","2048x2048-width":600,"2048x2048-height":600,"trp-custom-language-flag":"https:\/\/www.pillarhealthcare.org\/wp-content\/uploads\/2026\/01\/Pillar-CervicalCancer_Square-12x12.jpg","trp-custom-language-flag-width":12,"trp-custom-language-flag-height":12,"blog-large":"https:\/\/www.pillarhealthcare.org\/wp-content\/uploads\/2026\/01\/Pillar-CervicalCancer_Square-600x272.jpg","blog-large-width":600,"blog-large-height":272,"blog-medium":"https:\/\/www.pillarhealthcare.org\/wp-content\/uploads\/2026\/01\/Pillar-CervicalCancer_Square-320x202.jpg","blog-medium-width":320,"blog-medium-height":202,"recent-posts":"https:\/\/www.pillarhealthcare.org\/wp-content\/uploads\/2026\/01\/Pillar-CervicalCancer_Square-600x441.jpg","recent-posts-width":600,"recent-posts-height":441,"recent-works-thumbnail":"https:\/\/www.pillarhealthcare.org\/wp-content\/uploads\/2026\/01\/Pillar-CervicalCancer_Square-66x66.jpg","recent-works-thumbnail-width":66,"recent-works-thumbnail-height":66,"fusion-200":"https:\/\/www.pillarhealthcare.org\/wp-content\/uploads\/2026\/01\/Pillar-CervicalCancer_Square-200x200.jpg","fusion-200-width":200,"fusion-200-height":200,"fusion-400":"https:\/\/www.pillarhealthcare.org\/wp-content\/uploads\/2026\/01\/Pillar-CervicalCancer_Square-400x400.jpg","fusion-400-width":400,"fusion-400-height":400,"fusion-600":"https:\/\/www.pillarhealthcare.org\/wp-content\/uploads\/2026\/01\/Pillar-CervicalCancer_Square.jpg","fusion-600-width":600,"fusion-600-height":600,"fusion-800":"https:\/\/www.pillarhealthcare.org\/wp-content\/uploads\/2026\/01\/Pillar-CervicalCancer_Square.jpg","fusion-800-width":600,"fusion-800-height":600,"fusion-1200":"https:\/\/www.pillarhealthcare.org\/wp-content\/uploads\/2026\/01\/Pillar-CervicalCancer_Square.jpg","fusion-1200-width":600,"fusion-1200-height":600,"gform-image-choice-sm":"https:\/\/www.pillarhealthcare.org\/wp-content\/uploads\/2026\/01\/Pillar-CervicalCancer_Square.jpg","gform-image-choice-sm-width":300,"gform-image-choice-sm-height":300,"gform-image-choice-md":"https:\/\/www.pillarhealthcare.org\/wp-content\/uploads\/2026\/01\/Pillar-CervicalCancer_Square.jpg","gform-image-choice-md-width":400,"gform-image-choice-md-height":400,"gform-image-choice-lg":"https:\/\/www.pillarhealthcare.org\/wp-content\/uploads\/2026\/01\/Pillar-CervicalCancer_Square.jpg","gform-image-choice-lg-width":600,"gform-image-choice-lg-height":600}},"card_image_shown":"1","featured_image":"0","email_subject_line":"Cervical Cancer Awareness Month Guide 2026","email_description":"Read the 2026 Cervical Cancer Awareness Month Guide with cervical cancer statistics, screening recommendations, HPV vaccine information, risk reduction strategies, and screening access through Pillar Health and Kenosha Community Health Center."},"featured_image_url":false,"author_name":"dooley","post_url":"https:\/\/www.pillarhealthcare.org\/es\/resources\/womens-health\/cervical-cancer-awareness-month-guide-2026\/","taxonomy_terms":{"post_tag":[{"name":"P\u00e1gina de inicio","slug":"homepage","id":199}],"resources_type":[{"name":"SALUD DE LA MUJER","slug":"salud-de-la-mujer","id":56}]},"_links":{"self":[{"href":"https:\/\/www.pillarhealthcare.org\/es\/wp-json\/wp\/v2\/resources\/23796","targetHints":{"allow":["GET"]}}],"collection":[{"href":"https:\/\/www.pillarhealthcare.org\/es\/wp-json\/wp\/v2\/resources"}],"about":[{"href":"https:\/\/www.pillarhealthcare.org\/es\/wp-json\/wp\/v2\/types\/resources"}],"author":[{"embeddable":true,"href":"https:\/\/www.pillarhealthcare.org\/es\/wp-json\/wp\/v2\/users\/1"}],"version-history":[{"count":14,"href":"https:\/\/www.pillarhealthcare.org\/es\/wp-json\/wp\/v2\/resources\/23796\/revisions"}],"predecessor-version":[{"id":23871,"href":"https:\/\/www.pillarhealthcare.org\/es\/wp-json\/wp\/v2\/resources\/23796\/revisions\/23871"}],"wp:attachment":[{"href":"https:\/\/www.pillarhealthcare.org\/es\/wp-json\/wp\/v2\/media?parent=23796"}],"wp:term":[{"taxonomy":"post_tag","embeddable":true,"href":"https:\/\/www.pillarhealthcare.org\/es\/wp-json\/wp\/v2\/tags?post=23796"},{"taxonomy":"resources_type","embeddable":true,"href":"https:\/\/www.pillarhealthcare.org\/es\/wp-json\/wp\/v2\/resources_type?post=23796"}],"curies":[{"name":"wp","href":"https:\/\/api.w.org\/{rel}","templated":true}]}}