{"id":23316,"date":"2025-09-08T12:37:28","date_gmt":"2025-09-08T17:37:28","guid":{"rendered":"https:\/\/www.pillarhealthcare.org\/resources\/\/\/"},"modified":"2025-09-08T12:37:55","modified_gmt":"2025-09-08T17:37:55","slug":"entender-la-prevencion-del-suicidio-y-la-linea-de-vida-en-crisis-988-pilar-salud-2025","status":"publish","type":"resources","link":"https:\/\/www.pillarhealthcare.org\/es\/resources\/mental-health\/understanding-suicide-prevention-and-the-988-crisis-lifeline-pillar-health-2025\/","title":{"rendered":"Comprender la prevenci\u00f3n del suicidio y la l\u00ednea de ayuda para crisis 988 | Pillar Health 2025"},"content":{"rendered":"<div class=\"fusion-fullwidth fullwidth-box fusion-builder-row-1 fusion-flex-container nonhundred-percent-fullwidth non-hundred-percent-height-scrolling\" style=\"--awb-border-radius-top-left:0px;--awb-border-radius-top-right:0px;--awb-border-radius-bottom-right:0px;--awb-border-radius-bottom-left:0px;--awb-flex-wrap:wrap;\" ><div class=\"fusion-builder-row fusion-row fusion-flex-align-items-flex-start fusion-flex-content-wrap\" style=\"max-width:1456px;margin-left: calc(-4% \/ 2 );margin-right: calc(-4% \/ 2 );\"><div class=\"fusion-layout-column fusion_builder_column fusion-builder-column-0 fusion_builder_column_2_3 2_3 fusion-flex-column\" style=\"--awb-bg-size:cover;--awb-width-large:66.666666666667%;--awb-margin-top-large:0px;--awb-spacing-right-large:2.88%;--awb-margin-bottom-large:20px;--awb-spacing-left-large:2.88%;--awb-width-medium:66.666666666667%;--awb-order-medium:0;--awb-spacing-right-medium:2.88%;--awb-spacing-left-medium:2.88%;--awb-width-small:100%;--awb-order-small:0;--awb-spacing-right-small:1.92%;--awb-spacing-left-small:1.92%;\"><div class=\"fusion-column-wrapper fusion-column-has-shadow fusion-flex-justify-content-flex-start fusion-content-layout-column\"><div class=\"fusion-image-element\" style=\"--awb-margin-top:30px;--awb-margin-bottom:30px;--awb-caption-title-font-family:var(--h2_typography-font-family);--awb-caption-title-font-weight:var(--h2_typography-font-weight);--awb-caption-title-font-style:var(--h2_typography-font-style);--awb-caption-title-size:var(--h2_typography-font-size);--awb-caption-title-transform:var(--h2_typography-text-transform);--awb-caption-title-line-height:var(--h2_typography-line-height);--awb-caption-title-letter-spacing:var(--h2_typography-letter-spacing);\"><span class=\"fusion-imageframe imageframe-none imageframe-1 hover-type-none\"><img decoding=\"async\" width=\"1600\" height=\"840\" alt=\"Pillar Suicidemonth Destacado\" title=\"Pillar Suicidemonth Destacado\" src=\"https:\/\/www.pillarhealthcare.org\/wp-content\/uploads\/2025\/09\/Pillar-SuicideMonth_Featured.png\" data-orig-src=\"https:\/\/www.pillarhealthcare.org\/wp-content\/uploads\/2025\/09\/Pillar-SuicideMonth_Featured.png\" class=\"lazyload img-responsive wp-image-23317\" srcset=\"data:image\/svg+xml,%3Csvg%20xmlns%3D%27http%3A%2F%2Fwww.w3.org%2F2000%2Fsvg%27%20width%3D%271600%27%20height%3D%27840%27%20viewBox%3D%270%200%201600%20840%27%3E%3Crect%20width%3D%271600%27%20height%3D%27840%27%20fill-opacity%3D%220%22%2F%3E%3C%2Fsvg%3E\" data-srcset=\"https:\/\/www.pillarhealthcare.org\/wp-content\/uploads\/2025\/09\/Pillar-SuicideMonth_Featured-200x105.png 200w, https:\/\/www.pillarhealthcare.org\/wp-content\/uploads\/2025\/09\/Pillar-SuicideMonth_Featured-400x210.png 400w, https:\/\/www.pillarhealthcare.org\/wp-content\/uploads\/2025\/09\/Pillar-SuicideMonth_Featured-600x315.png 600w, https:\/\/www.pillarhealthcare.org\/wp-content\/uploads\/2025\/09\/Pillar-SuicideMonth_Featured-800x420.png 800w, https:\/\/www.pillarhealthcare.org\/wp-content\/uploads\/2025\/09\/Pillar-SuicideMonth_Featured-1200x630.png 1200w, https:\/\/www.pillarhealthcare.org\/wp-content\/uploads\/2025\/09\/Pillar-SuicideMonth_Featured.png 1600w\" data-sizes=\"auto\" data-orig-sizes=\"(max-width: 835px) 100vw, 1200px\" \/><\/span><\/div><div class=\"fusion-text fusion-text-1\"><div class=\"vc_custom_1683730290311\">\n<h3>Comprender la prevenci\u00f3n del suicidio y la l\u00ednea de ayuda para crisis 988<\/h3>\n<div id=\"text-block-3\" class=\"mk-text-block\">\n<h4>Juntos en fuerza, dignidad, esperanza y prop\u00f3sito<\/h4>\n<p><span style=\"font-weight: 400;\">En Pillar Health y Kenosha Community Health Center, nuestra misi\u00f3n va m\u00e1s all\u00e1 de la salud f\u00edsica y se extiende al apoyo del bienestar mental y emocional de cada individuo de nuestra comunidad. Cada septiembre, el <\/span><a href=\"https:\/\/www.samhsa.gov\/about\/digital-toolkits\/suicide-prevention-month\" target=\"_blank\" rel=\"noopener\"><span style=\"font-weight: 400;\">Mes de la prevenci\u00f3n del suicidio<\/span><\/a><span style=\"font-weight: 400;\"> nos recuerda tanto la urgencia de este problema de salud p\u00fablica como la importancia de la esperanza, la resiliencia y la conexi\u00f3n.<\/span><\/p>\n<p><span style=\"font-weight: 400;\">El tema de este a\u00f1o, Juntos en fortaleza, dignidad, esperanza y prop\u00f3sito, subraya el poder de la comunidad en la prevenci\u00f3n del suicidio. Tambi\u00e9n destaca el papel fundamental de los recursos accesibles, como la l\u00ednea de ayuda 988 para suicidios y crisis, un sistema de apoyo nacional que ofrece asistencia inmediata y confidencial a cualquier persona que experimente angustia emocional.<\/span><\/p>\n<\/div>\n<\/div>\n<\/div><div class=\"fusion-separator fusion-full-width-sep\" style=\"align-self: center;margin-left: auto;margin-right: auto;margin-top:10px;margin-bottom:0px;width:100%;\"><div class=\"fusion-separator-border sep-single sep-solid\" style=\"--awb-height:20px;--awb-amount:20px;border-color:var(--awb-color4);border-top-width:1px;\"><\/div><\/div><div class=\"fusion-text fusion-text-2\"><div class=\"vc_custom_1683730290311\">\n<div id=\"text-block-3\" class=\"mk-text-block\">\n<h5>El suicidio en Wisconsin: la urgente necesidad de apoyo<\/h5>\n<p><span style=\"font-weight: 400;\">El suicidio sigue siendo un problema grave y creciente en Wisconsin. Seg\u00fan el Departamento de Servicios de Salud de Wisconsin:<\/span><\/p>\n<ul>\n<li style=\"font-weight: 400;\" aria-level=\"1\"><span style=\"font-weight: 400;\">En 2022, <\/span><b>924 habitantes de Wisconsin murieron por suicidio<\/b><span style=\"font-weight: 400;\">, lo que supone una tasa ajustada por edad de <\/span><b>15,1 por 100.000<\/b><span style=\"font-weight: 400;\">-a <\/span><b>34% aumento<\/b><span style=\"font-weight: 400;\"> en comparaci\u00f3n con dos d\u00e9cadas antes.<\/span><span style=\"font-weight: 400;\"><br \/>\n<\/span><\/li>\n<li style=\"font-weight: 400;\" aria-level=\"1\"><span style=\"font-weight: 400;\">Las armas de fuego eran el m\u00e9todo principal, implicado en <\/span><b>57% de suicidios<\/b><span style=\"font-weight: 400;\">e inventando <\/span><b>64% de todas las muertes por arma de fuego en el estado<\/b><span style=\"font-weight: 400;\">.<\/span><\/li>\n<li style=\"font-weight: 400;\" aria-level=\"1\"><span style=\"font-weight: 400;\">En 2023, los informes preliminares muestran al menos <b>916 muertes por suicidio<\/b>Cada uno de ellos afecta profundamente a familias, amigos y comunidades enteras. Se calcula que por cada suicidio, <b>135 personas<\/b> se ven afectados, lo que significa que m\u00e1s de <b>125.000 habitantes de Wisconsin<\/b> se vieron directamente afectados por el duelo y el trauma del suicidio s\u00f3lo en 2023.<\/span><\/li>\n<\/ul>\n<\/div>\n<\/div>\n<\/div><div class=\"fusion-separator fusion-full-width-sep\" style=\"align-self: center;margin-left: auto;margin-right: auto;margin-top:10px;margin-bottom:0px;width:100%;\"><div class=\"fusion-separator-border sep-single sep-solid\" style=\"--awb-height:20px;--awb-amount:20px;border-color:var(--awb-color4);border-top-width:1px;\"><\/div><\/div><div class=\"fusion-text fusion-text-3 fusion-text-no-margin\" style=\"--awb-margin-bottom:10px;\"><div class=\"vc_custom_1683730290311\">\n<div id=\"text-block-3\" class=\"mk-text-block\">\n<h5>\u00bfQui\u00e9nes corren mayor riesgo?<\/h5>\n<p><span style=\"font-weight: 400;\">Ciertos grupos de Wisconsin se enfrentan a una mayor vulnerabilidad:<\/span><\/p>\n<ul>\n<li><b>Los residentes rurales,<\/b><span style=\"font-weight: 400;\">que a menudo experimentan un mayor aislamiento y un acceso reducido a la atenci\u00f3n sanitaria.<\/span><span style=\"font-weight: 400;\"><br \/>\n<\/span><\/li>\n<li><b>Los adultos mayores<\/b><span style=\"font-weight: 400;\">con datos que muestran <\/span><b>184 habitantes de Wisconsin mayores de 65 a\u00f1os<\/b><span style=\"font-weight: 400;\"> o m\u00e1s murieron por suicidio en 2023, una tasa casi <\/span><b>el doble de la media estatal<\/b><span style=\"font-weight: 400;\">.<\/span><span style=\"font-weight: 400;\"><br \/>\n<\/span><\/li>\n<li><b>Las comunidades de ind\u00edgenas americanos\/nativos de Alaska y los habitantes negros de Wisconsin<\/b><span style=\"font-weight: 400;\"> y <\/span><b>Negros de Wisconsin<\/b><span style=\"font-weight: 400;\">, que experimentan barreras sist\u00e9micas \u00fanicas para acceder a la atenci\u00f3n sanitaria y factores de riesgo desproporcionadamente m\u00e1s elevados, como las dificultades econ\u00f3micas y el acceso limitado a los servicios de salud mental.<\/span><span style=\"font-weight: 400;\"><br \/>\n<\/span><\/li>\n<li><b>Los j\u00f3venes y adultos j\u00f3venes (de 10 a 24 a\u00f1os)<\/b><span style=\"font-weight: 400;\">, para quienes el suicidio sigue siendo la <\/span><b>segunda causa de muerte<\/b><span style=\"font-weight: 400;\"> en Wisconsin. Entre 2000 y 2018, la tasa de suicidio juvenil aument\u00f3 de 6,8 a 10,7 por cada 100 000 habitantes. Entre los factores de riesgo se incluyen los trastornos de salud mental no tratados, el acoso escolar, el estr\u00e9s familiar, el consumo de sustancias y el acceso a armas de fuego. Es alarmante que las armas de fuego estuvieran presentes en el <\/span><b>39% de suicidios entre 10 y 14 a\u00f1os<\/b><span style=\"font-weight: 400;\"> y <\/span><b>55% entre 15 y 24 a\u00f1os<\/b><span style=\"font-weight: 400;\">.<\/span><\/li>\n<\/ul>\n<\/div>\n<\/div>\n<\/div><div class=\"fusion-separator fusion-full-width-sep\" style=\"align-self: center;margin-left: auto;margin-right: auto;margin-top:25px;margin-bottom:0px;width:100%;\"><div class=\"fusion-separator-border sep-single sep-solid\" style=\"--awb-height:20px;--awb-amount:20px;border-color:var(--awb-color4);border-top-width:1px;\"><\/div><\/div><div class=\"fusion-text fusion-text-4 fusion-text-no-margin\" style=\"--awb-margin-bottom:10px;\"><div class=\"vc_custom_1683730290311\">\n<div id=\"text-block-3\" class=\"mk-text-block\">\n<h5>Contexto y tendencias nacionales<\/h5>\n<p><span style=\"font-weight: 400;\">Los retos de Wisconsin reflejan una crisis nacional:<\/span><\/p>\n<ul>\n<li style=\"font-weight: 400;\" aria-level=\"1\"><span style=\"font-weight: 400;\">En 2023, m\u00e1s de <\/span><b>49.000 estadounidenses murieron por suicidio<\/b><span style=\"font-weight: 400;\">mientras que <\/span><b>12,8 millones de adultos consideraron seriamente el suicidio<\/b><span style=\"font-weight: 400;\">, <\/span><b>3,8 millones hicieron un plan<\/b><span style=\"font-weight: 400;\">, y <\/span><b>1,5 millones de intentos<\/b><span style=\"font-weight: 400;\">.<\/span><\/li>\n<li style=\"font-weight: 400;\" aria-level=\"1\"><span style=\"font-weight: 400;\">Entre los j\u00f3venes, hay signos alentadores: ideas e intentos de suicidio <b>declin\u00f3<\/b> entre 2021 y 2024. Los episodios depresivos mayores entre los adolescentes descendieron de 20,8% a <b>15.4%<\/b>y los intentos de suicidio descendieron de 3,6% a <b>2.7%<\/b>. Estos avances ponen de relieve el valor de la prevenci\u00f3n, el acceso al tratamiento y la concienciaci\u00f3n p\u00fablica.<\/span><\/li>\n<\/ul>\n<\/div>\n<\/div>\n<\/div><div class=\"fusion-separator fusion-full-width-sep\" style=\"align-self: center;margin-left: auto;margin-right: auto;margin-top:25px;margin-bottom:0px;width:100%;\"><div class=\"fusion-separator-border sep-single sep-solid\" style=\"--awb-height:20px;--awb-amount:20px;border-color:var(--awb-color4);border-top-width:1px;\"><\/div><\/div><div class=\"fusion-text fusion-text-5 fusion-text-no-margin\" style=\"--awb-margin-bottom:10px;\"><div class=\"vc_custom_1683730290311\">\n<div id=\"text-block-3\" class=\"mk-text-block\">\n<h5>El papel de la l\u00ednea de ayuda 988 para suicidios y crisis<\/h5>\n<p><span style=\"font-weight: 400;\">Lanzada en 2022, la l\u00ednea <\/span><b>988<\/b><span style=\"font-weight: 400;\"> ha transformado el acceso a los servicios de crisis de salud mental al ofrecer un n\u00famero sencillo de tres d\u00edgitos que funciona como el 911, pero para emergencias emocionales y de salud mental.<\/span><\/p>\n<p><strong>Qu\u00e9 sucede cuando se llama, se env\u00eda un mensaje de texto o se chatea al 988:<\/strong><\/p>\n<ol>\n<li style=\"font-weight: 400;\" aria-level=\"1\"><b>Saludo inicial<\/b><span style=\"font-weight: 400;\"> - escuchar\u00e1 un mensaje automatizado. Los <\/span><b>veteranos<\/b><span style=\"font-weight: 400;\"> pueden pulsar 1 para obtener asistencia especializada.<\/span><span style=\"font-weight: 400;\"><br \/>\n<\/span><\/li>\n<li style=\"font-weight: 400;\" aria-level=\"1\"><b>Conexi\u00f3n local<\/b><span style=\"font-weight: 400;\"> - las llamadas se desv\u00edan por c\u00f3digo de \u00e1rea y c\u00f3digo postal al centro de crisis m\u00e1s cercano.<\/span><\/li>\n<li style=\"font-weight: 400;\" aria-level=\"1\"><span style=\"font-weight: 400;\"><b>Asistencia en directo<\/b> - un asesor cualificado le escuchar\u00e1, le ofrecer\u00e1 orientaci\u00f3n y le pondr\u00e1 en contacto con los recursos adecuados.<\/span><\/li>\n<\/ol>\n<p><strong>Los servicios del 988 son:<\/strong><\/p>\n<ul>\n<li style=\"font-weight: 400;\" aria-level=\"1\">Gratuitos y confidenciales<\/li>\n<li style=\"font-weight: 400;\" aria-level=\"1\">Disponibles las 24 horas del d\u00eda, los 7 d\u00edas de la semana<\/li>\n<li style=\"font-weight: 400;\" aria-level=\"1\">Accesible en varios idiomas<\/li>\n<li style=\"font-weight: 400;\" aria-level=\"1\">Inclusivo para personas sordas y con dificultades auditivas<b><br \/>\n<\/b><\/li>\n<\/ul>\n<p><b>Nueva opci\u00f3n Pulse 3: <\/b><span style=\"font-weight: 400;\">Este a\u00f1o, SAMHSA ampli\u00f3 el 988 para incluir una opci\u00f3n <\/span><b>\"Pulse 3\"<\/b><span style=\"font-weight: 400;\"> de <\/span><b>apoyo especializado para j\u00f3venes y adultos LGBTQ+<\/b><span style=\"font-weight: 400;\">, reconociendo los factores de riesgo \u00fanicos a los que se enfrentan estas poblaciones.<\/span><\/p>\n<\/div>\n<\/div>\n<\/div><div class=\"fusion-separator fusion-full-width-sep\" style=\"align-self: center;margin-left: auto;margin-right: auto;margin-top:10px;margin-bottom:0px;width:100%;\"><div class=\"fusion-separator-border sep-single sep-solid\" style=\"--awb-height:20px;--awb-amount:20px;border-color:var(--awb-color4);border-top-width:1px;\"><\/div><\/div><div class=\"fusion-text fusion-text-6 fusion-text-no-margin\" style=\"--awb-margin-bottom:30px;\"><div class=\"vc_custom_1683730290311\">\n<div id=\"text-block-3\" class=\"mk-text-block\">\n<h5>No est\u00e1s solo<\/h5>\n<p><span style=\"font-weight: 400;\">Si t\u00fa o alguien que conoces est\u00e1 luchando contra pensamientos suicidas:<\/span><\/p>\n<ul>\n<li style=\"font-weight: 400;\" aria-level=\"1\"><b>Llame o env\u00ede un mensaje de texto al 988<\/b><span style=\"font-weight: 400;\"> para obtener ayuda inmediata.<\/span><span style=\"font-weight: 400;\"><br \/>\n<\/span><\/li>\n<li style=\"font-weight: 400;\" aria-level=\"1\"><b>Utilice la opci\u00f3n Lifeline Chat<\/b><span style=\"font-weight: 400;\"> en 988lifeline.org.<\/span><span style=\"font-weight: 400;\"><br \/>\n<\/span><\/li>\n<li style=\"font-weight: 400;\" aria-level=\"1\"><span style=\"font-weight: 400;\">Para recibir atenci\u00f3n continua, Pillar Health y Kenosha Community Health Center est\u00e1n aqu\u00ed para ayudarle. Llame al <b>262-771-0070<\/b> para ponerse en contacto con nuestro compasivo equipo de salud mental.<\/span><\/li>\n<\/ul>\n<p><span style=\"font-weight: 400;\">En Pillar Health, creemos que la curaci\u00f3n es posible, que la recuperaci\u00f3n es personal y que la resiliencia se fortalece cuando las personas se sienten escuchadas. El suicidio se puede prevenir y juntos podemos marcar la diferencia.<\/span><\/p>\n<\/div>\n<\/div>\n<\/div><\/div><\/div><div class=\"fusion-layout-column fusion_builder_column fusion-builder-column-1 fusion_builder_column_1_3 1_3 fusion-flex-column\" style=\"--awb-padding-top:5%;--awb-padding-right:5%;--awb-padding-bottom:5%;--awb-padding-left:5%;--awb-bg-color:#ededed;--awb-bg-color-hover:#ededed;--awb-bg-size:cover;--awb-width-large:33.333333333333%;--awb-margin-top-large:30px;--awb-spacing-right-large:5.76%;--awb-margin-bottom-large:20px;--awb-spacing-left-large:5.76%;--awb-width-medium:33.333333333333%;--awb-order-medium:0;--awb-spacing-right-medium:5.76%;--awb-spacing-left-medium:5.76%;--awb-width-small:100%;--awb-order-small:0;--awb-spacing-right-small:1.92%;--awb-spacing-left-small:1.92%;\" data-scroll-devices=\"small-visibility,medium-visibility,large-visibility\"><div class=\"fusion-column-wrapper fusion-column-has-shadow fusion-flex-justify-content-flex-start fusion-content-layout-column\"><div class=\"fusion-image-element\" style=\"--awb-caption-title-font-family:var(--h2_typography-font-family);--awb-caption-title-font-weight:var(--h2_typography-font-weight);--awb-caption-title-font-style:var(--h2_typography-font-style);--awb-caption-title-size:var(--h2_typography-font-size);--awb-caption-title-transform:var(--h2_typography-text-transform);--awb-caption-title-line-height:var(--h2_typography-line-height);--awb-caption-title-letter-spacing:var(--h2_typography-letter-spacing);\"><span class=\"fusion-imageframe imageframe-none imageframe-2 hover-type-none\"><img decoding=\"async\" width=\"1200\" height=\"1200\" alt=\"Semana 3b\" title=\"Semana 3b\" src=\"https:\/\/www.pillarhealthcare.org\/wp-content\/uploads\/2025\/09\/spm-2025-week-3-post-2.jpg\" data-orig-src=\"https:\/\/www.pillarhealthcare.org\/wp-content\/uploads\/2025\/09\/spm-2025-week-3-post-2.jpg\" class=\"lazyload img-responsive wp-image-23325\" srcset=\"data:image\/svg+xml,%3Csvg%20xmlns%3D%27http%3A%2F%2Fwww.w3.org%2F2000%2Fsvg%27%20width%3D%271200%27%20height%3D%271200%27%20viewBox%3D%270%200%201200%201200%27%3E%3Crect%20width%3D%271200%27%20height%3D%271200%27%20fill-opacity%3D%220%22%2F%3E%3C%2Fsvg%3E\" data-srcset=\"https:\/\/www.pillarhealthcare.org\/wp-content\/uploads\/2025\/09\/spm-2025-week-3-post-2-200x200.jpg 200w, https:\/\/www.pillarhealthcare.org\/wp-content\/uploads\/2025\/09\/spm-2025-week-3-post-2-400x400.jpg 400w, https:\/\/www.pillarhealthcare.org\/wp-content\/uploads\/2025\/09\/spm-2025-week-3-post-2-600x600.jpg 600w, https:\/\/www.pillarhealthcare.org\/wp-content\/uploads\/2025\/09\/spm-2025-week-3-post-2-800x800.jpg 800w, https:\/\/www.pillarhealthcare.org\/wp-content\/uploads\/2025\/09\/spm-2025-week-3-post-2.jpg 1200w\" data-sizes=\"auto\" data-orig-sizes=\"(max-width: 835px) 100vw, 400px\" \/><\/span><\/div><div class=\"fusion-text fusion-text-7 fusion-text-no-margin\" style=\"--awb-font-size:35px;--awb-line-height:1.2;--awb-letter-spacing:var(--awb-typography1-letter-spacing);--awb-text-transform:var(--awb-typography1-text-transform);--awb-text-color:var(--awb-custom_color_1);--awb-margin-top:20px;--awb-margin-bottom:0px;--awb-text-font-family:&quot;Rubik&quot;;--awb-text-font-style:normal;--awb-text-font-weight:500;\"><p><strong>Construyendo esperanza a trav\u00e9s de la comunidad y la conexi\u00f3n<\/strong><\/p>\n<\/div><div class=\"fusion-text fusion-text-8 fusion-text-no-margin\" style=\"--awb-margin-top:20px;--awb-margin-bottom:10px;\"><p><span style=\"font-weight: 400;\">La prevenci\u00f3n del suicidio no solo consiste en la intervenci\u00f3n en casos de crisis, sino tambi\u00e9n en fomentar una cultura de comprensi\u00f3n, dignidad y atenci\u00f3n proactiva.<\/span><\/p>\n<ul>\n<li style=\"font-weight: 400;\" aria-level=\"1\"><b>Semana 1: Comprender el riesgo<\/b><span style=\"font-weight: 400;\"> - el suicidio es complejo y est\u00e1 influenciado por muchos factores. Conocer las se\u00f1ales de alerta y aceptar el tratamiento puede salvar vidas.<\/span><span style=\"font-weight: 400;\"><br \/>\n<\/span><\/li>\n<li style=\"font-weight: 400;\" aria-level=\"1\"><b>Semana 2: Crear alianzas<\/b><span style=\"font-weight: 400;\"> - la colaboraci\u00f3n de la comunidad, especialmente las iniciativas dirigidas por pares, reduce el estigma y aumenta la conexi\u00f3n.<\/span><span style=\"font-weight: 400;\"><br \/>\n<\/span><\/li>\n<li style=\"font-weight: 400;\" aria-level=\"1\"><b>Semana 3: Mejorar la atenci\u00f3n<\/b><span style=\"font-weight: 400;\"> - las v\u00edas claras hacia el tratamiento y el seguimiento continuo generan confianza y fortalecen la recuperaci\u00f3n a largo plazo.<\/span><\/li>\n<li style=\"font-weight: 400;\" aria-level=\"1\"><span style=\"font-weight: 400;\"><b>Semana 4: Promoci\u00f3n de la dignidad a trav\u00e9s de la conexi\u00f3n<\/b> - las personas con experiencia vivida aportan una perspectiva invaluable que impulsa un cambio significativo y previene el aislamiento.<\/span><\/li>\n<\/ul>\n<\/div><div class=\"fusion-image-element\" style=\"--awb-caption-title-font-family:var(--h2_typography-font-family);--awb-caption-title-font-weight:var(--h2_typography-font-weight);--awb-caption-title-font-style:var(--h2_typography-font-style);--awb-caption-title-size:var(--h2_typography-font-size);--awb-caption-title-transform:var(--h2_typography-text-transform);--awb-caption-title-line-height:var(--h2_typography-line-height);--awb-caption-title-letter-spacing:var(--h2_typography-letter-spacing);\"><span class=\"fusion-imageframe imageframe-none imageframe-3 hover-type-none\"><img decoding=\"async\" width=\"1200\" height=\"1200\" alt=\"Spm 2025 Semana 1 Puesto 1\" title=\"Spm 2025 Semana 1 Puesto 1\" src=\"https:\/\/www.pillarhealthcare.org\/wp-content\/uploads\/2025\/09\/spm-2025-week-1-post-1.jpg\" data-orig-src=\"https:\/\/www.pillarhealthcare.org\/wp-content\/uploads\/2025\/09\/spm-2025-week-1-post-1.jpg\" class=\"lazyload img-responsive wp-image-23326\" srcset=\"data:image\/svg+xml,%3Csvg%20xmlns%3D%27http%3A%2F%2Fwww.w3.org%2F2000%2Fsvg%27%20width%3D%271200%27%20height%3D%271200%27%20viewBox%3D%270%200%201200%201200%27%3E%3Crect%20width%3D%271200%27%20height%3D%271200%27%20fill-opacity%3D%220%22%2F%3E%3C%2Fsvg%3E\" data-srcset=\"https:\/\/www.pillarhealthcare.org\/wp-content\/uploads\/2025\/09\/spm-2025-week-1-post-1-200x200.jpg 200w, https:\/\/www.pillarhealthcare.org\/wp-content\/uploads\/2025\/09\/spm-2025-week-1-post-1-400x400.jpg 400w, https:\/\/www.pillarhealthcare.org\/wp-content\/uploads\/2025\/09\/spm-2025-week-1-post-1-600x600.jpg 600w, https:\/\/www.pillarhealthcare.org\/wp-content\/uploads\/2025\/09\/spm-2025-week-1-post-1-800x800.jpg 800w, https:\/\/www.pillarhealthcare.org\/wp-content\/uploads\/2025\/09\/spm-2025-week-1-post-1.jpg 1200w\" data-sizes=\"auto\" data-orig-sizes=\"(max-width: 835px) 100vw, 400px\" \/><\/span><\/div><\/div><\/div><\/div><\/div>","protected":false},"excerpt":{"rendered":"<p>En Pillar Health y Kenosha Community Health Center, nuestra misi\u00f3n va m\u00e1s all\u00e1 de la salud f\u00edsica para apoyar el bienestar mental y emocional de todas las personas de nuestra comunidad.<\/p>","protected":false},"author":1,"featured_media":0,"template":"","meta":{"_acf_changed":false,"footnotes":""},"tags":[199],"resources_type":[60],"class_list":["post-23316","resources","type-resources","status-publish","hentry","tag-homepage","resources_type-mental-health"],"acf":[],"acf_fields":{"card_image":{"ID":23318,"id":23318,"title":"Pilar Suicidemonte Cuadrado","filename":"Pillar-SuicideMonth_Square.png","filesize":45511,"url":"https:\/\/www.pillarhealthcare.org\/wp-content\/uploads\/2025\/09\/Pillar-SuicideMonth_Square.png","link":"https:\/\/www.pillarhealthcare.org\/es\/resources\/mental-health\/understanding-suicide-prevention-and-the-988-crisis-lifeline-pillar-health-2025\/pillar-suicidemonth_square\/","alt":"Pillar Suicidemonth Square","author":"1","description":"Pilar Suicidemonte Cuadrado","caption":"Pillar Suicidemonth Square","name":"pilar-suicidemonte_cuadrado","status":"inherit","uploaded_to":23316,"date":"2025-09-08 16:11:06","modified":"2025-09-08 16:11:06","menu_order":0,"mime_type":"image\/png","type":"image","subtype":"png","icon":"https:\/\/www.pillarhealthcare.org\/wp-includes\/images\/media\/default.png","width":600,"height":600,"sizes":{"thumbnail":"https:\/\/www.pillarhealthcare.org\/wp-content\/uploads\/2025\/09\/Pillar-SuicideMonth_Square-150x150.png","thumbnail-width":150,"thumbnail-height":150,"medium":"https:\/\/www.pillarhealthcare.org\/wp-content\/uploads\/2025\/09\/Pillar-SuicideMonth_Square-300x300.png","medium-width":300,"medium-height":300,"medium_large":"https:\/\/www.pillarhealthcare.org\/wp-content\/uploads\/2025\/09\/Pillar-SuicideMonth_Square.png","medium_large-width":600,"medium_large-height":600,"large":"https:\/\/www.pillarhealthcare.org\/wp-content\/uploads\/2025\/09\/Pillar-SuicideMonth_Square.png","large-width":600,"large-height":600,"1536x1536":"https:\/\/www.pillarhealthcare.org\/wp-content\/uploads\/2025\/09\/Pillar-SuicideMonth_Square.png","1536x1536-width":600,"1536x1536-height":600,"2048x2048":"https:\/\/www.pillarhealthcare.org\/wp-content\/uploads\/2025\/09\/Pillar-SuicideMonth_Square.png","2048x2048-width":600,"2048x2048-height":600,"trp-custom-language-flag":"https:\/\/www.pillarhealthcare.org\/wp-content\/uploads\/2025\/09\/Pillar-SuicideMonth_Square-12x12.png","trp-custom-language-flag-width":12,"trp-custom-language-flag-height":12,"blog-large":"https:\/\/www.pillarhealthcare.org\/wp-content\/uploads\/2025\/09\/Pillar-SuicideMonth_Square-600x272.png","blog-large-width":600,"blog-large-height":272,"blog-medium":"https:\/\/www.pillarhealthcare.org\/wp-content\/uploads\/2025\/09\/Pillar-SuicideMonth_Square-320x202.png","blog-medium-width":320,"blog-medium-height":202,"recent-posts":"https:\/\/www.pillarhealthcare.org\/wp-content\/uploads\/2025\/09\/Pillar-SuicideMonth_Square-600x441.png","recent-posts-width":600,"recent-posts-height":441,"recent-works-thumbnail":"https:\/\/www.pillarhealthcare.org\/wp-content\/uploads\/2025\/09\/Pillar-SuicideMonth_Square-66x66.png","recent-works-thumbnail-width":66,"recent-works-thumbnail-height":66,"fusion-200":"https:\/\/www.pillarhealthcare.org\/wp-content\/uploads\/2025\/09\/Pillar-SuicideMonth_Square-200x200.png","fusion-200-width":200,"fusion-200-height":200,"fusion-400":"https:\/\/www.pillarhealthcare.org\/wp-content\/uploads\/2025\/09\/Pillar-SuicideMonth_Square-400x400.png","fusion-400-width":400,"fusion-400-height":400,"fusion-600":"https:\/\/www.pillarhealthcare.org\/wp-content\/uploads\/2025\/09\/Pillar-SuicideMonth_Square.png","fusion-600-width":600,"fusion-600-height":600,"fusion-800":"https:\/\/www.pillarhealthcare.org\/wp-content\/uploads\/2025\/09\/Pillar-SuicideMonth_Square.png","fusion-800-width":600,"fusion-800-height":600,"fusion-1200":"https:\/\/www.pillarhealthcare.org\/wp-content\/uploads\/2025\/09\/Pillar-SuicideMonth_Square.png","fusion-1200-width":600,"fusion-1200-height":600,"gform-image-choice-sm":"https:\/\/www.pillarhealthcare.org\/wp-content\/uploads\/2025\/09\/Pillar-SuicideMonth_Square.png","gform-image-choice-sm-width":300,"gform-image-choice-sm-height":300,"gform-image-choice-md":"https:\/\/www.pillarhealthcare.org\/wp-content\/uploads\/2025\/09\/Pillar-SuicideMonth_Square.png","gform-image-choice-md-width":400,"gform-image-choice-md-height":400,"gform-image-choice-lg":"https:\/\/www.pillarhealthcare.org\/wp-content\/uploads\/2025\/09\/Pillar-SuicideMonth_Square.png","gform-image-choice-lg-width":600,"gform-image-choice-lg-height":600}},"card_image_shown":"1","featured_image":"0"},"featured_image_url":false,"author_name":"dooley","post_url":"https:\/\/www.pillarhealthcare.org\/es\/resources\/mental-health\/understanding-suicide-prevention-and-the-988-crisis-lifeline-pillar-health-2025\/","taxonomy_terms":{"post_tag":[{"name":"P\u00e1gina de inicio","slug":"homepage","id":199}],"resources_type":[{"name":"SALUD MENTAL","slug":"salud-mental","id":60}]},"_links":{"self":[{"href":"https:\/\/www.pillarhealthcare.org\/es\/wp-json\/wp\/v2\/resources\/23316","targetHints":{"allow":["GET"]}}],"collection":[{"href":"https:\/\/www.pillarhealthcare.org\/es\/wp-json\/wp\/v2\/resources"}],"about":[{"href":"https:\/\/www.pillarhealthcare.org\/es\/wp-json\/wp\/v2\/types\/resources"}],"author":[{"embeddable":true,"href":"https:\/\/www.pillarhealthcare.org\/es\/wp-json\/wp\/v2\/users\/1"}],"version-history":[{"count":11,"href":"https:\/\/www.pillarhealthcare.org\/es\/wp-json\/wp\/v2\/resources\/23316\/revisions"}],"predecessor-version":[{"id":23332,"href":"https:\/\/www.pillarhealthcare.org\/es\/wp-json\/wp\/v2\/resources\/23316\/revisions\/23332"}],"wp:attachment":[{"href":"https:\/\/www.pillarhealthcare.org\/es\/wp-json\/wp\/v2\/media?parent=23316"}],"wp:term":[{"taxonomy":"post_tag","embeddable":true,"href":"https:\/\/www.pillarhealthcare.org\/es\/wp-json\/wp\/v2\/tags?post=23316"},{"taxonomy":"resources_type","embeddable":true,"href":"https:\/\/www.pillarhealthcare.org\/es\/wp-json\/wp\/v2\/resources_type?post=23316"}],"curies":[{"name":"wp","href":"https:\/\/api.w.org\/{rel}","templated":true}]}}