{"id":23020,"date":"2025-06-25T16:23:42","date_gmt":"2025-06-25T21:23:42","guid":{"rendered":"https:\/\/www.pillarhealthcare.org\/resources\/\/\/"},"modified":"2025-06-26T11:35:13","modified_gmt":"2025-06-26T16:35:13","slug":"cancer-de-piel-seguridad-solar-por-tono-de-piel-2025","status":"publish","type":"resources","link":"https:\/\/www.pillarhealthcare.org\/es\/resources\/health-and-wellness\/skin-cancer-sun-safety-by-skin-tone-2025\/","title":{"rendered":"Prot\u00e9jase del sol: Concienciaci\u00f3n sobre los rayos UV y prevenci\u00f3n del c\u00e1ncer de piel"},"content":{"rendered":"<div class=\"fusion-fullwidth fullwidth-box fusion-builder-row-1 fusion-flex-container nonhundred-percent-fullwidth non-hundred-percent-height-scrolling\" style=\"--awb-border-radius-top-left:0px;--awb-border-radius-top-right:0px;--awb-border-radius-bottom-right:0px;--awb-border-radius-bottom-left:0px;--awb-flex-wrap:wrap;\" ><div class=\"fusion-builder-row fusion-row fusion-flex-align-items-flex-start fusion-flex-content-wrap\" style=\"max-width:1456px;margin-left: calc(-4% \/ 2 );margin-right: calc(-4% \/ 2 );\"><div class=\"fusion-layout-column fusion_builder_column fusion-builder-column-0 fusion_builder_column_2_3 2_3 fusion-flex-column\" style=\"--awb-bg-size:cover;--awb-width-large:66.666666666667%;--awb-margin-top-large:0px;--awb-spacing-right-large:2.88%;--awb-margin-bottom-large:20px;--awb-spacing-left-large:2.88%;--awb-width-medium:66.666666666667%;--awb-order-medium:0;--awb-spacing-right-medium:2.88%;--awb-spacing-left-medium:2.88%;--awb-width-small:100%;--awb-order-small:0;--awb-spacing-right-small:1.92%;--awb-spacing-left-small:1.92%;\"><div class=\"fusion-column-wrapper fusion-column-has-shadow fusion-flex-justify-content-flex-start fusion-content-layout-column\"><div class=\"fusion-image-element\" style=\"--awb-margin-top:30px;--awb-margin-bottom:30px;--awb-caption-title-font-family:var(--h2_typography-font-family);--awb-caption-title-font-weight:var(--h2_typography-font-weight);--awb-caption-title-font-style:var(--h2_typography-font-style);--awb-caption-title-size:var(--h2_typography-font-size);--awb-caption-title-transform:var(--h2_typography-text-transform);--awb-caption-title-line-height:var(--h2_typography-line-height);--awb-caption-title-letter-spacing:var(--h2_typography-letter-spacing);\"><span class=\"fusion-imageframe imageframe-none imageframe-1 hover-type-none\"><img decoding=\"async\" width=\"1920\" height=\"745\" alt=\"Pilar Uvblog Cabecera\" title=\"Pilar Uvblog Cabecera\" src=\"https:\/\/www.pillarhealthcare.org\/wp-content\/uploads\/2024\/07\/Pillar_UVBlog_Header.png\" data-orig-src=\"https:\/\/www.pillarhealthcare.org\/wp-content\/uploads\/2024\/07\/Pillar_UVBlog_Header.png\" class=\"lazyload img-responsive wp-image-21612\" srcset=\"data:image\/svg+xml,%3Csvg%20xmlns%3D%27http%3A%2F%2Fwww.w3.org%2F2000%2Fsvg%27%20width%3D%271920%27%20height%3D%27745%27%20viewBox%3D%270%200%201920%20745%27%3E%3Crect%20width%3D%271920%27%20height%3D%27745%27%20fill-opacity%3D%220%22%2F%3E%3C%2Fsvg%3E\" data-srcset=\"https:\/\/www.pillarhealthcare.org\/wp-content\/uploads\/2024\/07\/Pillar_UVBlog_Header-200x78.png 200w, https:\/\/www.pillarhealthcare.org\/wp-content\/uploads\/2024\/07\/Pillar_UVBlog_Header-400x155.png 400w, https:\/\/www.pillarhealthcare.org\/wp-content\/uploads\/2024\/07\/Pillar_UVBlog_Header-600x233.png 600w, https:\/\/www.pillarhealthcare.org\/wp-content\/uploads\/2024\/07\/Pillar_UVBlog_Header-800x310.png 800w, https:\/\/www.pillarhealthcare.org\/wp-content\/uploads\/2024\/07\/Pillar_UVBlog_Header-1200x466.png 1200w, https:\/\/www.pillarhealthcare.org\/wp-content\/uploads\/2024\/07\/Pillar_UVBlog_Header.png 1920w\" data-sizes=\"auto\" data-orig-sizes=\"(max-width: 835px) 100vw, 1200px\" \/><\/span><\/div><div class=\"fusion-text fusion-text-1\"><div class=\"vc_custom_1683730290311\">\n<h4>Julio es el Mes de la Seguridad UV: Pilar Health y el Centro de Salud Comunitario de Kenosha le recuerdan la importancia de proteger su piel del sol.<\/h4>\n<div id=\"text-block-3\" class=\"mk-text-block\">\n<p><span style=\"font-weight: 400;\">Con el verano en pleno apogeo, pasar tiempo al aire libre es parte de la diversi\u00f3n, pero tambi\u00e9n es cuando su piel est\u00e1 en mayor riesgo. Tanto si trabaja al aire libre como si disfruta de la playa o simplemente pasea al perro, unas sencillas medidas pueden ayudarle a prevenir da\u00f1os a largo plazo.<\/span><\/p>\n<p><span style=\"font-weight: 400;\">El c\u00e1ncer de piel sigue siendo el m\u00e1s frecuente en todo el mundo, y los nuevos casos han aumentado aproximadamente un <\/span><b>42% en la \u00faltima d\u00e9cada<\/b><span style=\"font-weight: 400;\"> , seg\u00fan la Skin Cancer Foundation y la American Cancer Society. S\u00f3lo en 2025, se espera que en Estados Unidos se diagnostiquen <\/span><b>104.960 nuevos casos de melanoma invasivo<\/b><span style=\"font-weight: 400;\">, que causar\u00e1n m\u00e1s de <\/span><b>8.400 muertes<\/b><span style=\"font-weight: 400;\">, seg\u00fan la Melanoma Research Alliance. A escala mundial, <\/span><b>m\u00e1s del 80% de los casos de melanoma se atribuyen a la radiaci\u00f3n ultravioleta (UV)<\/b><span style=\"font-weight: 400;\">, seg\u00fan datos del<\/span><a href=\"https:\/\/www.iarc.who.int\/\" target=\"_blank\" rel=\"noopener\"> <span style=\"font-weight: 400;\">Centro Internacional de Investigaciones sobre el C\u00e1ncer (CIIC) de la Organizaci\u00f3n Mundial de la Salud<\/span><\/a><span style=\"font-weight: 400;\"> y<\/span><a href=\"https:\/\/www.skcin.org\/\" target=\"_blank\" rel=\"noopener\"> <span style=\"font-weight: 400;\">Skcin<\/span><\/a><span style=\"font-weight: 400;\">.<\/span><\/p>\n<p><span style=\"font-weight: 400;\">Una preocupaci\u00f3n creciente es el <\/span><b>fuerte aumento del melanoma entre las mujeres menores de 50 a\u00f1os<\/b><span style=\"font-weight: 400;\">, una tendencia respaldada por estudios recientes cubiertos por Axios y la Skin Cancer Foundation. Aunque la concienciaci\u00f3n est\u00e1 mejorando, los esfuerzos de prevenci\u00f3n avanzan a un ritmo menor. Adem\u00e1s, una investigaci\u00f3n publicada en<\/span><a href=\"https:\/\/www.theguardian.com\/society\/2025\/may\/26\/men-and-women-getting-skin-cancer-in-different-parts-of-the-body-study\" target=\"_blank\" rel=\"noopener\"> <span style=\"font-weight: 400;\">The Guardian<\/span><\/a><span style=\"font-weight: 400;\"> ha puesto de relieve las <\/span><b>diferencias de g\u00e9nero en la localizaci\u00f3n de los melanomas<\/b><span style=\"font-weight: 400;\">: alrededor del <\/span><b>40% de los melanomas en los hombres<\/b><span style=\"font-weight: 400;\"> aparecen en el torso, mientras que el <\/span><b>35% de los melanomas en las mujeres<\/b><span style=\"font-weight: 400;\"> se encuentran en las piernas. Estas tendencias apuntan al papel del comportamiento, la exposici\u00f3n al sol y la elecci\u00f3n de la ropa en el riesgo de melanoma.<\/span><\/p>\n<\/div>\n<\/div>\n<\/div><div class=\"fusion-image-element\" style=\"--awb-caption-title-font-family:var(--h2_typography-font-family);--awb-caption-title-font-weight:var(--h2_typography-font-weight);--awb-caption-title-font-style:var(--h2_typography-font-style);--awb-caption-title-size:var(--h2_typography-font-size);--awb-caption-title-transform:var(--h2_typography-text-transform);--awb-caption-title-line-height:var(--h2_typography-line-height);--awb-caption-title-letter-spacing:var(--h2_typography-letter-spacing);\"><span class=\"fusion-imageframe imageframe-none imageframe-2 hover-type-none\"><img decoding=\"async\" width=\"1200\" height=\"556\" alt=\"Consejos de seguridad para el Sol de Pilar\" title=\"Consejos de seguridad para el Sol de Pilar\" src=\"https:\/\/www.pillarhealthcare.org\/wp-content\/uploads\/2024\/07\/Pillar_SunSafetyTips.png\" data-orig-src=\"https:\/\/www.pillarhealthcare.org\/wp-content\/uploads\/2024\/07\/Pillar_SunSafetyTips.png\" class=\"lazyload img-responsive wp-image-21616\" srcset=\"data:image\/svg+xml,%3Csvg%20xmlns%3D%27http%3A%2F%2Fwww.w3.org%2F2000%2Fsvg%27%20width%3D%271200%27%20height%3D%27556%27%20viewBox%3D%270%200%201200%20556%27%3E%3Crect%20width%3D%271200%27%20height%3D%27556%27%20fill-opacity%3D%220%22%2F%3E%3C%2Fsvg%3E\" data-srcset=\"https:\/\/www.pillarhealthcare.org\/wp-content\/uploads\/2024\/07\/Pillar_SunSafetyTips-200x93.png 200w, https:\/\/www.pillarhealthcare.org\/wp-content\/uploads\/2024\/07\/Pillar_SunSafetyTips-400x185.png 400w, https:\/\/www.pillarhealthcare.org\/wp-content\/uploads\/2024\/07\/Pillar_SunSafetyTips-600x278.png 600w, https:\/\/www.pillarhealthcare.org\/wp-content\/uploads\/2024\/07\/Pillar_SunSafetyTips-800x371.png 800w, https:\/\/www.pillarhealthcare.org\/wp-content\/uploads\/2024\/07\/Pillar_SunSafetyTips.png 1200w\" data-sizes=\"auto\" data-orig-sizes=\"(max-width: 835px) 100vw, 1200px\" \/><\/span><\/div><div class=\"fusion-separator fusion-full-width-sep\" style=\"align-self: center;margin-left: auto;margin-right: auto;margin-top:40px;margin-bottom:0px;width:100%;\"><div class=\"fusion-separator-border sep-single sep-solid\" style=\"--awb-height:20px;--awb-amount:20px;border-color:var(--awb-color4);border-top-width:1px;\"><\/div><\/div><div class=\"fusion-text fusion-text-2\"><div class=\"vc_custom_1683730290311\">\n<div id=\"text-block-3\" class=\"mk-text-block\">\n<h5>C\u00f3mo afectan el color de su piel y su herencia a la protecci\u00f3n solar<\/h5>\n<p><span style=\"font-weight: 400;\">Julio es el Mes de la Protecci\u00f3n Solar, y aunque todo el mundo necesita proteger su piel de los da\u00f1inos rayos UV, no todas las pieles responden al sol de la misma manera. El tono de tu piel y tu herencia pueden influir en tu vulnerabilidad al da\u00f1o solar y al c\u00e1ncer de piel. Esto es lo que debes saber en 2025:<\/span><\/p>\n<h6><b>Tono de piel y protecci\u00f3n solar:<\/b><\/h6>\n<p><b>Piel m\u00e1s clara:<\/b><span style=\"font-weight: 400;\"> Las personas con piel m\u00e1s clara tienen menos melanina, el pigmento que ofrece cierta protecci\u00f3n contra los rayos UV. Esto las hace m\u00e1s propensas a las quemaduras solares, el envejecimiento prematuro y un mayor riesgo de desarrollar c\u00e1ncer de piel. Si tienes la piel clara, es fundamental que utilices un <\/span><b>protector solar de amplio espectro con FPS 30 o superior<\/b><span style=\"font-weight: 400;\">, que lleves ropa que te proteja del sol, gafas de sol y que busques la sombra, especialmente entre las 10 de la ma\u00f1ana y las 4 de la tarde.<\/span><\/p>\n<p class=\"translation-block\"><b>Piel m\u00e1s oscura:<\/b><span style=\"font-weight: 400\"> Las personas con piel m\u00e1s oscura tienen m\u00e1s melanina, que proporciona <\/span><i><span style=\"font-weight: 400\">alguna<\/span><\/i><span style=\"font-weight: 400\">protecci\u00f3n natural, pero no la suficiente para evitar el da\u00f1o solar. Aunque el riesgo de quemaduras solares puede ser menor, <\/span><b>el c\u00e1ncer de piel puede seguir apareciendo<\/b><span style=\"font-weight: 400\"> y a menudo no se detecta hasta fases m\u00e1s avanzadas. Es importante utilizar protecci\u00f3n solar a diario, concentrarse en una aplicaci\u00f3n uniforme (especialmente alrededor de la nariz, los labios y las orejas) y vigilar los cambios sutiles de la piel.<\/span>.<\/p>\n<p><span style=\"font-weight: 400;\">Seg\u00fan la Skin Cancer Foundation, las tasas de supervivencia del melanoma en personas de piel m\u00e1s oscura son m\u00e1s bajas, en gran parte porque suele diagnosticarse m\u00e1s tarde.<\/span><\/p>\n<h6><b>Patrimonio y salud de la piel:<\/b><\/h6>\n<p><b>Antecedentes gen\u00e9ticos:<\/b><span style=\"font-weight: 400;\"> La ascendencia puede influir en la respuesta natural de la piel a la exposici\u00f3n solar. Las personas cuyas familias proceden de regiones cercanas al ecuador -como \u00c1frica, el Sudeste Asi\u00e1tico o Latinoam\u00e9rica- pueden tener una piel m\u00e1s adaptada a la luz solar. Sin embargo, esto no elimina la necesidad de protecci\u00f3n diaria. La exposici\u00f3n prolongada al sol puede provocar <\/span><b>arrugas, manchas oscuras y mayor riesgo de c\u00e1ncer<\/b><span style=\"font-weight: 400;\">.<\/span><\/p>\n<h6><b>Preocupaciones comunes por patrimonio:<\/b><\/h6>\n<ul>\n<li style=\"font-weight: 400;\" aria-level=\"1\"><span style=\"font-weight: 400;\">Individuos de <\/span><b>Descendencia europea<\/b><span style=\"font-weight: 400;\"> pueden ser m\u00e1s propensos a las quemaduras solares, las pecas y los primeros signos de da\u00f1o solar. <\/span><\/li>\n<li style=\"font-weight: 400;\" aria-level=\"1\">Los que tienen <b>Herencia africana, hispana o asi\u00e1tica<\/b> pueden ser m\u00e1s propensos a experimentar <b>hiperpigmentaci\u00f3n<\/b>, <b>queloides<\/b>, o <b>melanoma en zonas menos evidentes<\/b>como debajo de las u\u00f1as o en las plantas de los pies.<\/li>\n<\/ul>\n<\/div>\n<\/div>\n<\/div><div class=\"fusion-separator fusion-full-width-sep\" style=\"align-self: center;margin-left: auto;margin-right: auto;margin-top:40px;margin-bottom:0px;width:100%;\"><div class=\"fusion-separator-border sep-single sep-solid\" style=\"--awb-height:20px;--awb-amount:20px;border-color:var(--awb-color4);border-top-width:1px;\"><\/div><\/div><div class=\"fusion-text fusion-text-3\"><div class=\"vc_custom_1683730290311\">\n<div id=\"text-block-3\" class=\"mk-text-block\">\n<h5>Cu\u00e1ndo acudir al m\u00e9dico<\/h5>\n<p>Si nota algo diferente o preocupante en su piel, no espere. Pida cita porque un diagn\u00f3stico precoz puede mejorar significativamente los resultados. Pillar Health y Kenosha Community Health Center ofrecen evaluaciones completas de la piel, consultas m\u00e9dicas y derivaciones a especialistas para ayudar a identificar los problemas a tiempo y proporcionar una atenci\u00f3n personalizada.<\/p>\n<p><b>Si usted o un miembro de su familia necesita ver a un proveedor m\u00e9dico por favor ll\u00e1menos al 262-656-0044 para programar una cita.<\/b><\/p>\n<\/div>\n<\/div>\n<\/div><\/div><\/div><div class=\"fusion-layout-column fusion_builder_column fusion-builder-column-1 fusion_builder_column_1_3 1_3 fusion-flex-column\" style=\"--awb-padding-top:5%;--awb-padding-right:5%;--awb-padding-bottom:5%;--awb-padding-left:5%;--awb-bg-color:#ededed;--awb-bg-color-hover:#ededed;--awb-bg-size:cover;--awb-width-large:33.333333333333%;--awb-margin-top-large:30px;--awb-spacing-right-large:5.76%;--awb-margin-bottom-large:20px;--awb-spacing-left-large:5.76%;--awb-width-medium:33.333333333333%;--awb-order-medium:0;--awb-spacing-right-medium:5.76%;--awb-spacing-left-medium:5.76%;--awb-width-small:100%;--awb-order-small:0;--awb-spacing-right-small:1.92%;--awb-spacing-left-small:1.92%;\" data-scroll-devices=\"small-visibility,medium-visibility,large-visibility\"><div class=\"fusion-column-wrapper fusion-column-has-shadow fusion-flex-justify-content-flex-start fusion-content-layout-column\"><div class=\"fusion-text fusion-text-4 fusion-text-no-margin\" style=\"--awb-font-size:35px;--awb-line-height:1.2;--awb-letter-spacing:var(--awb-typography1-letter-spacing);--awb-text-transform:var(--awb-typography1-text-transform);--awb-text-color:var(--awb-custom_color_1);--awb-margin-top:0px;--awb-margin-bottom:10px;--awb-text-font-family:&quot;Rubik&quot;;--awb-text-font-style:normal;--awb-text-font-weight:500;\"><p>Lo que hay que tener en cuenta:<\/p>\n<\/div><div class=\"fusion-text fusion-text-5\" style=\"--awb-margin-top:10px;\"><p><span style=\"font-weight: 400;\">No importa el color de su piel, la detecci\u00f3n temprana es clave. La Academia Americana de Dermatolog\u00eda recomienda hacer auto chequeos mensuales y buscar:<\/span><\/p>\n<ul>\n<li style=\"font-weight: 400;\" aria-level=\"1\"><span style=\"font-weight: 400;\">Lunares o manchas nuevos o inusuales<\/span><span style=\"font-weight: 400;\"><br \/>\n<\/span><\/li>\n<li style=\"font-weight: 400;\" aria-level=\"1\"><span style=\"font-weight: 400;\">Cambios en el tama\u00f1o, la forma o el color de lunares existentes<\/span><span style=\"font-weight: 400;\"><br \/>\n<\/span><\/li>\n<li style=\"font-weight: 400;\" aria-level=\"1\"><span style=\"font-weight: 400;\">Llagas que no cicatrizan<\/span><span style=\"font-weight: 400;\"><br \/>\n<\/span><\/li>\n<li style=\"font-weight: 400;\" aria-level=\"1\"><span style=\"font-weight: 400;\">Picor, sensibilidad o sangrado persistentes<\/span><\/li>\n<li style=\"font-weight: 400;\" aria-level=\"1\"><span style=\"font-weight: 400;\">Manchas oscuras bajo las u\u00f1as (sobre todo en personas con tonos de piel m\u00e1s oscuros)<\/span><\/li>\n<\/ul>\n<\/div><div class=\"fusion-image-element\" style=\"--awb-margin-top:20px;--awb-caption-title-font-family:var(--h2_typography-font-family);--awb-caption-title-font-weight:var(--h2_typography-font-weight);--awb-caption-title-font-style:var(--h2_typography-font-style);--awb-caption-title-size:var(--h2_typography-font-size);--awb-caption-title-transform:var(--h2_typography-text-transform);--awb-caption-title-line-height:var(--h2_typography-line-height);--awb-caption-title-letter-spacing:var(--h2_typography-letter-spacing);\"><span class=\"fusion-imageframe imageframe-none imageframe-3 hover-type-none\"><img decoding=\"async\" width=\"1029\" height=\"1200\" alt=\"Gr\u00e1fico que muestra las opciones de tratamiento de las quemaduras solares\" title=\"Gr\u00e1fico que muestra las opciones de tratamiento de las quemaduras solares\" src=\"https:\/\/www.pillarhealthcare.org\/wp-content\/uploads\/2024\/07\/Pillar_SunburnTreatment-jpg.webp\" data-orig-src=\"https:\/\/www.pillarhealthcare.org\/wp-content\/uploads\/2024\/07\/Pillar_SunburnTreatment-jpg.webp\" class=\"lazyload img-responsive wp-image-21613\" srcset=\"data:image\/svg+xml,%3Csvg%20xmlns%3D%27http%3A%2F%2Fwww.w3.org%2F2000%2Fsvg%27%20width%3D%271029%27%20height%3D%271200%27%20viewBox%3D%270%200%201029%201200%27%3E%3Crect%20width%3D%271029%27%20height%3D%271200%27%20fill-opacity%3D%220%22%2F%3E%3C%2Fsvg%3E\" data-srcset=\"https:\/\/www.pillarhealthcare.org\/wp-content\/uploads\/2024\/07\/Pillar_SunburnTreatment-200x233.webp 200w, https:\/\/www.pillarhealthcare.org\/wp-content\/uploads\/2024\/07\/Pillar_SunburnTreatment-400x466.webp 400w, https:\/\/www.pillarhealthcare.org\/wp-content\/uploads\/2024\/07\/Pillar_SunburnTreatment-600x700.webp 600w, https:\/\/www.pillarhealthcare.org\/wp-content\/uploads\/2024\/07\/Pillar_SunburnTreatment-800x933.webp 800w, https:\/\/www.pillarhealthcare.org\/wp-content\/uploads\/2024\/07\/Pillar_SunburnTreatment-jpg.webp 1029w\" data-sizes=\"auto\" data-orig-sizes=\"(max-width: 835px) 100vw, 400px\" \/><\/span><\/div><\/div><\/div><\/div><\/div>","protected":false},"excerpt":{"rendered":"<p>Julio es el mes de la protecci\u00f3n solar y contra los rayos UV, y Pillar Health y Kenosha Community Health Center est\u00e1n aqu\u00ed para recordarle lo importante que es proteger su piel de los rayos da\u00f1inos del sol en el sureste de Wisconsin.<\/p>","protected":false},"author":1,"featured_media":0,"template":"","meta":{"_acf_changed":false,"footnotes":""},"tags":[199],"resources_type":[54,82],"class_list":["post-23020","resources","type-resources","status-publish","hentry","tag-homepage","resources_type-health-and-wellness","resources_type-skin-cancer"],"acf":[],"acf_fields":{"card_image":{"ID":21611,"id":21611,"title":"Pilar Tarjeta Uvblog","filename":"Pillar_UVBlog_Card.png","filesize":163398,"url":"https:\/\/www.pillarhealthcare.org\/wp-content\/uploads\/2024\/07\/Pillar_UVBlog_Card.png","link":"https:\/\/www.pillarhealthcare.org\/es\/resources\/skin-cancer\/stay-safe-under-the-sun-uv-sun-protection-month-tips-from-pillar-health-and-kchc\/pillar_uvblog_card\/","alt":"Pillar Uvblog Card","author":"1","description":"Pilar Tarjeta Uvblog","caption":"Pillar Uvblog Card","name":"pilar_uvblog_card","status":"inherit","uploaded_to":21609,"date":"2024-07-02 18:32:42","modified":"2024-07-02 18:32:42","menu_order":0,"mime_type":"image\/png","type":"image","subtype":"png","icon":"https:\/\/www.pillarhealthcare.org\/wp-includes\/images\/media\/default.png","width":1080,"height":1081,"sizes":{"thumbnail":"https:\/\/www.pillarhealthcare.org\/wp-content\/uploads\/2024\/07\/Pillar_UVBlog_Card-150x150.png","thumbnail-width":150,"thumbnail-height":150,"medium":"https:\/\/www.pillarhealthcare.org\/wp-content\/uploads\/2024\/07\/Pillar_UVBlog_Card-300x300.png","medium-width":300,"medium-height":300,"medium_large":"https:\/\/www.pillarhealthcare.org\/wp-content\/uploads\/2024\/07\/Pillar_UVBlog_Card-768x769.png","medium_large-width":768,"medium_large-height":769,"large":"https:\/\/www.pillarhealthcare.org\/wp-content\/uploads\/2024\/07\/Pillar_UVBlog_Card-1024x1024.png","large-width":1024,"large-height":1024,"1536x1536":"https:\/\/www.pillarhealthcare.org\/wp-content\/uploads\/2024\/07\/Pillar_UVBlog_Card.png","1536x1536-width":1080,"1536x1536-height":1081,"2048x2048":"https:\/\/www.pillarhealthcare.org\/wp-content\/uploads\/2024\/07\/Pillar_UVBlog_Card.png","2048x2048-width":1080,"2048x2048-height":1081,"trp-custom-language-flag":"https:\/\/www.pillarhealthcare.org\/wp-content\/uploads\/2024\/07\/Pillar_UVBlog_Card-12x12.png","trp-custom-language-flag-width":12,"trp-custom-language-flag-height":12,"blog-large":"https:\/\/www.pillarhealthcare.org\/wp-content\/uploads\/2024\/07\/Pillar_UVBlog_Card-669x272.png","blog-large-width":669,"blog-large-height":272,"blog-medium":"https:\/\/www.pillarhealthcare.org\/wp-content\/uploads\/2024\/07\/Pillar_UVBlog_Card-320x202.png","blog-medium-width":320,"blog-medium-height":202,"recent-posts":"https:\/\/www.pillarhealthcare.org\/wp-content\/uploads\/2024\/07\/Pillar_UVBlog_Card-700x441.png","recent-posts-width":700,"recent-posts-height":441,"recent-works-thumbnail":"https:\/\/www.pillarhealthcare.org\/wp-content\/uploads\/2024\/07\/Pillar_UVBlog_Card-66x66.png","recent-works-thumbnail-width":66,"recent-works-thumbnail-height":66,"fusion-200":"https:\/\/www.pillarhealthcare.org\/wp-content\/uploads\/2024\/07\/Pillar_UVBlog_Card-200x200.png","fusion-200-width":200,"fusion-200-height":200,"fusion-400":"https:\/\/www.pillarhealthcare.org\/wp-content\/uploads\/2024\/07\/Pillar_UVBlog_Card-400x400.png","fusion-400-width":400,"fusion-400-height":400,"fusion-600":"https:\/\/www.pillarhealthcare.org\/wp-content\/uploads\/2024\/07\/Pillar_UVBlog_Card-600x601.png","fusion-600-width":600,"fusion-600-height":601,"fusion-800":"https:\/\/www.pillarhealthcare.org\/wp-content\/uploads\/2024\/07\/Pillar_UVBlog_Card-800x801.png","fusion-800-width":800,"fusion-800-height":801,"fusion-1200":"https:\/\/www.pillarhealthcare.org\/wp-content\/uploads\/2024\/07\/Pillar_UVBlog_Card.png","fusion-1200-width":1080,"fusion-1200-height":1081,"gform-image-choice-sm":"https:\/\/www.pillarhealthcare.org\/wp-content\/uploads\/2024\/07\/Pillar_UVBlog_Card.png","gform-image-choice-sm-width":300,"gform-image-choice-sm-height":300,"gform-image-choice-md":"https:\/\/www.pillarhealthcare.org\/wp-content\/uploads\/2024\/07\/Pillar_UVBlog_Card.png","gform-image-choice-md-width":400,"gform-image-choice-md-height":400,"gform-image-choice-lg":"https:\/\/www.pillarhealthcare.org\/wp-content\/uploads\/2024\/07\/Pillar_UVBlog_Card.png","gform-image-choice-lg-width":600,"gform-image-choice-lg-height":600}},"card_image_shown":"1","featured_image":"0"},"featured_image_url":false,"author_name":"dooley","post_url":"https:\/\/www.pillarhealthcare.org\/es\/resources\/health-and-wellness\/skin-cancer-sun-safety-by-skin-tone-2025\/","taxonomy_terms":{"post_tag":[{"name":"P\u00e1gina de inicio","slug":"homepage","id":199}],"resources_type":[{"name":"SALUD Y BIENESTAR","slug":"salud-y-bienestar","id":54},{"name":"C\u00c1NCER DE PIEL","slug":"cancer-de-piel","id":82}]},"_links":{"self":[{"href":"https:\/\/www.pillarhealthcare.org\/es\/wp-json\/wp\/v2\/resources\/23020","targetHints":{"allow":["GET"]}}],"collection":[{"href":"https:\/\/www.pillarhealthcare.org\/es\/wp-json\/wp\/v2\/resources"}],"about":[{"href":"https:\/\/www.pillarhealthcare.org\/es\/wp-json\/wp\/v2\/types\/resources"}],"author":[{"embeddable":true,"href":"https:\/\/www.pillarhealthcare.org\/es\/wp-json\/wp\/v2\/users\/1"}],"version-history":[{"count":11,"href":"https:\/\/www.pillarhealthcare.org\/es\/wp-json\/wp\/v2\/resources\/23020\/revisions"}],"predecessor-version":[{"id":23035,"href":"https:\/\/www.pillarhealthcare.org\/es\/wp-json\/wp\/v2\/resources\/23020\/revisions\/23035"}],"wp:attachment":[{"href":"https:\/\/www.pillarhealthcare.org\/es\/wp-json\/wp\/v2\/media?parent=23020"}],"wp:term":[{"taxonomy":"post_tag","embeddable":true,"href":"https:\/\/www.pillarhealthcare.org\/es\/wp-json\/wp\/v2\/tags?post=23020"},{"taxonomy":"resources_type","embeddable":true,"href":"https:\/\/www.pillarhealthcare.org\/es\/wp-json\/wp\/v2\/resources_type?post=23020"}],"curies":[{"name":"wp","href":"https:\/\/api.w.org\/{rel}","templated":true}]}}