{"id":21877,"date":"2024-09-23T15:56:41","date_gmt":"2024-09-23T20:56:41","guid":{"rendered":"https:\/\/www.pillarhealthcare.org\/resources\/\/\/"},"modified":"2024-09-23T16:10:50","modified_gmt":"2024-09-23T21:10:50","slug":"celebracion-del-mes-de-la-herencia-hispana-en-honor-a-las-contribuciones-a-la-atencion-sanitaria","status":"publish","type":"resources","link":"https:\/\/www.pillarhealthcare.org\/es\/resources\/health-and-wellness\/celebrating-hispanic-heritage-month-honoring-contributions-to-health-care\/","title":{"rendered":"Mes de la Herencia Hispana: Homenaje a las contribuciones a la atenci\u00f3n sanitaria"},"content":{"rendered":"<div class=\"fusion-fullwidth fullwidth-box fusion-builder-row-1 fusion-flex-container nonhundred-percent-fullwidth non-hundred-percent-height-scrolling\" style=\"--awb-border-radius-top-left:0px;--awb-border-radius-top-right:0px;--awb-border-radius-bottom-right:0px;--awb-border-radius-bottom-left:0px;--awb-flex-wrap:wrap;\" ><div class=\"fusion-builder-row fusion-row fusion-flex-align-items-flex-start fusion-flex-content-wrap\" style=\"max-width:1456px;margin-left: calc(-4% \/ 2 );margin-right: calc(-4% \/ 2 );\"><div class=\"fusion-layout-column fusion_builder_column fusion-builder-column-0 fusion_builder_column_2_3 2_3 fusion-flex-column\" style=\"--awb-bg-size:cover;--awb-width-large:66.666666666667%;--awb-margin-top-large:0px;--awb-spacing-right-large:2.88%;--awb-margin-bottom-large:20px;--awb-spacing-left-large:2.88%;--awb-width-medium:66.666666666667%;--awb-order-medium:0;--awb-spacing-right-medium:2.88%;--awb-spacing-left-medium:2.88%;--awb-width-small:100%;--awb-order-small:0;--awb-spacing-right-small:1.92%;--awb-spacing-left-small:1.92%;\"><div class=\"fusion-column-wrapper fusion-column-has-shadow fusion-flex-justify-content-flex-start fusion-content-layout-column\"><div class=\"fusion-image-element\" style=\"--awb-margin-top:30px;--awb-margin-bottom:30px;--awb-caption-title-font-family:var(--h2_typography-font-family);--awb-caption-title-font-weight:var(--h2_typography-font-weight);--awb-caption-title-font-style:var(--h2_typography-font-style);--awb-caption-title-size:var(--h2_typography-font-size);--awb-caption-title-transform:var(--h2_typography-text-transform);--awb-caption-title-line-height:var(--h2_typography-line-height);--awb-caption-title-letter-spacing:var(--h2_typography-letter-spacing);\"><span class=\"fusion-imageframe imageframe-none imageframe-1 hover-type-none\"><img decoding=\"async\" width=\"1600\" height=\"840\" alt=\"Pilar Hhm Cabecera\" title=\"Pilar Hhm Cabecera\" src=\"https:\/\/www.pillarhealthcare.org\/wp-content\/uploads\/2024\/09\/Pillar-HHM_Header.png\" data-orig-src=\"https:\/\/www.pillarhealthcare.org\/wp-content\/uploads\/2024\/09\/Pillar-HHM_Header.png\" class=\"lazyload img-responsive wp-image-21878\" srcset=\"data:image\/svg+xml,%3Csvg%20xmlns%3D%27http%3A%2F%2Fwww.w3.org%2F2000%2Fsvg%27%20width%3D%271600%27%20height%3D%27840%27%20viewBox%3D%270%200%201600%20840%27%3E%3Crect%20width%3D%271600%27%20height%3D%27840%27%20fill-opacity%3D%220%22%2F%3E%3C%2Fsvg%3E\" data-srcset=\"https:\/\/www.pillarhealthcare.org\/wp-content\/uploads\/2024\/09\/Pillar-HHM_Header-200x105.png 200w, https:\/\/www.pillarhealthcare.org\/wp-content\/uploads\/2024\/09\/Pillar-HHM_Header-400x210.png 400w, https:\/\/www.pillarhealthcare.org\/wp-content\/uploads\/2024\/09\/Pillar-HHM_Header-600x315.png 600w, https:\/\/www.pillarhealthcare.org\/wp-content\/uploads\/2024\/09\/Pillar-HHM_Header-800x420.png 800w, https:\/\/www.pillarhealthcare.org\/wp-content\/uploads\/2024\/09\/Pillar-HHM_Header-1200x630.png 1200w, https:\/\/www.pillarhealthcare.org\/wp-content\/uploads\/2024\/09\/Pillar-HHM_Header.png 1600w\" data-sizes=\"auto\" data-orig-sizes=\"(max-width: 835px) 100vw, 1200px\" \/><\/span><\/div><div class=\"fusion-text fusion-text-1\"><div class=\"vc_custom_1683730290311\">\n<div id=\"text-block-3\" class=\"mk-text-block\">\n<h4><span style=\"font-weight: 400;\">Cada a\u00f1o, del 15 de septiembre al 15 de octubre, celebramos <\/span><a href=\"https:\/\/www.hispanicheritagemonth.gov\/\" target=\"_blank\" rel=\"noopener\"><b>Mes de la Herencia Hispana.<\/b><\/a><\/h4>\n<p><span style=\"font-weight: 400;\">Esta \u00e9poca es para reconocer la rica historia, cultura y contribuciones de las personas de origen hispano y latino. Muchas personas en Estados Unidos tienen antepasados de lugares como Espa\u00f1a, M\u00e9xico, Puerto Rico, Centroam\u00e9rica, el Caribe y Sudam\u00e9rica. De hecho, una de cada seis personas en Estados Unidos es hispana, y se espera que esta cifra aumente. En <\/span><b>Pilar Health<\/b><span style=\"font-weight: 400;\"> y <\/span><b>Kenosha Community Health Center (KCHC)<\/b><span style=\"font-weight: 400;\">Estamos orgullosos de servir a una comunidad diversa en el sureste de Wisconsin, y este mes es un buen momento para celebrar el impacto de los hispanos y latinos en la asistencia sanitaria.<\/span><\/p>\n<\/div>\n<\/div>\n<\/div><div class=\"fusion-separator fusion-full-width-sep\" style=\"align-self: center;margin-left: auto;margin-right: auto;margin-top:20px;margin-bottom:0px;width:100%;\"><div class=\"fusion-separator-border sep-single sep-solid\" style=\"--awb-height:20px;--awb-amount:20px;border-color:var(--awb-color4);border-top-width:1px;\"><\/div><\/div><div class=\"fusion-text fusion-text-2\"><div class=\"vc_custom_1683730290311\">\n<div id=\"text-block-3\" class=\"mk-text-block\">\n<h5>LOS PROFESIONALES SANITARIOS HISPANOS Y LATINOS HAN CONTRIBUIDO A GRANDES AVANCES EN MEDICINA Y SALUD<\/h5>\n<p><span style=\"font-weight: 400;\">He aqu\u00ed algunas personas importantes a las que rendimos homenaje por su labor en la sanidad:<\/span><\/p>\n<ol>\n<li style=\"font-weight: 400;\" aria-level=\"1\"><b>Dr. Luis Walter \u00c1lvarez<\/b><span style=\"font-weight: 400;\">: Gan\u00f3 el Premio Nobel de F\u00edsica en 1968 y ayud\u00f3 a desarrollar la m\u00e1quina utilizada para tratar el c\u00e1ncer con radiaci\u00f3n.<\/span><\/li>\n<li style=\"font-weight: 400;\" aria-level=\"1\"><b>Dr. Juan Carlos Finlay y de Barr\u00e9s<\/b><span style=\"font-weight: 400;\">: En 1881, fue el primero en sugerir que los mosquitos transmit\u00edan la fiebre amarilla, ayudando a comprender c\u00f3mo se transmiten las enfermedades.<\/span><\/li>\n<li style=\"font-weight: 400;\" aria-level=\"1\"><b>Dra. Antonia Novello<\/b><span style=\"font-weight: 400;\">: En 1990, la Dra. Novello se convirti\u00f3 en la primera mujer y la primera hispana en ocupar el cargo de Cirujana General de Estados Unidos, ayudando a orientar las decisiones en materia de salud p\u00fablica.<\/span><\/li>\n<li style=\"font-weight: 400;\" aria-level=\"1\"><b>Dr. Severo Ochoa<\/b><span style=\"font-weight: 400;\">: Gan\u00f3 el Premio Nobel de Medicina en 1959 por descubrir una enzima que ayuda a fabricar ARN, lo que supuso un gran paso en la comprensi\u00f3n del funcionamiento de los genes.<\/span><\/li>\n<li style=\"font-weight: 400;\" aria-level=\"1\"><b>Dr. Richard Carmona<\/b><span style=\"font-weight: 400;\">: Como Cirujano General de EE.UU., advirti\u00f3 de los peligros del humo ajeno, contribuyendo a proteger la salud p\u00fablica.<\/span><\/li>\n<li style=\"font-weight: 400;\" aria-level=\"1\"><b>Dra. Ana Mar\u00eda Cuervo<\/b><span style=\"font-weight: 400;\">: Sus investigaciones han ayudado a comprender enfermedades como el Alzheimer y el Parkinson.<\/span><\/li>\n<li style=\"font-weight: 400;\" aria-level=\"1\"><b>Dra. Gloria Ram\u00edrez-Gonz\u00e1lez<\/b><span style=\"font-weight: 400;\">: Ha trabajado para mejorar los cuidados de enfermer\u00eda a pacientes con enfermedades de larga duraci\u00f3n.<\/span><\/li>\n<li style=\"font-weight: 400;\" aria-level=\"1\"><b>Dra. Ana N\u00fa\u00f1ez<\/b><span style=\"font-weight: 400;\">: Es una doctora que ha ayudado a comprender por qu\u00e9 es importante que el personal sanitario entienda las distintas culturas.<\/span><\/li>\n<li style=\"font-weight: 400;\" aria-level=\"1\"><b>Dr. Luis H. Zayas<\/b><span style=\"font-weight: 400;\">: Se ha centrado en ayudar a los j\u00f3venes latinos y mejorar su atenci\u00f3n sanitaria mental.<\/span><\/li>\n<li style=\"font-weight: 400;\" aria-level=\"1\"><b>Dra. Serena Au\u00f1\u00f3n-Rectora<\/b><span style=\"font-weight: 400;\">: En 2018, se convirti\u00f3 en la primera m\u00e9dica hispana en ir al espacio, realizando importantes investigaciones en la Estaci\u00f3n Espacial Internacional.<\/span><\/li>\n<\/ol>\n<p><span style=\"font-weight: 400;\">Estos l\u00edderes sanitarios nos recuerdan por qu\u00e9 es tan importante la diversidad. Han hecho que la sanidad sea mejor para todos y son una inspiraci\u00f3n para todos nosotros.<\/span><\/p>\n<\/div>\n<\/div>\n<\/div><\/div><\/div><div class=\"fusion-layout-column fusion_builder_column fusion-builder-column-1 fusion_builder_column_1_3 1_3 fusion-flex-column\" style=\"--awb-padding-top:5%;--awb-padding-right:5%;--awb-padding-bottom:5%;--awb-padding-left:5%;--awb-bg-color:#ededed;--awb-bg-color-hover:#ededed;--awb-bg-size:cover;--awb-width-large:33.333333333333%;--awb-margin-top-large:30px;--awb-spacing-right-large:5.76%;--awb-margin-bottom-large:20px;--awb-spacing-left-large:5.76%;--awb-width-medium:33.333333333333%;--awb-order-medium:0;--awb-spacing-right-medium:5.76%;--awb-spacing-left-medium:5.76%;--awb-width-small:100%;--awb-order-small:0;--awb-spacing-right-small:1.92%;--awb-spacing-left-small:1.92%;\" data-scroll-devices=\"small-visibility,medium-visibility,large-visibility\"><div class=\"fusion-column-wrapper fusion-column-has-shadow fusion-flex-justify-content-flex-start fusion-content-layout-column\"><div class=\"fusion-text fusion-text-3 fusion-text-no-margin\" style=\"--awb-font-size:35px;--awb-line-height:var(--awb-typography1-line-height);--awb-letter-spacing:var(--awb-typography1-letter-spacing);--awb-text-transform:var(--awb-typography1-text-transform);--awb-text-color:var(--awb-color4);--awb-margin-top:0px;--awb-margin-bottom:10px;--awb-text-font-family:&quot;Rubik&quot;;--awb-text-font-style:normal;--awb-text-font-weight:500;\"><p>SEA LA FUENTE DE UNA MEJOR SALUD<\/p>\n<\/div><div class=\"fusion-separator fusion-full-width-sep\" style=\"align-self: center;margin-left: auto;margin-right: auto;margin-top:10px;margin-bottom:20px;width:100%;\"><div class=\"fusion-separator-border sep-single sep-solid\" style=\"--awb-height:20px;--awb-amount:20px;border-color:var(--awb-color4);border-top-width:1px;\"><\/div><\/div><div class=\"fusion-text fusion-text-4 fusion-text-no-margin\" style=\"--awb-font-size:18px;--awb-line-height:var(--awb-typography4-line-height);--awb-letter-spacing:var(--awb-typography4-letter-spacing);--awb-text-transform:var(--awb-typography4-text-transform);--awb-text-color:var(--awb-custom_color_4);--awb-margin-top:0px;--awb-margin-bottom:20px;--awb-text-font-family:var(--awb-typography4-font-family);--awb-text-font-weight:var(--awb-typography4-font-weight);--awb-text-font-style:var(--awb-typography4-font-style);\"><p><span style=\"font-weight: 400;\">Este a\u00f1o, la <\/span><a href=\"https:\/\/minorityhealth.hhs.gov\/news\/national-hispanic-heritage-month-department-health-and-human-services-commitment-latino-health\" target=\"_blank\" rel=\"noopener\"><b>Departamento de Salud y Servicios Humanos de EE.UU. <\/b><\/a><b>(HHS) Oficina de Salud de las Minor\u00edas<\/b><span style=\"font-weight: 400;\"> celebra <\/span><a href=\"https:\/\/minorityhealth.hhs.gov\/national-hispanic-heritage-month-2024\" target=\"_blank\" rel=\"noopener\"><span style=\"font-weight: 400;\">Mes de la Herencia Hispana<\/span><\/a><span style=\"font-weight: 400;\"> con el tema, <\/span><b>\"Ser la fuente de una mejor salud: Mejorar los resultados sanitarios a trav\u00e9s de nuestras culturas, comunidades y conexiones\".<\/b><span style=\"font-weight: 400;\"> Este tema nos pide que pensemos en c\u00f3mo las diferentes culturas, entornos y experiencias de los hispanos y latinos afectan a su salud. Estos factores se denominan <\/span><b>determinantes sociales de la salud<\/b><span style=\"font-weight: 400;\">.<\/span><\/p>\n<p><span style=\"font-weight: 400;\">Algunos de los retos a los que se enfrentan los hispanos y latinos en materia de salud son los siguientes<\/span><\/p>\n<ul>\n<li style=\"font-weight: 400;\" aria-level=\"1\"><span style=\"font-weight: 400;\">Retrasar la atenci\u00f3n m\u00e9dica por el coste<\/span><\/li>\n<li style=\"font-weight: 400;\" aria-level=\"1\"><span style=\"font-weight: 400;\">No tener un fuerte apoyo social<\/span><\/li>\n<li style=\"font-weight: 400;\" aria-level=\"1\"><span style=\"font-weight: 400;\">No tener suficiente comida<\/span><\/li>\n<\/ul>\n<p><span style=\"font-weight: 400;\">En <\/span><b>Pilar Health<\/b><span style=\"font-weight: 400;\"> y <\/span><b>KCHC<\/b><span style=\"font-weight: 400;\">Trabajamos para ofrecer una atenci\u00f3n m\u00e9dica atenta, justa y culturalmente segura para ayudar a enfrentar estos desaf\u00edos. Al celebrar el Mes de la Herencia Hispana, honramos las importantes contribuciones de los profesionales de la salud hispanos y latinos y continuamos nuestra misi\u00f3n de servir a nuestra comunidad con una atenci\u00f3n de alta calidad.<\/span><\/p>\n<\/div><\/div><\/div><\/div><\/div>","protected":false},"excerpt":{"rendered":"<p>Celebre el Mes de la Herencia Hispana con Pillar Health y Kenosha Community Health Center mientras honramos las contribuciones de los profesionales de la salud hispanos y latinos. Aprenda c\u00f3mo la diversidad cultural y los determinantes sociales de la salud afectan el bienestar de la comunidad hispana.<\/p>","protected":false},"author":1,"featured_media":0,"template":"","meta":{"_acf_changed":false,"footnotes":""},"tags":[199],"resources_type":[54],"class_list":["post-21877","resources","type-resources","status-publish","hentry","tag-homepage","resources_type-health-and-wellness"],"acf":[],"acf_fields":{"card_image":{"ID":21879,"id":21879,"title":"Pilar Hhm Square","filename":"Pillar-HHM_Square.png","filesize":81699,"url":"https:\/\/www.pillarhealthcare.org\/wp-content\/uploads\/2024\/09\/Pillar-HHM_Square.png","link":"https:\/\/www.pillarhealthcare.org\/es\/resources\/health-and-wellness\/celebrating-hispanic-heritage-month-honoring-contributions-to-health-care\/pillar-hhm_square-2\/","alt":"Pillar Hhm Square","author":"1","description":"Pilar Hhm Square","caption":"Pillar Hhm Square","name":"pilar-hhm_cuadrado-2","status":"inherit","uploaded_to":21877,"date":"2024-09-23 16:24:46","modified":"2024-09-23 16:24:46","menu_order":0,"mime_type":"image\/png","type":"image","subtype":"png","icon":"https:\/\/www.pillarhealthcare.org\/wp-includes\/images\/media\/default.png","width":1200,"height":1200,"sizes":{"thumbnail":"https:\/\/www.pillarhealthcare.org\/wp-content\/uploads\/2024\/09\/Pillar-HHM_Square-150x150.png","thumbnail-width":150,"thumbnail-height":150,"medium":"https:\/\/www.pillarhealthcare.org\/wp-content\/uploads\/2024\/09\/Pillar-HHM_Square-300x300.png","medium-width":300,"medium-height":300,"medium_large":"https:\/\/www.pillarhealthcare.org\/wp-content\/uploads\/2024\/09\/Pillar-HHM_Square-768x768.png","medium_large-width":768,"medium_large-height":768,"large":"https:\/\/www.pillarhealthcare.org\/wp-content\/uploads\/2024\/09\/Pillar-HHM_Square-1024x1024.png","large-width":1024,"large-height":1024,"1536x1536":"https:\/\/www.pillarhealthcare.org\/wp-content\/uploads\/2024\/09\/Pillar-HHM_Square.png","1536x1536-width":1200,"1536x1536-height":1200,"2048x2048":"https:\/\/www.pillarhealthcare.org\/wp-content\/uploads\/2024\/09\/Pillar-HHM_Square.png","2048x2048-width":1200,"2048x2048-height":1200,"trp-custom-language-flag":"https:\/\/www.pillarhealthcare.org\/wp-content\/uploads\/2024\/09\/Pillar-HHM_Square-12x12.png","trp-custom-language-flag-width":12,"trp-custom-language-flag-height":12,"blog-large":"https:\/\/www.pillarhealthcare.org\/wp-content\/uploads\/2024\/09\/Pillar-HHM_Square-669x272.png","blog-large-width":669,"blog-large-height":272,"blog-medium":"https:\/\/www.pillarhealthcare.org\/wp-content\/uploads\/2024\/09\/Pillar-HHM_Square-320x202.png","blog-medium-width":320,"blog-medium-height":202,"recent-posts":"https:\/\/www.pillarhealthcare.org\/wp-content\/uploads\/2024\/09\/Pillar-HHM_Square-700x441.png","recent-posts-width":700,"recent-posts-height":441,"recent-works-thumbnail":"https:\/\/www.pillarhealthcare.org\/wp-content\/uploads\/2024\/09\/Pillar-HHM_Square-66x66.png","recent-works-thumbnail-width":66,"recent-works-thumbnail-height":66,"fusion-200":"https:\/\/www.pillarhealthcare.org\/wp-content\/uploads\/2024\/09\/Pillar-HHM_Square-200x200.png","fusion-200-width":200,"fusion-200-height":200,"fusion-400":"https:\/\/www.pillarhealthcare.org\/wp-content\/uploads\/2024\/09\/Pillar-HHM_Square-400x400.png","fusion-400-width":400,"fusion-400-height":400,"fusion-600":"https:\/\/www.pillarhealthcare.org\/wp-content\/uploads\/2024\/09\/Pillar-HHM_Square-600x600.png","fusion-600-width":600,"fusion-600-height":600,"fusion-800":"https:\/\/www.pillarhealthcare.org\/wp-content\/uploads\/2024\/09\/Pillar-HHM_Square-800x800.png","fusion-800-width":800,"fusion-800-height":800,"fusion-1200":"https:\/\/www.pillarhealthcare.org\/wp-content\/uploads\/2024\/09\/Pillar-HHM_Square.png","fusion-1200-width":1200,"fusion-1200-height":1200,"gform-image-choice-sm":"https:\/\/www.pillarhealthcare.org\/wp-content\/uploads\/2024\/09\/Pillar-HHM_Square.png","gform-image-choice-sm-width":300,"gform-image-choice-sm-height":300,"gform-image-choice-md":"https:\/\/www.pillarhealthcare.org\/wp-content\/uploads\/2024\/09\/Pillar-HHM_Square.png","gform-image-choice-md-width":400,"gform-image-choice-md-height":400,"gform-image-choice-lg":"https:\/\/www.pillarhealthcare.org\/wp-content\/uploads\/2024\/09\/Pillar-HHM_Square.png","gform-image-choice-lg-width":600,"gform-image-choice-lg-height":600}},"card_image_shown":"1","featured_image":"1"},"featured_image_url":false,"author_name":"dooley","post_url":"https:\/\/www.pillarhealthcare.org\/es\/resources\/health-and-wellness\/celebrating-hispanic-heritage-month-honoring-contributions-to-health-care\/","taxonomy_terms":{"post_tag":[{"name":"P\u00e1gina de inicio","slug":"homepage","id":199}],"resources_type":[{"name":"SALUD Y BIENESTAR","slug":"salud-y-bienestar","id":54}]},"_links":{"self":[{"href":"https:\/\/www.pillarhealthcare.org\/es\/wp-json\/wp\/v2\/resources\/21877","targetHints":{"allow":["GET"]}}],"collection":[{"href":"https:\/\/www.pillarhealthcare.org\/es\/wp-json\/wp\/v2\/resources"}],"about":[{"href":"https:\/\/www.pillarhealthcare.org\/es\/wp-json\/wp\/v2\/types\/resources"}],"author":[{"embeddable":true,"href":"https:\/\/www.pillarhealthcare.org\/es\/wp-json\/wp\/v2\/users\/1"}],"version-history":[{"count":10,"href":"https:\/\/www.pillarhealthcare.org\/es\/wp-json\/wp\/v2\/resources\/21877\/revisions"}],"predecessor-version":[{"id":21921,"href":"https:\/\/www.pillarhealthcare.org\/es\/wp-json\/wp\/v2\/resources\/21877\/revisions\/21921"}],"wp:attachment":[{"href":"https:\/\/www.pillarhealthcare.org\/es\/wp-json\/wp\/v2\/media?parent=21877"}],"wp:term":[{"taxonomy":"post_tag","embeddable":true,"href":"https:\/\/www.pillarhealthcare.org\/es\/wp-json\/wp\/v2\/tags?post=21877"},{"taxonomy":"resources_type","embeddable":true,"href":"https:\/\/www.pillarhealthcare.org\/es\/wp-json\/wp\/v2\/resources_type?post=21877"}],"curies":[{"name":"wp","href":"https:\/\/api.w.org\/{rel}","templated":true}]}}