{"id":17211,"date":"2023-06-05T18:51:11","date_gmt":"2023-06-05T18:51:11","guid":{"rendered":"https:\/\/live-kchc-2022.pantheonsite.io\/resources\/\/"},"modified":"2023-07-12T15:29:25","modified_gmt":"2023-07-12T20:29:25","slug":"alzheimers-brain-awareness-month-understanding-identifying-and-living-a-brain-healthy-lifestyle","status":"publish","type":"resources","link":"https:\/\/www.pillarhealthcare.org\/es\/resources\/health-and-wellness\/alzheimers-brain-awareness-month-understanding-identifying-and-living-a-brain-healthy-lifestyle\/","title":{"rendered":"Mes de Concientizaci\u00f3n de Alzheimer y Cerebro: Entendiendo, Identificando y Viviendo un Estilo de Vida Saludable para el Cerebro"},"content":{"rendered":"<div class=\"fusion-fullwidth fullwidth-box fusion-builder-row-1 fusion-flex-container nonhundred-percent-fullwidth non-hundred-percent-height-scrolling\" style=\"--awb-border-radius-top-left:0px;--awb-border-radius-top-right:0px;--awb-border-radius-bottom-right:0px;--awb-border-radius-bottom-left:0px;--awb-flex-wrap:wrap;\" ><div class=\"fusion-builder-row fusion-row fusion-flex-align-items-flex-start fusion-flex-content-wrap\" style=\"max-width:1456px;margin-left: calc(-4% \/ 2 );margin-right: calc(-4% \/ 2 );\"><div class=\"fusion-layout-column fusion_builder_column fusion-builder-column-0 fusion_builder_column_2_3 2_3 fusion-flex-column\" style=\"--awb-bg-size:cover;--awb-width-large:66.666666666667%;--awb-margin-top-large:0px;--awb-spacing-right-large:2.88%;--awb-margin-bottom-large:20px;--awb-spacing-left-large:2.88%;--awb-width-medium:66.666666666667%;--awb-order-medium:0;--awb-spacing-right-medium:2.88%;--awb-spacing-left-medium:2.88%;--awb-width-small:100%;--awb-order-small:0;--awb-spacing-right-small:1.92%;--awb-spacing-left-small:1.92%;\"><div class=\"fusion-column-wrapper fusion-column-has-shadow fusion-flex-justify-content-flex-start fusion-content-layout-column\"><div class=\"fusion-image-element\" style=\"--awb-margin-top:30px;--awb-margin-bottom:30px;--awb-caption-title-font-family:var(--h2_typography-font-family);--awb-caption-title-font-weight:var(--h2_typography-font-weight);--awb-caption-title-font-style:var(--h2_typography-font-style);--awb-caption-title-size:var(--h2_typography-font-size);--awb-caption-title-transform:var(--h2_typography-text-transform);--awb-caption-title-line-height:var(--h2_typography-line-height);--awb-caption-title-letter-spacing:var(--h2_typography-letter-spacing);\"><span class=\"fusion-imageframe imageframe-none imageframe-1 hover-type-none\"><img decoding=\"async\" width=\"1600\" height=\"840\" title=\"Pilar-Alzheimers_Header\" src=\"https:\/\/www.pillarhealthcare.org\/wp-content\/uploads\/2023\/06\/Pillar-Alzheimers_Header.png\" data-orig-src=\"https:\/\/www.pillarhealthcare.org\/wp-content\/uploads\/2023\/06\/Pillar-Alzheimers_Header.png\" alt class=\"lazyload img-responsive wp-image-17214\" srcset=\"data:image\/svg+xml,%3Csvg%20xmlns%3D%27http%3A%2F%2Fwww.w3.org%2F2000%2Fsvg%27%20width%3D%271600%27%20height%3D%27840%27%20viewBox%3D%270%200%201600%20840%27%3E%3Crect%20width%3D%271600%27%20height%3D%27840%27%20fill-opacity%3D%220%22%2F%3E%3C%2Fsvg%3E\" data-srcset=\"https:\/\/www.pillarhealthcare.org\/wp-content\/uploads\/2023\/06\/Pillar-Alzheimers_Header-200x105.png 200w, https:\/\/www.pillarhealthcare.org\/wp-content\/uploads\/2023\/06\/Pillar-Alzheimers_Header-400x210.png 400w, https:\/\/www.pillarhealthcare.org\/wp-content\/uploads\/2023\/06\/Pillar-Alzheimers_Header-600x315.png 600w, https:\/\/www.pillarhealthcare.org\/wp-content\/uploads\/2023\/06\/Pillar-Alzheimers_Header-800x420.png 800w, https:\/\/www.pillarhealthcare.org\/wp-content\/uploads\/2023\/06\/Pillar-Alzheimers_Header-1200x630.png 1200w, https:\/\/www.pillarhealthcare.org\/wp-content\/uploads\/2023\/06\/Pillar-Alzheimers_Header.png 1600w\" data-sizes=\"auto\" data-orig-sizes=\"(max-width: 835px) 100vw, 1200px\" \/><\/span><\/div><div class=\"fusion-text fusion-text-1\"><div class=\"vc_custom_1683730290311\">\n<div id=\"text-block-3\" class=\"mk-text-block\">\n<p><strong>Junio, Mes de Concientizaci\u00f3n de Alzheimer y Cerebro: el momento perfecto para concientizar sobre la enfermedad de Alzheimer y otras formas de demencia.<\/strong><\/p>\n<p>Es esencial entender el impacto de estas condiciones, reconocer los factores de riesgo y promover un estilo de vida cerebro-saludable para el bienestar general. Kenosha Community Health Center y Pillar Health comparten informaci\u00f3n valiosa, estad\u00edsticas y consejos para mejorar la salud cerebral.<\/p>\n<\/div>\n<\/div>\n<\/div><div class=\"fusion-separator fusion-full-width-sep\" style=\"align-self: center;margin-left: auto;margin-right: auto;margin-top:20px;margin-bottom:0px;width:100%;\"><div class=\"fusion-separator-border sep-single sep-solid\" style=\"--awb-height:20px;--awb-amount:20px;border-color:var(--awb-color4);border-top-width:1px;\"><\/div><\/div><div class=\"fusion-text fusion-text-2\"><div class=\"vc_custom_1683730290311\">\n<div id=\"text-block-3\" class=\"mk-text-block\">\n<h5>DATOS Y ESTAD\u00cdSTICAS:<\/h5>\n<ul>\n<li aria-level=\"1\">La enfermedad de Alzheimer es la forma m\u00e1s com\u00fan de demencia, con un 60-80% de casos en todo el mundo.<\/li>\n<li aria-level=\"1\">M\u00e1s de 6 millones de estadounidenses padecen Alzheimer, y se prev\u00e9 que esta cifra aumente hasta casi 14 millones en 2050.<\/li>\n<li aria-level=\"1\">El Alzheimer no s\u00f3lo afecta a la memoria, sino tambi\u00e9n al pensamiento, el comportamiento y el funcionamiento diario.<\/li>\n<li aria-level=\"1\">El diagn\u00f3stico y la intervenci\u00f3n temprana puede mejorar significativamente la calidad de vida de las personas con Alzheimer y de sus cuidadores.<\/li>\n<\/ul>\n<\/div>\n<\/div>\n<\/div><div class=\"fusion-text fusion-text-3\"><div class=\"vc_custom_1683730290311\">\n<div id=\"text-block-3\" class=\"mk-text-block\">\n<h5>IDENTIFICANDO LOS FACTORES DE RIESGO:<\/h5>\n<ul>\n<li aria-level=\"1\">La edad es el mayor factor de riesgo para Alzheimer, y la mayor\u00eda de los casos ocurren en personas de 65 a\u00f1os en adelante.<\/li>\n<li aria-level=\"1\">El historial familiar y la gen\u00e9tica desempe\u00f1an un papel importante, ya que determinados genes aumentan el riesgo de desarrollar la enfermedad.<\/li>\n<li aria-level=\"1\">Factores tales como la hipertensi\u00f3n, la diabetes, la obesidad, el fumar y una vida sedentaria, pueden contribuir al deterioro cognitivo.<\/li>\n<li aria-level=\"1\">Lesiones cerebrales traum\u00e1ticas y ciertas afecciones m\u00e9dicas, como el s\u00edndrome de Down, tambi\u00e9n aumentan el riesgo.<\/li>\n<\/ul>\n<\/div>\n<\/div>\n<\/div><div class=\"fusion-text fusion-text-4\"><div class=\"vc_custom_1683730290311\">\n<div id=\"text-block-3\" class=\"mk-text-block\">\n<h5>PROMOVER LA SALUD CEREBRAL:<\/h5>\n<ul>\n<li aria-level=\"1\">Mant\u00e9ngase mentalmente activo: Participe en actividades estimulantes para el cerebro, como leer, resolver rompecabezas, aprender nuevas habilidades, trabajar o hacer voluntariado y socializar.<\/li>\n<li aria-level=\"1\">Mant\u00e9n una dieta sana: C\u00e9ntrese en una dieta equilibrada rica en frutas, vegetales, cereales integrales, prote\u00ednas baja en grasa y grasas saludables como los \u00e1cidos grasos omega-3 que se encuentran en el pescado.<\/li>\n<li aria-level=\"1\">Ejercitese con regularidad: La actividad f\u00edsica mejora el flujo sangu\u00edneo al cerebro y favorece la salud en general. Intenta hacer al menos 150 minutos de ejercicio de intensidad moderada a la semana o lo que pueda hacer.<\/li>\n<li aria-level=\"1\">Maneje las enfermedades cr\u00f3nicas: Mantenga enfermedades como la hipertensi\u00f3n, la diabetes y el colesterol controlado mediante revisiones m\u00e9dicas peri\u00f3dicas y tratamientos adecuados.<\/li>\n<li aria-level=\"1\">Duerma lo suficiente: D\u00e9 prioridad al sue\u00f1o de calidad para favorecer la salud cerebral y la funci\u00f3n cognitiva.<\/li>\n<li aria-level=\"1\">Mant\u00e9ngase socialmente comprometido: Mantenga fuertes v\u00ednculos sociales, participe en actividades comunitarias y pase tiempo con amigos y seres queridos.<\/li>\n<li aria-level=\"1\">Desaf\u00ede a su cerebro: Busque continuamente nuevas oportunidades de aprendizaje, pruebe nuevas aficiones y participe en actividades que estimulen su mente.<\/li>\n<\/ul>\n<\/div>\n<\/div>\n<\/div><div class=\"fusion-separator fusion-full-width-sep\" style=\"align-self: center;margin-left: auto;margin-right: auto;margin-top:20px;margin-bottom:30px;width:100%;\"><div class=\"fusion-separator-border sep-single sep-solid\" style=\"--awb-height:20px;--awb-amount:20px;border-color:var(--awb-color4);border-top-width:1px;\"><\/div><\/div><div class=\"fusion-text fusion-text-5\"><div class=\"vc_custom_1683730290311\">\n<div id=\"text-block-3\" class=\"mk-text-block\">\n<p>KCHC y Pillar Health est\u00e1n aqu\u00ed para ayudarle a controlar enfermedades cr\u00f3nicas como la hipertensi\u00f3n, la diabetes y el colesterol alto, que le exponen a un mayor riesgo de padecer la enfermedad de Alzheimer. Para obtener m\u00e1s informaci\u00f3n, recursos y apoyo, haga una cita con el equipo de salud de Kenosha Community Health Center o Pillar Health.<\/p>\n<p>Aumentar la concientizaci\u00f3n sobre Alzheimer y otras enfermedades cerebrales ayudar\u00e1 a fomentar una comunidad solidaria y educada. Durante el Mes de Concientizaci\u00f3n sobre Alzheimer y Cerebro, un\u00e1monos para promover la salud cerebral, apoyar a las personas y familias afectadas y trabajar por un mundo sin Alzheimer. Juntos podemos marcar la diferencia.<\/p>\n<\/div>\n<\/div>\n<\/div><\/div><\/div><div class=\"fusion-layout-column fusion_builder_column fusion-builder-column-1 fusion_builder_column_1_3 1_3 fusion-flex-column\" style=\"--awb-padding-top:5%;--awb-padding-right:5%;--awb-padding-bottom:5%;--awb-padding-left:5%;--awb-bg-color:#ededed;--awb-bg-color-hover:#ededed;--awb-bg-size:cover;--awb-width-large:33.333333333333%;--awb-margin-top-large:30px;--awb-spacing-right-large:5.76%;--awb-margin-bottom-large:20px;--awb-spacing-left-large:5.76%;--awb-width-medium:33.333333333333%;--awb-order-medium:0;--awb-spacing-right-medium:5.76%;--awb-spacing-left-medium:5.76%;--awb-width-small:100%;--awb-order-small:0;--awb-spacing-right-small:1.92%;--awb-spacing-left-small:1.92%;\" data-scroll-devices=\"small-visibility,medium-visibility,large-visibility\"><div class=\"fusion-column-wrapper fusion-column-has-shadow fusion-flex-justify-content-flex-start fusion-content-layout-column\"><div class=\"fusion-text fusion-text-6 fusion-text-no-margin\" style=\"--awb-font-size:35px;--awb-line-height:var(--awb-typography1-line-height);--awb-letter-spacing:var(--awb-typography1-letter-spacing);--awb-text-transform:var(--awb-typography1-text-transform);--awb-text-color:var(--awb-color4);--awb-margin-top:0px;--awb-margin-bottom:10px;--awb-text-font-family:&quot;Rubik&quot;;--awb-text-font-style:normal;--awb-text-font-weight:500;\"><p>10 MANERAS DE AMAR<br \/>\nSU CEREBRO<\/p>\n<\/div><div class=\"fusion-text fusion-text-7 fusion-text-no-margin\" style=\"--awb-font-size:18px;--awb-line-height:var(--awb-typography4-line-height);--awb-letter-spacing:var(--awb-typography4-letter-spacing);--awb-text-transform:var(--awb-typography4-text-transform);--awb-text-color:var(--awb-custom_color_4);--awb-margin-top:0px;--awb-margin-bottom:20px;--awb-text-font-family:var(--awb-typography4-font-family);--awb-text-font-weight:var(--awb-typography4-font-weight);--awb-text-font-style:var(--awb-typography4-font-style);\"><p>Empieza ahora. Nunca es demasiado tarde ni demasiado temprano para incorporar h\u00e1bitos saludables.<\/p>\n<\/div><div class=\"fusion-separator fusion-full-width-sep\" style=\"align-self: center;margin-left: auto;margin-right: auto;margin-top:10px;margin-bottom:20px;width:100%;\"><div class=\"fusion-separator-border sep-single sep-solid\" style=\"--awb-height:20px;--awb-amount:20px;border-color:var(--awb-color4);border-top-width:1px;\"><\/div><\/div><div class=\"fusion-content-boxes content-boxes columns row fusion-columns-1 fusion-columns-total-1 fusion-content-boxes-1 content-boxes-icon-with-title content-left\" style=\"--awb-body-color:var(--awb-custom_color_4);--awb-title-color:var(--awb-custom_color_5);--awb-iconcolor:var(--awb-color1);--awb-iconcolor-hover:var(--awb-color1);--awb-item-margin-top:0px;--awb-item-margin-bottom:0px;--awb-margin-top:0px;--awb-margin-bottom:0px;--awb-hover-accent-color:var(--awb-custom_color_5);--awb-circle-hover-accent-color:var(--awb-custom_color_5);\" data-animationoffset=\"top-into-view\"><div style=\"--awb-backgroundcolor:rgba(255,255,255,0);--awb-iconcolor:var(--awb-color1);--awb-iconcolor-hover:var(--awb-color1);\" class=\"fusion-column content-box-column content-box-column content-box-column-1 col-lg-12 col-md-12 col-sm-12 fusion-content-box-hover content-box-column-last content-box-column-last-in-row\"><div class=\"col content-box-wrapper content-wrapper link-area-link-icon icon-hover-animation-fade\" data-animationoffset=\"top-into-view\"><div class=\"heading heading-with-icon icon-left\"><div class=\"icon\"><i style=\"border-color:var(--awb-custom_color_5);border-width:1px;background-color:var(--awb-custom_color_5);box-sizing:content-box;height:40px;width:40px;line-height:40px;border-radius:50%;font-size:20px;\" aria-hidden=\"true\" class=\"fontawesome-icon fa-book fas circle-yes\"><\/i><\/div><h2 class=\"content-box-heading fusion-responsive-typography-calculated\" style=\"--h2_typography-font-size:20px;--fontSize:20;line-height:3.1;\">LEA LIBROS<\/h2><\/div><div class=\"fusion-clearfix\"><\/div><div class=\"content-container\">\n<p>La educaci\u00f3n formal ayudar\u00e1 a reducir el riesgo de deterioro cognitivo y demencia. Asista a una clase en una universidad local, un centro comunitario o en l\u00ednea.<\/p>\n<\/div><\/div><\/div><div class=\"fusion-clearfix\"><\/div><\/div><div class=\"fusion-content-boxes content-boxes columns row fusion-columns-1 fusion-columns-total-1 fusion-content-boxes-2 content-boxes-icon-with-title content-left\" style=\"--awb-body-color:var(--awb-custom_color_4);--awb-title-color:var(--awb-custom_color_5);--awb-iconcolor:var(--awb-color1);--awb-iconcolor-hover:var(--awb-color1);--awb-item-margin-top:0px;--awb-item-margin-bottom:0px;--awb-margin-top:0px;--awb-margin-bottom:0px;--awb-hover-accent-color:var(--awb-custom_color_5);--awb-circle-hover-accent-color:var(--awb-custom_color_5);\" data-animationoffset=\"top-into-view\"><div style=\"--awb-backgroundcolor:rgba(255,255,255,0);--awb-iconcolor:var(--awb-color1);--awb-iconcolor-hover:var(--awb-color1);\" class=\"fusion-column content-box-column content-box-column content-box-column-1 col-lg-12 col-md-12 col-sm-12 fusion-content-box-hover content-box-column-last content-box-column-last-in-row\"><div class=\"col content-box-wrapper content-wrapper link-area-link-icon icon-hover-animation-fade\" data-animationoffset=\"top-into-view\"><div class=\"heading heading-with-icon icon-left\"><div class=\"icon\"><i style=\"border-color:var(--awb-custom_color_5);border-width:1px;background-color:var(--awb-custom_color_5);box-sizing:content-box;height:40px;width:40px;line-height:40px;border-radius:50%;font-size:20px;\" aria-hidden=\"true\" class=\"fontawesome-icon fa-smoking-ban fas circle-yes\"><\/i><\/div><h2 class=\"content-box-heading fusion-responsive-typography-calculated\" style=\"--h2_typography-font-size:20px;--fontSize:20;line-height:3.1;\">PARE<\/h2><\/div><div class=\"fusion-clearfix\"><\/div><div class=\"content-container\">\n<p>Fumar aumenta el riesgo de deterioro cognitivo. Dejar de fumar puede reducir el riesgo a niveles comparables a los de quienes no han fumado.<\/p>\n<\/div><\/div><\/div><div class=\"fusion-clearfix\"><\/div><\/div><div class=\"fusion-content-boxes content-boxes columns row fusion-columns-1 fusion-columns-total-1 fusion-content-boxes-3 content-boxes-icon-with-title content-left\" style=\"--awb-body-color:var(--awb-custom_color_4);--awb-title-color:var(--awb-custom_color_5);--awb-iconcolor:var(--awb-color1);--awb-iconcolor-hover:var(--awb-color1);--awb-item-margin-top:0px;--awb-item-margin-bottom:0px;--awb-margin-top:0px;--awb-margin-bottom:0px;--awb-hover-accent-color:var(--awb-custom_color_5);--awb-circle-hover-accent-color:var(--awb-custom_color_5);\" data-animationoffset=\"top-into-view\"><div style=\"--awb-backgroundcolor:rgba(255,255,255,0);--awb-iconcolor:var(--awb-color1);--awb-iconcolor-hover:var(--awb-color1);\" class=\"fusion-column content-box-column content-box-column content-box-column-1 col-lg-12 col-md-12 col-sm-12 fusion-content-box-hover content-box-column-last content-box-column-last-in-row\"><div class=\"col content-box-wrapper content-wrapper link-area-link-icon icon-hover-animation-fade\" data-animationoffset=\"top-into-view\"><div class=\"heading heading-with-icon icon-left\"><div class=\"icon\"><i style=\"border-color:var(--awb-custom_color_5);border-width:1px;background-color:var(--awb-custom_color_5);box-sizing:content-box;height:40px;width:40px;line-height:40px;border-radius:50%;font-size:20px;\" aria-hidden=\"true\" class=\"fontawesome-icon fa-heart fas circle-yes\"><\/i><\/div><h2 class=\"content-box-heading fusion-responsive-typography-calculated\" style=\"--h2_typography-font-size:20px;--fontSize:20;line-height:3.1;\">SIGUE A TU CORAZ\u00d3N<\/h2><\/div><div class=\"fusion-clearfix\"><\/div><div class=\"content-container\">\n<p>Factores de riesgo de enfermedades cardiovasculares, derrames cerebrales, obesidad, hipertensi\u00f3n arterial y diabetes repercuten negativamente en la salud cognitiva.<\/p>\n<\/div><\/div><\/div><div class=\"fusion-clearfix\"><\/div><\/div><div class=\"fusion-content-boxes content-boxes columns row fusion-columns-1 fusion-columns-total-1 fusion-content-boxes-4 content-boxes-icon-with-title content-left\" style=\"--awb-body-color:var(--awb-custom_color_4);--awb-title-color:var(--awb-custom_color_5);--awb-iconcolor:var(--awb-color1);--awb-iconcolor-hover:var(--awb-color1);--awb-item-margin-top:0px;--awb-item-margin-bottom:0px;--awb-margin-top:0px;--awb-margin-bottom:0px;--awb-hover-accent-color:var(--awb-custom_color_5);--awb-circle-hover-accent-color:var(--awb-custom_color_5);\" data-animationoffset=\"top-into-view\"><div style=\"--awb-backgroundcolor:rgba(255,255,255,0);--awb-iconcolor:var(--awb-color1);--awb-iconcolor-hover:var(--awb-color1);\" class=\"fusion-column content-box-column content-box-column content-box-column-1 col-lg-12 col-md-12 col-sm-12 fusion-content-box-hover content-box-column-last content-box-column-last-in-row\"><div class=\"col content-box-wrapper content-wrapper link-area-link-icon icon-hover-animation-fade\" data-animationoffset=\"top-into-view\"><div class=\"heading heading-with-icon icon-left\"><div class=\"icon\"><i style=\"border-color:var(--awb-custom_color_5);border-width:1px;background-color:var(--awb-custom_color_5);box-sizing:content-box;height:40px;width:40px;line-height:40px;border-radius:50%;font-size:20px;\" aria-hidden=\"true\" class=\"fontawesome-icon fa-hard-hat fas circle-yes\"><\/i><\/div><h2 class=\"content-box-heading fusion-responsive-typography-calculated\" style=\"--h2_typography-font-size:20px;--fontSize:20;line-height:3.1;\">AVISO<\/h2><\/div><div class=\"fusion-clearfix\"><\/div><div class=\"content-container\">\n<p>Lesiones cerebrales pueden aumentar el riesgo de deterioro cognitivo y demencia. Use el cintur\u00f3n de seguridad y use casco cuando practique deportes de contacto o monte en bicicleta.<\/p>\n<\/div><\/div><\/div><div class=\"fusion-clearfix\"><\/div><\/div><div class=\"fusion-content-boxes content-boxes columns row fusion-columns-1 fusion-columns-total-1 fusion-content-boxes-5 content-boxes-icon-with-title content-left\" style=\"--awb-body-color:var(--awb-custom_color_4);--awb-title-color:var(--awb-custom_color_5);--awb-iconcolor:var(--awb-color1);--awb-iconcolor-hover:var(--awb-color1);--awb-item-margin-top:0px;--awb-item-margin-bottom:0px;--awb-margin-top:0px;--awb-margin-bottom:0px;--awb-hover-accent-color:var(--awb-custom_color_5);--awb-circle-hover-accent-color:var(--awb-custom_color_5);\" data-animationoffset=\"top-into-view\"><div style=\"--awb-backgroundcolor:rgba(255,255,255,0);--awb-iconcolor:var(--awb-color1);--awb-iconcolor-hover:var(--awb-color1);\" class=\"fusion-column content-box-column content-box-column content-box-column-1 col-lg-12 col-md-12 col-sm-12 fusion-content-box-hover content-box-column-last content-box-column-last-in-row\"><div class=\"col content-box-wrapper content-wrapper link-area-link-icon icon-hover-animation-fade\" data-animationoffset=\"top-into-view\"><div class=\"heading heading-with-icon icon-left\"><div class=\"icon\"><i style=\"border-color:var(--awb-custom_color_5);border-width:1px;background-color:var(--awb-custom_color_5);box-sizing:content-box;height:40px;width:40px;line-height:40px;border-radius:50%;font-size:20px;\" aria-hidden=\"true\" class=\"fontawesome-icon fa-carrot fas circle-yes\"><\/i><\/div><h2 class=\"content-box-heading fusion-responsive-typography-calculated\" style=\"--h2_typography-font-size:20px;--fontSize:20;line-height:3.1;\">ALIMENTESE<\/h2><\/div><div class=\"fusion-clearfix\"><\/div><div class=\"content-container\">\n<p>Siga una dieta equilibrada rica en vegetales y frutas para reducir el riesgo de deterioro cognitivo.<\/p>\n<\/div><\/div><\/div><div class=\"fusion-clearfix\"><\/div><\/div><div class=\"fusion-content-boxes content-boxes columns row fusion-columns-1 fusion-columns-total-1 fusion-content-boxes-6 content-boxes-icon-with-title content-left\" style=\"--awb-body-color:var(--awb-custom_color_4);--awb-title-color:var(--awb-custom_color_5);--awb-iconcolor:var(--awb-color1);--awb-iconcolor-hover:var(--awb-color1);--awb-item-margin-top:0px;--awb-item-margin-bottom:0px;--awb-margin-top:0px;--awb-margin-bottom:0px;--awb-hover-accent-color:var(--awb-custom_color_5);--awb-circle-hover-accent-color:var(--awb-custom_color_5);\" data-animationoffset=\"top-into-view\"><div style=\"--awb-backgroundcolor:rgba(255,255,255,0);--awb-iconcolor:var(--awb-color1);--awb-iconcolor-hover:var(--awb-color1);\" class=\"fusion-column content-box-column content-box-column content-box-column-1 col-lg-12 col-md-12 col-sm-12 fusion-content-box-hover content-box-column-last content-box-column-last-in-row\"><div class=\"col content-box-wrapper content-wrapper link-area-link-icon icon-hover-animation-fade\" data-animationoffset=\"top-into-view\"><div class=\"heading heading-with-icon icon-left\"><div class=\"icon\"><i style=\"border-color:var(--awb-custom_color_5);border-width:1px;background-color:var(--awb-custom_color_5);box-sizing:content-box;height:40px;width:40px;line-height:40px;border-radius:50%;font-size:20px;\" aria-hidden=\"true\" class=\"fontawesome-icon fa-bed fas circle-yes\"><\/i><\/div><h2 class=\"content-box-heading fusion-responsive-typography-calculated\" style=\"--h2_typography-font-size:20px;--fontSize:20;line-height:3.1;\">DUERMA<\/h2><\/div><div class=\"fusion-clearfix\"><\/div><div class=\"content-container\">\n<p>No dormir lo suficiente puede provocar problemas de memoria y pensamiento.<\/p>\n<\/div><\/div><\/div><div class=\"fusion-clearfix\"><\/div><\/div><div class=\"fusion-content-boxes content-boxes columns row fusion-columns-1 fusion-columns-total-1 fusion-content-boxes-7 content-boxes-icon-with-title content-left\" style=\"--awb-body-color:var(--awb-custom_color_4);--awb-title-color:var(--awb-custom_color_5);--awb-iconcolor:var(--awb-color1);--awb-iconcolor-hover:var(--awb-color1);--awb-item-margin-top:0px;--awb-item-margin-bottom:0px;--awb-margin-top:0px;--awb-margin-bottom:0px;--awb-hover-accent-color:var(--awb-custom_color_5);--awb-circle-hover-accent-color:var(--awb-custom_color_5);\" data-animationoffset=\"top-into-view\"><div style=\"--awb-backgroundcolor:rgba(255,255,255,0);--awb-iconcolor:var(--awb-color1);--awb-iconcolor-hover:var(--awb-color1);\" class=\"fusion-column content-box-column content-box-column content-box-column-1 col-lg-12 col-md-12 col-sm-12 fusion-content-box-hover content-box-column-last content-box-column-last-in-row\"><div class=\"col content-box-wrapper content-wrapper link-area-link-icon icon-hover-animation-fade\" data-animationoffset=\"top-into-view\"><div class=\"heading heading-with-icon icon-left\"><div class=\"icon\"><i style=\"border-color:var(--awb-custom_color_5);border-width:1px;background-color:var(--awb-custom_color_5);box-sizing:content-box;height:40px;width:40px;line-height:40px;border-radius:50%;font-size:20px;\" aria-hidden=\"true\" class=\"fontawesome-icon fa-plus-square fas circle-yes\"><\/i><\/div><h2 class=\"content-box-heading fusion-responsive-typography-calculated\" style=\"--h2_typography-font-size:20px;--fontSize:20;line-height:3.1;\">SU SALUD MENTAL<\/h2><\/div><div class=\"fusion-clearfix\"><\/div><div class=\"content-container\">\n<p>Algunos estudios relacionan la depresi\u00f3n con el deterioro cognitivo, as\u00ed que busque tratamiento si tiene depresi\u00f3n, ansiedad o estr\u00e9s.<\/p>\n<\/div><\/div><\/div><div class=\"fusion-clearfix\"><\/div><\/div><div class=\"fusion-content-boxes content-boxes columns row fusion-columns-1 fusion-columns-total-1 fusion-content-boxes-8 content-boxes-icon-with-title content-left\" style=\"--awb-body-color:var(--awb-custom_color_4);--awb-title-color:var(--awb-custom_color_5);--awb-iconcolor:var(--awb-color1);--awb-iconcolor-hover:var(--awb-color1);--awb-item-margin-top:0px;--awb-item-margin-bottom:0px;--awb-margin-top:0px;--awb-margin-bottom:0px;--awb-hover-accent-color:var(--awb-custom_color_5);--awb-circle-hover-accent-color:var(--awb-custom_color_5);\" data-animationoffset=\"top-into-view\"><div style=\"--awb-backgroundcolor:rgba(255,255,255,0);--awb-iconcolor:var(--awb-color1);--awb-iconcolor-hover:var(--awb-color1);\" class=\"fusion-column content-box-column content-box-column content-box-column-1 col-lg-12 col-md-12 col-sm-12 fusion-content-box-hover content-box-column-last content-box-column-last-in-row\"><div class=\"col content-box-wrapper content-wrapper link-area-link-icon icon-hover-animation-fade\" data-animationoffset=\"top-into-view\"><div class=\"heading heading-with-icon icon-left\"><div class=\"icon\"><i style=\"border-color:var(--awb-custom_color_5);border-width:1px;background-color:var(--awb-custom_color_5);box-sizing:content-box;height:40px;width:40px;line-height:40px;border-radius:50%;font-size:20px;\" aria-hidden=\"true\" class=\"fontawesome-icon fa-comments fas circle-yes\"><\/i><\/div><h2 class=\"content-box-heading fusion-responsive-typography-calculated\" style=\"--h2_typography-font-size:20px;--fontSize:20;line-height:3.1;\">AMIGABLE<\/h2><\/div><div class=\"fusion-clearfix\"><\/div><div class=\"content-container\">\n<p>Mantenerse socialmente comprometido puede favorecer la salud cerebral. Busque formas de participar en su comunidad local o comparta actividades con amigos y familiares.<\/p>\n<\/div><\/div><\/div><div class=\"fusion-clearfix\"><\/div><\/div><div class=\"fusion-content-boxes content-boxes columns row fusion-columns-1 fusion-columns-total-1 fusion-content-boxes-9 content-boxes-icon-with-title content-left\" style=\"--awb-body-color:var(--awb-custom_color_4);--awb-title-color:var(--awb-custom_color_5);--awb-iconcolor:var(--awb-color1);--awb-iconcolor-hover:var(--awb-color1);--awb-item-margin-top:0px;--awb-item-margin-bottom:0px;--awb-margin-top:0px;--awb-margin-bottom:0px;--awb-hover-accent-color:var(--awb-custom_color_5);--awb-circle-hover-accent-color:var(--awb-custom_color_5);\" data-animationoffset=\"top-into-view\"><div style=\"--awb-backgroundcolor:rgba(255,255,255,0);--awb-iconcolor:var(--awb-color1);--awb-iconcolor-hover:var(--awb-color1);\" class=\"fusion-column content-box-column content-box-column content-box-column-1 col-lg-12 col-md-12 col-sm-12 fusion-content-box-hover content-box-column-last content-box-column-last-in-row\"><div class=\"col content-box-wrapper content-wrapper link-area-link-icon icon-hover-animation-fade\" data-animationoffset=\"top-into-view\"><div class=\"heading heading-with-icon icon-left\"><div class=\"icon\"><i style=\"border-color:var(--awb-custom_color_5);border-width:1px;background-color:var(--awb-custom_color_5);box-sizing:content-box;height:40px;width:40px;line-height:40px;border-radius:50%;font-size:20px;\" aria-hidden=\"true\" class=\"fontawesome-icon fa-chess fas circle-yes\"><\/i><\/div><h2 class=\"content-box-heading fusion-responsive-typography-calculated\" style=\"--h2_typography-font-size:20px;--fontSize:20;line-height:3.1;\">DESAFIESE<\/h2><\/div><div class=\"fusion-clearfix\"><\/div><div class=\"content-container\">\n<p>Desaf\u00eda a tu mente. Construye un mueble. Juega a juegos de estrategia, como barajas o el ajedrez.<\/p>\n<\/div><\/div><\/div><div class=\"fusion-clearfix\"><\/div><\/div><div class=\"fusion-content-boxes content-boxes columns row fusion-columns-1 fusion-columns-total-1 fusion-content-boxes-10 content-boxes-icon-with-title content-left\" style=\"--awb-body-color:var(--awb-custom_color_4);--awb-title-color:var(--awb-custom_color_5);--awb-iconcolor:var(--awb-color1);--awb-iconcolor-hover:var(--awb-color1);--awb-item-margin-top:0px;--awb-item-margin-bottom:0px;--awb-margin-top:0px;--awb-margin-bottom:0px;--awb-hover-accent-color:var(--awb-custom_color_5);--awb-circle-hover-accent-color:var(--awb-custom_color_5);\" data-animationoffset=\"top-into-view\"><div style=\"--awb-backgroundcolor:rgba(255,255,255,0);--awb-iconcolor:var(--awb-color1);--awb-iconcolor-hover:var(--awb-color1);\" class=\"fusion-column content-box-column content-box-column content-box-column-1 col-lg-12 col-md-12 col-sm-12 fusion-content-box-hover content-box-column-last content-box-column-last-in-row\"><div class=\"col content-box-wrapper content-wrapper link-area-link-icon icon-hover-animation-fade\" data-animationoffset=\"top-into-view\"><div class=\"heading heading-with-icon icon-left\"><div class=\"icon\"><i style=\"border-color:var(--awb-custom_color_5);border-width:1px;background-color:var(--awb-custom_color_5);box-sizing:content-box;height:40px;width:40px;line-height:40px;border-radius:50%;font-size:20px;\" aria-hidden=\"true\" class=\"fontawesome-icon fa-running fas circle-yes\"><\/i><\/div><h2 class=\"content-box-heading fusion-responsive-typography-calculated\" style=\"--h2_typography-font-size:20px;--fontSize:20;line-height:3.1;\">SUDE<\/h2><\/div><div class=\"fusion-clearfix\"><\/div><div class=\"content-container\">\n<p>Practique regularmente ejercicio cardiovascular que eleve el ritmo card\u00edaco y aumente el flujo sangu\u00edneo. Los estudios han demostrado que la actividad f\u00edsica reduce el riesgo de deterioro cognitivo.<\/p>\n<\/div><\/div><\/div><div class=\"fusion-clearfix\"><\/div><\/div><\/div><\/div><\/div><\/div>","protected":false},"excerpt":{"rendered":"<p>Junio es el Mes de la Concienciaci\u00f3n sobre el Alzheimer y el Cerebro: el momento perfecto para concienciar sobre la enfermedad de Alzheimer y otras formas de demencia.<\/p>","protected":false},"author":1,"featured_media":17214,"template":"","meta":{"_acf_changed":false,"footnotes":""},"tags":[199],"resources_type":[54],"class_list":["post-17211","resources","type-resources","status-publish","has-post-thumbnail","hentry","tag-homepage","resources_type-health-and-wellness"],"acf":[],"acf_fields":{"card_image":{"ID":17213,"id":17213,"title":"Pilar-Alzheimers_Square","filename":"Pillar-Alzheimers_Square.png","filesize":262585,"url":"https:\/\/www.pillarhealthcare.org\/wp-content\/uploads\/2023\/06\/Pillar-Alzheimers_Square.png","link":"https:\/\/www.pillarhealthcare.org\/es\/resources\/health-and-wellness\/alzheimers-brain-awareness-month-understanding-identifying-and-living-a-brain-healthy-lifestyle\/pillar-alzheimers_square\/","alt":"","author":"1","description":"","caption":"","name":"pilar-alzheimers_cuadrado","status":"inherit","uploaded_to":17211,"date":"2023-06-05 18:48:35","modified":"2023-06-05 18:48:35","menu_order":0,"mime_type":"image\/png","type":"image","subtype":"png","icon":"https:\/\/www.pillarhealthcare.org\/wp-includes\/images\/media\/default.png","width":500,"height":500,"sizes":{"thumbnail":"https:\/\/www.pillarhealthcare.org\/wp-content\/uploads\/2023\/06\/Pillar-Alzheimers_Square-150x150.png","thumbnail-width":150,"thumbnail-height":150,"medium":"https:\/\/www.pillarhealthcare.org\/wp-content\/uploads\/2023\/06\/Pillar-Alzheimers_Square-300x300.png","medium-width":300,"medium-height":300,"medium_large":"https:\/\/www.pillarhealthcare.org\/wp-content\/uploads\/2023\/06\/Pillar-Alzheimers_Square.png","medium_large-width":500,"medium_large-height":500,"large":"https:\/\/www.pillarhealthcare.org\/wp-content\/uploads\/2023\/06\/Pillar-Alzheimers_Square.png","large-width":500,"large-height":500,"1536x1536":"https:\/\/www.pillarhealthcare.org\/wp-content\/uploads\/2023\/06\/Pillar-Alzheimers_Square.png","1536x1536-width":500,"1536x1536-height":500,"2048x2048":"https:\/\/www.pillarhealthcare.org\/wp-content\/uploads\/2023\/06\/Pillar-Alzheimers_Square.png","2048x2048-width":500,"2048x2048-height":500,"trp-custom-language-flag":"https:\/\/www.pillarhealthcare.org\/wp-content\/uploads\/2023\/06\/Pillar-Alzheimers_Square-12x12.png","trp-custom-language-flag-width":12,"trp-custom-language-flag-height":12,"blog-large":"https:\/\/www.pillarhealthcare.org\/wp-content\/uploads\/2023\/06\/Pillar-Alzheimers_Square-500x272.png","blog-large-width":500,"blog-large-height":272,"blog-medium":"https:\/\/www.pillarhealthcare.org\/wp-content\/uploads\/2023\/06\/Pillar-Alzheimers_Square-320x202.png","blog-medium-width":320,"blog-medium-height":202,"recent-posts":"https:\/\/www.pillarhealthcare.org\/wp-content\/uploads\/2023\/06\/Pillar-Alzheimers_Square-500x441.png","recent-posts-width":500,"recent-posts-height":441,"recent-works-thumbnail":"https:\/\/www.pillarhealthcare.org\/wp-content\/uploads\/2023\/06\/Pillar-Alzheimers_Square-66x66.png","recent-works-thumbnail-width":66,"recent-works-thumbnail-height":66,"fusion-200":"https:\/\/www.pillarhealthcare.org\/wp-content\/uploads\/2023\/06\/Pillar-Alzheimers_Square-200x200.png","fusion-200-width":200,"fusion-200-height":200,"fusion-400":"https:\/\/www.pillarhealthcare.org\/wp-content\/uploads\/2023\/06\/Pillar-Alzheimers_Square-400x400.png","fusion-400-width":400,"fusion-400-height":400,"fusion-600":"https:\/\/www.pillarhealthcare.org\/wp-content\/uploads\/2023\/06\/Pillar-Alzheimers_Square.png","fusion-600-width":500,"fusion-600-height":500,"fusion-800":"https:\/\/www.pillarhealthcare.org\/wp-content\/uploads\/2023\/06\/Pillar-Alzheimers_Square.png","fusion-800-width":500,"fusion-800-height":500,"fusion-1200":"https:\/\/www.pillarhealthcare.org\/wp-content\/uploads\/2023\/06\/Pillar-Alzheimers_Square.png","fusion-1200-width":500,"fusion-1200-height":500,"gform-image-choice-sm":"https:\/\/www.pillarhealthcare.org\/wp-content\/uploads\/2023\/06\/Pillar-Alzheimers_Square.png","gform-image-choice-sm-width":300,"gform-image-choice-sm-height":300,"gform-image-choice-md":"https:\/\/www.pillarhealthcare.org\/wp-content\/uploads\/2023\/06\/Pillar-Alzheimers_Square.png","gform-image-choice-md-width":400,"gform-image-choice-md-height":400,"gform-image-choice-lg":"https:\/\/www.pillarhealthcare.org\/wp-content\/uploads\/2023\/06\/Pillar-Alzheimers_Square.png","gform-image-choice-lg-width":500,"gform-image-choice-lg-height":500}},"card_image_shown":"1","featured_image":"0"},"featured_image_url":"https:\/\/www.pillarhealthcare.org\/wp-content\/uploads\/2023\/06\/Pillar-Alzheimers_Header.png","author_name":"dooley","post_url":"https:\/\/www.pillarhealthcare.org\/es\/resources\/health-and-wellness\/alzheimers-brain-awareness-month-understanding-identifying-and-living-a-brain-healthy-lifestyle\/","taxonomy_terms":{"post_tag":[{"name":"P\u00e1gina de inicio","slug":"homepage","id":199}],"resources_type":[{"name":"SALUD Y BIENESTAR","slug":"salud-y-bienestar","id":54}]},"_links":{"self":[{"href":"https:\/\/www.pillarhealthcare.org\/es\/wp-json\/wp\/v2\/resources\/17211","targetHints":{"allow":["GET"]}}],"collection":[{"href":"https:\/\/www.pillarhealthcare.org\/es\/wp-json\/wp\/v2\/resources"}],"about":[{"href":"https:\/\/www.pillarhealthcare.org\/es\/wp-json\/wp\/v2\/types\/resources"}],"author":[{"embeddable":true,"href":"https:\/\/www.pillarhealthcare.org\/es\/wp-json\/wp\/v2\/users\/1"}],"version-history":[{"count":11,"href":"https:\/\/www.pillarhealthcare.org\/es\/wp-json\/wp\/v2\/resources\/17211\/revisions"}],"predecessor-version":[{"id":19163,"href":"https:\/\/www.pillarhealthcare.org\/es\/wp-json\/wp\/v2\/resources\/17211\/revisions\/19163"}],"wp:featuredmedia":[{"embeddable":true,"href":"https:\/\/www.pillarhealthcare.org\/es\/wp-json\/wp\/v2\/media\/17214"}],"wp:attachment":[{"href":"https:\/\/www.pillarhealthcare.org\/es\/wp-json\/wp\/v2\/media?parent=17211"}],"wp:term":[{"taxonomy":"post_tag","embeddable":true,"href":"https:\/\/www.pillarhealthcare.org\/es\/wp-json\/wp\/v2\/tags?post=17211"},{"taxonomy":"resources_type","embeddable":true,"href":"https:\/\/www.pillarhealthcare.org\/es\/wp-json\/wp\/v2\/resources_type?post=17211"}],"curies":[{"name":"wp","href":"https:\/\/api.w.org\/{rel}","templated":true}]}}