{"id":229,"date":"2022-04-19T17:11:20","date_gmt":"2022-04-19T17:11:20","guid":{"rendered":"https:\/\/live-kchc-2022.pantheonsite.io\/?page_id=229"},"modified":"2025-01-08T13:27:53","modified_gmt":"2025-01-08T19:27:53","slug":"noticias","status":"publish","type":"page","link":"https:\/\/www.pillarhealthcare.org\/es\/news\/","title":{"rendered":"Noticias KCHC"},"content":{"rendered":"<p><div class=\"fusion-fullwidth fullwidth-box fusion-builder-row-1 fusion-flex-container has-pattern-background has-mask-background nonhundred-percent-fullwidth non-hundred-percent-height-scrolling\" style=\"--awb-border-radius-top-left:0px;--awb-border-radius-top-right:0px;--awb-border-radius-bottom-right:0px;--awb-border-radius-bottom-left:0px;--awb-margin-top:35px;--awb-flex-wrap:wrap;\" ><div class=\"fusion-builder-row fusion-row fusion-flex-align-items-flex-start fusion-flex-content-wrap\" style=\"max-width:1456px;margin-left: calc(-4% \/ 2 );margin-right: calc(-4% \/ 2 );\"><div class=\"fusion-layout-column fusion_builder_column fusion-builder-column-0 fusion_builder_column_1_1 1_1 fusion-flex-column\" style=\"--awb-bg-size:cover;--awb-width-large:100%;--awb-margin-top-large:0px;--awb-spacing-right-large:1.92%;--awb-margin-bottom-large:35px;--awb-spacing-left-large:1.92%;--awb-width-medium:100%;--awb-order-medium:0;--awb-spacing-right-medium:1.92%;--awb-spacing-left-medium:1.92%;--awb-width-small:100%;--awb-order-small:0;--awb-spacing-right-small:1.92%;--awb-spacing-left-small:1.92%;\" data-scroll-devices=\"small-visibility,medium-visibility,large-visibility\"><div class=\"fusion-column-wrapper fusion-column-has-shadow fusion-flex-justify-content-flex-start fusion-content-layout-column\"><div class=\"fusion-post-cards fusion-post-cards-1 fusion-grid-archive fusion-grid-columns-2\" style=\"--awb-columns:2;\" data-post-type-label=\"entradas\"><ul class=\"fusion-grid fusion-grid-2 fusion-flex-align-items-stretch fusion-grid-posts-cards\"><li class=\"fusion-layout-column fusion_builder_column fusion-builder-column-1 fusion-flex-column post-card fusion-grid-column fusion-post-cards-grid-column\" style=\"--awb-bg-color:var(--awb-color1);--awb-bg-color-hover:var(--awb-color1);--awb-bg-blend:overlay;--awb-bg-size:cover;--awb-box-shadow:1px 1px 10px 0px rgba(0,0,0,0.16);;--awb-flex-grow:0;--awb-flex-shrink:0;--awb-flex-grow-medium:;--awb-flex-shrink-medium:;--awb-flex-grow-small:;--awb-flex-shrink-small:;\"><div class=\"fusion-column-wrapper fusion-column-has-shadow fusion-flex-justify-content-space-evenly fusion-content-layout-column fusion-content-nowrap\"><div class=\"fusion-builder-row fusion-builder-row-inner fusion-row fusion-flex-align-items-flex-start fusion-flex-content-wrap\" style=\"--awb-flex-grow:0;--awb-flex-grow-medium:0;--awb-flex-grow-small:0;--awb-flex-shrink:0;--awb-flex-shrink-medium:0;--awb-flex-shrink-small:0;width:104% !important;max-width:104% !important;margin-left: calc(-4% \/ 2 );margin-right: calc(-4% \/ 2 );\"><div class=\"fusion-layout-column fusion_builder_column_inner fusion-builder-nested-column-0 fusion_builder_column_inner_2_5 2_5 fusion-flex-column fusion-flex-align-self-stretch fusion-column-inner-bg-wrapper\" style=\"--awb-inner-bg-position:center center;--awb-inner-bg-size:cover;--awb-width-large:40%;--awb-margin-top-large:0px;--awb-spacing-right-large:4.8%;--awb-margin-bottom-large:0px;--awb-spacing-left-large:4.8%;--awb-width-medium:40%;--awb-order-medium:0;--awb-spacing-right-medium:4.8%;--awb-spacing-left-medium:4.8%;--awb-width-small:100%;--awb-order-small:0;--awb-spacing-right-small:1.92%;--awb-spacing-left-small:1.92%;\"><span class=\"fusion-column-inner-bg hover-type-none\"><a class=\"fusion-column-anchor\" href=\"https:\/\/www.pillarhealthcare.org\/es\/2026\/08\/26\/kenosha-blood-drive-september-2026\/\"><span class=\"fusion-column-inner-bg-image lazyload\" data-bg=\"https:\/\/www.pillarhealthcare.org\/wp-content\/uploads\/2026\/08\/Pillar-BloodDrive_Square.png\"><\/span><\/a><\/span><div class=\"fusion-column-wrapper fusion-column-has-shadow fusion-flex-justify-content-center fusion-content-layout-column fusion-empty-column-bg-image fusion-column-has-bg-image\" data-bg-url=\"https:\/\/www.pillarhealthcare.org\/wp-content\/uploads\/2026\/08\/Pillar-BloodDrive_Square.png\"><img decoding=\"async\" class=\"fusion-empty-dims-img-placeholder\" alt=\"Pilar Plaza de la Donaci\u00f3n de Sangre\" aria-label=\"Pilar Plaza de la Donaci\u00f3n de Sangre\" src=\"data:image\/svg+xml,%3Csvg%20xmlns%3D%27http%3A%2F%2Fwww.w3.org%2F2000%2Fsvg%27%20width%3D%27600%27%20height%3D%27600%27%20viewBox%3D%270%200%20600%20600%27%3E%3Crect%20width%3D%27600%27%20height%3D%27600%27%20fill-opacity%3D%220%22%2F%3E%3C%2Fsvg%3E\"><\/div><\/div><div class=\"fusion-layout-column fusion_builder_column_inner fusion-builder-nested-column-1 fusion_builder_column_inner_3_5 3_5 fusion-flex-column fusion-flex-align-self-stretch\" style=\"--awb-padding-top:35px;--awb-padding-right:20px;--awb-padding-bottom:15px;--awb-padding-left:20px;--awb-overflow:hidden;--awb-bg-size:cover;--awb-border-radius:4px 4px 4px 4px;--awb-width-large:60%;--awb-margin-top-large:0px;--awb-spacing-right-large:3.2%;--awb-margin-bottom-large:0px;--awb-spacing-left-large:3.2%;--awb-width-medium:60%;--awb-order-medium:0;--awb-spacing-right-medium:3.2%;--awb-spacing-left-medium:3.2%;--awb-width-small:100%;--awb-order-small:0;--awb-spacing-right-small:1.92%;--awb-spacing-left-small:1.92%;\"><div class=\"fusion-column-wrapper fusion-column-has-shadow fusion-flex-justify-content-center fusion-content-layout-column\"><div class=\"fusion-title title fusion-title-1 fusion-sep-none fusion-title-text fusion-title-size-four\" style=\"--awb-text-color:var(--awb-custom_color_5);--awb-margin-top-small:10px;--awb-margin-right-small:0px;--awb-margin-bottom-small:10px;--awb-margin-left-small:0px;--awb-link-color:var(--awb-custom_color_5);\"><h4 class=\"fusion-title-heading title-heading-left fusion-responsive-typography-calculated\" style=\"margin:0;--fontSize:30;--minFontSize:30;line-height:1.4;\"><a href=\"https:\/\/www.pillarhealthcare.org\/es\/2026\/08\/26\/kenosha-blood-drive-september-2026\/\" class=\"awb-custom-text-color awb-custom-text-hover-color\" target=\"_self\">Contribuye con tu comunidad en la campa\u00f1a de donaci\u00f3n de sangre de Pillar Health en Kenosha<\/a><\/h4><\/div><div class=\"fusion-text fusion-text-1\" style=\"--awb-content-alignment:left;--awb-text-color:var(--awb-custom_color_4);\"><p>26 de agosto de 2026<\/p>\n<\/div><div class=\"fusion-content-tb fusion-content-tb-1 resource-excerpt\" style=\"--awb-text-color:var(--awb-custom_color_7);--awb-text-transform:none;\"><p>Dona sangre en Kenosha el 25 de septiembre de 2026, en la cl\u00ednica KCHC de la 14\u00aa Avenida de Pillar Health. Se recomienda hacer cita previa, aunque tambi\u00e9n se atiende sin cita.<\/p><\/div><\/div><\/div><\/div><\/div><\/li>\n<li class=\"fusion-layout-column fusion_builder_column fusion-builder-column-2 fusion-flex-column post-card fusion-grid-column fusion-post-cards-grid-column\" style=\"--awb-bg-color:var(--awb-color1);--awb-bg-color-hover:var(--awb-color1);--awb-bg-blend:overlay;--awb-bg-size:cover;--awb-box-shadow:1px 1px 10px 0px rgba(0,0,0,0.16);;--awb-flex-grow:0;--awb-flex-shrink:0;--awb-flex-grow-medium:;--awb-flex-shrink-medium:;--awb-flex-grow-small:;--awb-flex-shrink-small:;\"><div class=\"fusion-column-wrapper fusion-column-has-shadow fusion-flex-justify-content-space-evenly fusion-content-layout-column fusion-content-nowrap\"><div class=\"fusion-builder-row fusion-builder-row-inner fusion-row fusion-flex-align-items-flex-start fusion-flex-content-wrap\" style=\"--awb-flex-grow:0;--awb-flex-grow-medium:0;--awb-flex-grow-small:0;--awb-flex-shrink:0;--awb-flex-shrink-medium:0;--awb-flex-shrink-small:0;width:104% !important;max-width:104% !important;margin-left: calc(-4% \/ 2 );margin-right: calc(-4% \/ 2 );\"><div class=\"fusion-layout-column fusion_builder_column_inner fusion-builder-nested-column-2 fusion_builder_column_inner_2_5 2_5 fusion-flex-column fusion-flex-align-self-stretch fusion-column-inner-bg-wrapper\" style=\"--awb-inner-bg-position:center center;--awb-inner-bg-size:cover;--awb-width-large:40%;--awb-margin-top-large:0px;--awb-spacing-right-large:4.8%;--awb-margin-bottom-large:0px;--awb-spacing-left-large:4.8%;--awb-width-medium:40%;--awb-order-medium:0;--awb-spacing-right-medium:4.8%;--awb-spacing-left-medium:4.8%;--awb-width-small:100%;--awb-order-small:0;--awb-spacing-right-small:1.92%;--awb-spacing-left-small:1.92%;\"><span class=\"fusion-column-inner-bg hover-type-none\"><a class=\"fusion-column-anchor\" href=\"https:\/\/www.pillarhealthcare.org\/es\/2026\/07\/30\/celebrating-national-health-center-week-2026\/\"><span class=\"fusion-column-inner-bg-image lazyload\" data-bg=\"https:\/\/www.pillarhealthcare.org\/wp-content\/uploads\/2026\/07\/Pillar_NHCW-Square.png\"><\/span><\/a><\/span><div class=\"fusion-column-wrapper fusion-column-has-shadow fusion-flex-justify-content-center fusion-content-layout-column fusion-empty-column-bg-image fusion-column-has-bg-image\" data-bg-url=\"https:\/\/www.pillarhealthcare.org\/wp-content\/uploads\/2026\/07\/Pillar_NHCW-Square.png\"><img decoding=\"async\" class=\"fusion-empty-dims-img-placeholder\" alt=\"Pilar Nhcw Cuadrado\" aria-label=\"Pilar Nhcw Cuadrado\" src=\"data:image\/svg+xml,%3Csvg%20xmlns%3D%27http%3A%2F%2Fwww.w3.org%2F2000%2Fsvg%27%20width%3D%271250%27%20height%3D%271250%27%20viewBox%3D%270%200%201250%201250%27%3E%3Crect%20width%3D%271250%27%20height%3D%271250%27%20fill-opacity%3D%220%22%2F%3E%3C%2Fsvg%3E\"><\/div><\/div><div class=\"fusion-layout-column fusion_builder_column_inner fusion-builder-nested-column-3 fusion_builder_column_inner_3_5 3_5 fusion-flex-column fusion-flex-align-self-stretch\" style=\"--awb-padding-top:35px;--awb-padding-right:20px;--awb-padding-bottom:15px;--awb-padding-left:20px;--awb-overflow:hidden;--awb-bg-size:cover;--awb-border-radius:4px 4px 4px 4px;--awb-width-large:60%;--awb-margin-top-large:0px;--awb-spacing-right-large:3.2%;--awb-margin-bottom-large:0px;--awb-spacing-left-large:3.2%;--awb-width-medium:60%;--awb-order-medium:0;--awb-spacing-right-medium:3.2%;--awb-spacing-left-medium:3.2%;--awb-width-small:100%;--awb-order-small:0;--awb-spacing-right-small:1.92%;--awb-spacing-left-small:1.92%;\"><div class=\"fusion-column-wrapper fusion-column-has-shadow fusion-flex-justify-content-center fusion-content-layout-column\"><div class=\"fusion-title title fusion-title-2 fusion-sep-none fusion-title-text fusion-title-size-four\" style=\"--awb-text-color:var(--awb-custom_color_5);--awb-margin-top-small:10px;--awb-margin-right-small:0px;--awb-margin-bottom-small:10px;--awb-margin-left-small:0px;--awb-link-color:var(--awb-custom_color_5);\"><h4 class=\"fusion-title-heading title-heading-left fusion-responsive-typography-calculated\" style=\"margin:0;--fontSize:30;--minFontSize:30;line-height:1.4;\"><a href=\"https:\/\/www.pillarhealthcare.org\/es\/2026\/07\/30\/celebrating-national-health-center-week-2026\/\" class=\"awb-custom-text-color awb-custom-text-hover-color\" target=\"_self\">Celebraci\u00f3n de la Semana Nacional de los Centros de Salud 2026: Creando una atenci\u00f3n innovadora donde m\u00e1s importa<\/a><\/h4><\/div><div class=\"fusion-text fusion-text-2\" style=\"--awb-content-alignment:left;--awb-text-color:var(--awb-custom_color_4);\"><p>30 de julio de 2026<\/p>\n<\/div><div class=\"fusion-content-tb fusion-content-tb-2 resource-excerpt\" style=\"--awb-text-color:var(--awb-custom_color_7);--awb-text-transform:none;\"><p>Pillar Health y KCHC celebran la Semana Nacional de los Centros de Salud 2026, en reconocimiento a m\u00e1s de 30 a\u00f1os de atenci\u00f3n comunitaria accesible en el sureste de Wisconsin.<\/p><\/div><\/div><\/div><\/div><\/div><\/li>\n<li class=\"fusion-layout-column fusion_builder_column fusion-builder-column-3 fusion-flex-column post-card fusion-grid-column fusion-post-cards-grid-column\" style=\"--awb-bg-color:var(--awb-color1);--awb-bg-color-hover:var(--awb-color1);--awb-bg-blend:overlay;--awb-bg-size:cover;--awb-box-shadow:1px 1px 10px 0px rgba(0,0,0,0.16);;--awb-flex-grow:0;--awb-flex-shrink:0;--awb-flex-grow-medium:;--awb-flex-shrink-medium:;--awb-flex-grow-small:;--awb-flex-shrink-small:;\"><div class=\"fusion-column-wrapper fusion-column-has-shadow fusion-flex-justify-content-space-evenly fusion-content-layout-column fusion-content-nowrap\"><div class=\"fusion-builder-row fusion-builder-row-inner fusion-row fusion-flex-align-items-flex-start fusion-flex-content-wrap\" style=\"--awb-flex-grow:0;--awb-flex-grow-medium:0;--awb-flex-grow-small:0;--awb-flex-shrink:0;--awb-flex-shrink-medium:0;--awb-flex-shrink-small:0;width:104% !important;max-width:104% !important;margin-left: calc(-4% \/ 2 );margin-right: calc(-4% \/ 2 );\"><div class=\"fusion-layout-column fusion_builder_column_inner fusion-builder-nested-column-4 fusion_builder_column_inner_2_5 2_5 fusion-flex-column fusion-flex-align-self-stretch fusion-column-inner-bg-wrapper\" style=\"--awb-inner-bg-position:center center;--awb-inner-bg-size:cover;--awb-width-large:40%;--awb-margin-top-large:0px;--awb-spacing-right-large:4.8%;--awb-margin-bottom-large:0px;--awb-spacing-left-large:4.8%;--awb-width-medium:40%;--awb-order-medium:0;--awb-spacing-right-medium:4.8%;--awb-spacing-left-medium:4.8%;--awb-width-small:100%;--awb-order-small:0;--awb-spacing-right-small:1.92%;--awb-spacing-left-small:1.92%;\"><span class=\"fusion-column-inner-bg hover-type-none\"><a class=\"fusion-column-anchor\" href=\"https:\/\/www.pillarhealthcare.org\/es\/2026\/07\/08\/pillar-healths-seal-a-smile-program-2025-2026\/\"><span class=\"fusion-column-inner-bg-image lazyload\" data-bg=\"https:\/\/www.pillarhealthcare.org\/wp-content\/uploads\/2025\/10\/Pillar-SAS_Square.jpg\"><\/span><\/a><\/span><div class=\"fusion-column-wrapper fusion-column-has-shadow fusion-flex-justify-content-center fusion-content-layout-column fusion-empty-column-bg-image fusion-column-has-bg-image\" data-bg-url=\"https:\/\/www.pillarhealthcare.org\/wp-content\/uploads\/2025\/10\/Pillar-SAS_Square.jpg\"><img decoding=\"async\" class=\"fusion-empty-dims-img-placeholder\" alt=\"Pilar Sas Cuadrado\" aria-label=\"Pilar Sas Cuadrado\" src=\"data:image\/svg+xml,%3Csvg%20xmlns%3D%27http%3A%2F%2Fwww.w3.org%2F2000%2Fsvg%27%20width%3D%27600%27%20height%3D%27600%27%20viewBox%3D%270%200%20600%20600%27%3E%3Crect%20width%3D%27600%27%20height%3D%27600%27%20fill-opacity%3D%220%22%2F%3E%3C%2Fsvg%3E\"><\/div><\/div><div class=\"fusion-layout-column fusion_builder_column_inner fusion-builder-nested-column-5 fusion_builder_column_inner_3_5 3_5 fusion-flex-column fusion-flex-align-self-stretch\" style=\"--awb-padding-top:35px;--awb-padding-right:20px;--awb-padding-bottom:15px;--awb-padding-left:20px;--awb-overflow:hidden;--awb-bg-size:cover;--awb-border-radius:4px 4px 4px 4px;--awb-width-large:60%;--awb-margin-top-large:0px;--awb-spacing-right-large:3.2%;--awb-margin-bottom-large:0px;--awb-spacing-left-large:3.2%;--awb-width-medium:60%;--awb-order-medium:0;--awb-spacing-right-medium:3.2%;--awb-spacing-left-medium:3.2%;--awb-width-small:100%;--awb-order-small:0;--awb-spacing-right-small:1.92%;--awb-spacing-left-small:1.92%;\"><div class=\"fusion-column-wrapper fusion-column-has-shadow fusion-flex-justify-content-center fusion-content-layout-column\"><div class=\"fusion-title title fusion-title-3 fusion-sep-none fusion-title-text fusion-title-size-four\" style=\"--awb-text-color:var(--awb-custom_color_5);--awb-margin-top-small:10px;--awb-margin-right-small:0px;--awb-margin-bottom-small:10px;--awb-margin-left-small:0px;--awb-link-color:var(--awb-custom_color_5);\"><h4 class=\"fusion-title-heading title-heading-left fusion-responsive-typography-calculated\" style=\"margin:0;--fontSize:30;--minFontSize:30;line-height:1.4;\"><a href=\"https:\/\/www.pillarhealthcare.org\/es\/2026\/07\/08\/pillar-healths-seal-a-smile-program-2025-2026\/\" class=\"awb-custom-text-color awb-custom-text-hover-color\" target=\"_self\">El programa \u00abSeal-A-Smile\u00bb de Pillar Health llega a m\u00e1s de 2.200 alumnos durante el curso escolar 2025-2026<\/a><\/h4><\/div><div class=\"fusion-text fusion-text-3\" style=\"--awb-content-alignment:left;--awb-text-color:var(--awb-custom_color_4);\"><p>8 de julio de 2026<\/p>\n<\/div><div class=\"fusion-content-tb fusion-content-tb-3 resource-excerpt\" style=\"--awb-text-color:var(--awb-custom_color_7);--awb-text-transform:none;\"><p>En respuesta a la gran demanda de atenci\u00f3n primaria y servicios de salud conductual, Pillar Health Racine Clinic anuncia la ampliaci\u00f3n del acceso a servicios m\u00e9dicos y de salud conductual de alta calidad, ofreciendo una mayor disponibilidad de citas.<\/p><\/div><\/div><\/div><\/div><\/div><\/li>\n<li class=\"fusion-layout-column fusion_builder_column fusion-builder-column-4 fusion-flex-column post-card fusion-grid-column fusion-post-cards-grid-column\" style=\"--awb-bg-color:var(--awb-color1);--awb-bg-color-hover:var(--awb-color1);--awb-bg-blend:overlay;--awb-bg-size:cover;--awb-box-shadow:1px 1px 10px 0px rgba(0,0,0,0.16);;--awb-flex-grow:0;--awb-flex-shrink:0;--awb-flex-grow-medium:;--awb-flex-shrink-medium:;--awb-flex-grow-small:;--awb-flex-shrink-small:;\"><div class=\"fusion-column-wrapper fusion-column-has-shadow fusion-flex-justify-content-space-evenly fusion-content-layout-column fusion-content-nowrap\"><div class=\"fusion-builder-row fusion-builder-row-inner fusion-row fusion-flex-align-items-flex-start fusion-flex-content-wrap\" style=\"--awb-flex-grow:0;--awb-flex-grow-medium:0;--awb-flex-grow-small:0;--awb-flex-shrink:0;--awb-flex-shrink-medium:0;--awb-flex-shrink-small:0;width:104% !important;max-width:104% !important;margin-left: calc(-4% \/ 2 );margin-right: calc(-4% \/ 2 );\"><div class=\"fusion-layout-column fusion_builder_column_inner fusion-builder-nested-column-6 fusion_builder_column_inner_2_5 2_5 fusion-flex-column fusion-flex-align-self-stretch fusion-column-inner-bg-wrapper\" style=\"--awb-inner-bg-position:center center;--awb-inner-bg-size:cover;--awb-width-large:40%;--awb-margin-top-large:0px;--awb-spacing-right-large:4.8%;--awb-margin-bottom-large:0px;--awb-spacing-left-large:4.8%;--awb-width-medium:40%;--awb-order-medium:0;--awb-spacing-right-medium:4.8%;--awb-spacing-left-medium:4.8%;--awb-width-small:100%;--awb-order-small:0;--awb-spacing-right-small:1.92%;--awb-spacing-left-small:1.92%;\"><span class=\"fusion-column-inner-bg hover-type-none\"><a class=\"fusion-column-anchor\" href=\"https:\/\/www.pillarhealthcare.org\/es\/2026\/05\/20\/jennifer-eppinger-mental-health-spotlight\/\"><span class=\"fusion-column-inner-bg-image lazyload\" data-bg=\"https:\/\/www.pillarhealthcare.org\/wp-content\/uploads\/2024\/07\/KCHC_Jen-Eppinger_Headshot_071624-blue-jpg.webp\"><\/span><\/a><\/span><div class=\"fusion-column-wrapper fusion-column-has-shadow fusion-flex-justify-content-center fusion-content-layout-column fusion-empty-column-bg-image fusion-column-has-bg-image\" data-bg-url=\"https:\/\/www.pillarhealthcare.org\/wp-content\/uploads\/2024\/07\/KCHC_Jen-Eppinger_Headshot_071624-blue-jpg.webp\"><img decoding=\"async\" class=\"fusion-empty-dims-img-placeholder\" alt=\"Kchc Jen Eppinger Headshot 071624 Azul\" aria-label=\"Kchc Jen Eppinger Headshot 071624 Azul\" src=\"data:image\/svg+xml,%3Csvg%20xmlns%3D%27http%3A%2F%2Fwww.w3.org%2F2000%2Fsvg%27%20width%3D%27500%27%20height%3D%27500%27%20viewBox%3D%270%200%20500%20500%27%3E%3Crect%20width%3D%27500%27%20height%3D%27500%27%20fill-opacity%3D%220%22%2F%3E%3C%2Fsvg%3E\"><\/div><\/div><div class=\"fusion-layout-column fusion_builder_column_inner fusion-builder-nested-column-7 fusion_builder_column_inner_3_5 3_5 fusion-flex-column fusion-flex-align-self-stretch\" style=\"--awb-padding-top:35px;--awb-padding-right:20px;--awb-padding-bottom:15px;--awb-padding-left:20px;--awb-overflow:hidden;--awb-bg-size:cover;--awb-border-radius:4px 4px 4px 4px;--awb-width-large:60%;--awb-margin-top-large:0px;--awb-spacing-right-large:3.2%;--awb-margin-bottom-large:0px;--awb-spacing-left-large:3.2%;--awb-width-medium:60%;--awb-order-medium:0;--awb-spacing-right-medium:3.2%;--awb-spacing-left-medium:3.2%;--awb-width-small:100%;--awb-order-small:0;--awb-spacing-right-small:1.92%;--awb-spacing-left-small:1.92%;\"><div class=\"fusion-column-wrapper fusion-column-has-shadow fusion-flex-justify-content-center fusion-content-layout-column\"><div class=\"fusion-title title fusion-title-4 fusion-sep-none fusion-title-text fusion-title-size-four\" style=\"--awb-text-color:var(--awb-custom_color_5);--awb-margin-top-small:10px;--awb-margin-right-small:0px;--awb-margin-bottom-small:10px;--awb-margin-left-small:0px;--awb-link-color:var(--awb-custom_color_5);\"><h4 class=\"fusion-title-heading title-heading-left fusion-responsive-typography-calculated\" style=\"margin:0;--fontSize:30;--minFontSize:30;line-height:1.4;\"><a href=\"https:\/\/www.pillarhealthcare.org\/es\/2026\/05\/20\/jennifer-eppinger-mental-health-spotlight\/\" class=\"awb-custom-text-color awb-custom-text-hover-color\" target=\"_self\">Jennifer Eppinger ampl\u00eda su experiencia en atenci\u00f3n pedi\u00e1trica con la acreditaci\u00f3n de especialista en salud mental infantil<\/a><\/h4><\/div><div class=\"fusion-text fusion-text-4\" style=\"--awb-content-alignment:left;--awb-text-color:var(--awb-custom_color_4);\"><p>20 de mayo de 2026<\/p>\n<\/div><div class=\"fusion-content-tb fusion-content-tb-4 resource-excerpt\" style=\"--awb-text-color:var(--awb-custom_color_7);--awb-text-transform:none;\"><p>Pillar Health destaca a la profesional de la salud pedi\u00e1trica Jennifer Eppinger, CPNP-PC, PMHS, y su amplia experiencia en la atenci\u00f3n de la salud mental y conductual pedi\u00e1trica para ni\u00f1os y familias.<\/p><\/div><\/div><\/div><\/div><\/div><\/li>\n<li class=\"fusion-layout-column fusion_builder_column fusion-builder-column-5 fusion-flex-column post-card fusion-grid-column fusion-post-cards-grid-column\" style=\"--awb-bg-color:var(--awb-color1);--awb-bg-color-hover:var(--awb-color1);--awb-bg-blend:overlay;--awb-bg-size:cover;--awb-box-shadow:1px 1px 10px 0px rgba(0,0,0,0.16);;--awb-flex-grow:0;--awb-flex-shrink:0;--awb-flex-grow-medium:;--awb-flex-shrink-medium:;--awb-flex-grow-small:;--awb-flex-shrink-small:;\"><div class=\"fusion-column-wrapper fusion-column-has-shadow fusion-flex-justify-content-space-evenly fusion-content-layout-column fusion-content-nowrap\"><div class=\"fusion-builder-row fusion-builder-row-inner fusion-row fusion-flex-align-items-flex-start fusion-flex-content-wrap\" style=\"--awb-flex-grow:0;--awb-flex-grow-medium:0;--awb-flex-grow-small:0;--awb-flex-shrink:0;--awb-flex-shrink-medium:0;--awb-flex-shrink-small:0;width:104% !important;max-width:104% !important;margin-left: calc(-4% \/ 2 );margin-right: calc(-4% \/ 2 );\"><div class=\"fusion-layout-column fusion_builder_column_inner fusion-builder-nested-column-8 fusion_builder_column_inner_1_1 1_1 fusion-flex-column fusion-flex-align-self-stretch\" style=\"--awb-padding-top:35px;--awb-padding-right:20px;--awb-padding-bottom:35px;--awb-padding-left:20px;--awb-overflow:hidden;--awb-bg-size:cover;--awb-border-radius:4px 4px 4px 4px;--awb-width-large:100%;--awb-margin-top-large:0px;--awb-spacing-right-large:1.92%;--awb-margin-bottom-large:0px;--awb-spacing-left-large:1.92%;--awb-width-medium:100%;--awb-order-medium:0;--awb-spacing-right-medium:1.92%;--awb-spacing-left-medium:1.92%;--awb-width-small:100%;--awb-order-small:0;--awb-spacing-right-small:1.92%;--awb-spacing-left-small:1.92%;\"><div class=\"fusion-column-wrapper fusion-column-has-shadow fusion-flex-justify-content-center fusion-content-layout-column\"><div class=\"fusion-title title fusion-title-5 fusion-sep-none fusion-title-text fusion-title-size-four\" style=\"--awb-text-color:var(--awb-custom_color_5);--awb-margin-top-small:10px;--awb-margin-right-small:0px;--awb-margin-bottom-small:10px;--awb-margin-left-small:0px;--awb-link-color:var(--awb-custom_color_5);\"><h4 class=\"fusion-title-heading title-heading-left fusion-responsive-typography-calculated\" style=\"margin:0;--fontSize:30;--minFontSize:30;line-height:1.4;\"><a href=\"https:\/\/www.pillarhealthcare.org\/es\/2026\/04\/29\/spotlight-group-therapy-program\/\" class=\"awb-custom-text-color awb-custom-text-hover-color\" target=\"_self\">KCHC y Pillar Health destacan el programa de terapia grupal durante el Mes de la Concienciaci\u00f3n sobre la Salud Mental<\/a><\/h4><\/div><div class=\"fusion-text fusion-text-5\" style=\"--awb-content-alignment:left;--awb-text-color:var(--awb-custom_color_4);\"><p>29 de abril de 2026<\/p>\n<\/div><div class=\"fusion-content-tb fusion-content-tb-5\" style=\"--awb-text-color:var(--awb-custom_color_7);--awb-text-transform:none;\"><p>El mes de mayo se celebra a nivel nacional como el Mes de la Concienciaci\u00f3n sobre la Salud Mental, un periodo dedicado a sensibilizar a la poblaci\u00f3n, reducir el estigma y animar a personas de todas las edades a dar prioridad a su bienestar emocional.<\/p><\/div><\/div><\/div><\/div><\/div><\/li>\n<li class=\"fusion-layout-column fusion_builder_column fusion-builder-column-6 fusion-flex-column post-card fusion-grid-column fusion-post-cards-grid-column\" style=\"--awb-bg-color:var(--awb-color1);--awb-bg-color-hover:var(--awb-color1);--awb-bg-blend:overlay;--awb-bg-size:cover;--awb-box-shadow:1px 1px 10px 0px rgba(0,0,0,0.16);;--awb-flex-grow:0;--awb-flex-shrink:0;--awb-flex-grow-medium:;--awb-flex-shrink-medium:;--awb-flex-grow-small:;--awb-flex-shrink-small:;\"><div class=\"fusion-column-wrapper fusion-column-has-shadow fusion-flex-justify-content-space-evenly fusion-content-layout-column fusion-content-nowrap\"><div class=\"fusion-builder-row fusion-builder-row-inner fusion-row fusion-flex-align-items-flex-start fusion-flex-content-wrap\" style=\"--awb-flex-grow:0;--awb-flex-grow-medium:0;--awb-flex-grow-small:0;--awb-flex-shrink:0;--awb-flex-shrink-medium:0;--awb-flex-shrink-small:0;width:104% !important;max-width:104% !important;margin-left: calc(-4% \/ 2 );margin-right: calc(-4% \/ 2 );\"><div class=\"fusion-layout-column fusion_builder_column_inner fusion-builder-nested-column-9 fusion_builder_column_inner_2_5 2_5 fusion-flex-column fusion-flex-align-self-stretch fusion-column-inner-bg-wrapper\" style=\"--awb-inner-bg-position:center center;--awb-inner-bg-size:cover;--awb-width-large:40%;--awb-margin-top-large:0px;--awb-spacing-right-large:4.8%;--awb-margin-bottom-large:0px;--awb-spacing-left-large:4.8%;--awb-width-medium:40%;--awb-order-medium:0;--awb-spacing-right-medium:4.8%;--awb-spacing-left-medium:4.8%;--awb-width-small:100%;--awb-order-small:0;--awb-spacing-right-small:1.92%;--awb-spacing-left-small:1.92%;\"><span class=\"fusion-column-inner-bg hover-type-none\"><a class=\"fusion-column-anchor\" href=\"https:\/\/www.pillarhealthcare.org\/es\/2026\/03\/19\/new-state-law-strengthens-care-for-racine-families\/\"><span class=\"fusion-column-inner-bg-image lazyload\" data-bg=\"https:\/\/www.pillarhealthcare.org\/wp-content\/uploads\/2026\/03\/Pillar-Evers-10.jpg\"><\/span><\/a><\/span><div class=\"fusion-column-wrapper fusion-column-has-shadow fusion-flex-justify-content-center fusion-content-layout-column fusion-empty-column-bg-image fusion-column-has-bg-image\" data-bg-url=\"https:\/\/www.pillarhealthcare.org\/wp-content\/uploads\/2026\/03\/Pillar-Evers-10.jpg\"><img decoding=\"async\" class=\"fusion-empty-dims-img-placeholder\" alt=\"Pillar Evers 10\" aria-label=\"Pillar Evers 10\" src=\"data:image\/svg+xml,%3Csvg%20xmlns%3D%27http%3A%2F%2Fwww.w3.org%2F2000%2Fsvg%27%20width%3D%271200%27%20height%3D%271200%27%20viewBox%3D%270%200%201200%201200%27%3E%3Crect%20width%3D%271200%27%20height%3D%271200%27%20fill-opacity%3D%220%22%2F%3E%3C%2Fsvg%3E\"><\/div><\/div><div class=\"fusion-layout-column fusion_builder_column_inner fusion-builder-nested-column-10 fusion_builder_column_inner_3_5 3_5 fusion-flex-column fusion-flex-align-self-stretch\" style=\"--awb-padding-top:35px;--awb-padding-right:20px;--awb-padding-bottom:15px;--awb-padding-left:20px;--awb-overflow:hidden;--awb-bg-size:cover;--awb-border-radius:4px 4px 4px 4px;--awb-width-large:60%;--awb-margin-top-large:0px;--awb-spacing-right-large:3.2%;--awb-margin-bottom-large:0px;--awb-spacing-left-large:3.2%;--awb-width-medium:60%;--awb-order-medium:0;--awb-spacing-right-medium:3.2%;--awb-spacing-left-medium:3.2%;--awb-width-small:100%;--awb-order-small:0;--awb-spacing-right-small:1.92%;--awb-spacing-left-small:1.92%;\"><div class=\"fusion-column-wrapper fusion-column-has-shadow fusion-flex-justify-content-center fusion-content-layout-column\"><div class=\"fusion-title title fusion-title-6 fusion-sep-none fusion-title-text fusion-title-size-four\" style=\"--awb-text-color:var(--awb-custom_color_5);--awb-margin-top-small:10px;--awb-margin-right-small:0px;--awb-margin-bottom-small:10px;--awb-margin-left-small:0px;--awb-link-color:var(--awb-custom_color_5);\"><h4 class=\"fusion-title-heading title-heading-left fusion-responsive-typography-calculated\" style=\"margin:0;--fontSize:30;--minFontSize:30;line-height:1.4;\"><a href=\"https:\/\/www.pillarhealthcare.org\/es\/2026\/03\/19\/new-state-law-strengthens-care-for-racine-families\/\" class=\"awb-custom-text-color awb-custom-text-hover-color\" target=\"_self\">Una nueva ley estatal que ampl\u00eda la cobertura posparto refuerza la atenci\u00f3n a las familias de Racine en Pillar Health<\/a><\/h4><\/div><div class=\"fusion-text fusion-text-6\" style=\"--awb-content-alignment:left;--awb-text-color:var(--awb-custom_color_4);\"><p>19 de marzo de 2026<\/p>\n<\/div><div class=\"fusion-content-tb fusion-content-tb-6 resource-excerpt\" style=\"--awb-text-color:var(--awb-custom_color_7);--awb-text-transform:none;\"><p>La legislaci\u00f3n ampl\u00eda la cobertura posparto de Medicaid, abordando una brecha cr\u00edtica en la atenci\u00f3n durante el primer a\u00f1o tras el parto, un periodo en el que los riesgos para la salud siguen siendo elevados, pero muchas mujeres pierden el acceso constante a los servicios. Wisconsin es ahora el 49.\u00ba estado en adoptar esta pol\u00edtica.<\/p><\/div><\/div><\/div><\/div><\/div><\/li>\n<li class=\"fusion-layout-column fusion_builder_column fusion-builder-column-7 fusion-flex-column post-card fusion-grid-column fusion-post-cards-grid-column\" style=\"--awb-bg-color:var(--awb-color1);--awb-bg-color-hover:var(--awb-color1);--awb-bg-blend:overlay;--awb-bg-size:cover;--awb-box-shadow:1px 1px 10px 0px rgba(0,0,0,0.16);;--awb-flex-grow:0;--awb-flex-shrink:0;--awb-flex-grow-medium:;--awb-flex-shrink-medium:;--awb-flex-grow-small:;--awb-flex-shrink-small:;\"><div class=\"fusion-column-wrapper fusion-column-has-shadow fusion-flex-justify-content-space-evenly fusion-content-layout-column fusion-content-nowrap\"><div class=\"fusion-builder-row fusion-builder-row-inner fusion-row fusion-flex-align-items-flex-start fusion-flex-content-wrap\" style=\"--awb-flex-grow:0;--awb-flex-grow-medium:0;--awb-flex-grow-small:0;--awb-flex-shrink:0;--awb-flex-shrink-medium:0;--awb-flex-shrink-small:0;width:104% !important;max-width:104% !important;margin-left: calc(-4% \/ 2 );margin-right: calc(-4% \/ 2 );\"><div class=\"fusion-layout-column fusion_builder_column_inner fusion-builder-nested-column-11 fusion_builder_column_inner_2_5 2_5 fusion-flex-column fusion-flex-align-self-stretch fusion-column-inner-bg-wrapper\" style=\"--awb-inner-bg-position:center center;--awb-inner-bg-size:cover;--awb-width-large:40%;--awb-margin-top-large:0px;--awb-spacing-right-large:4.8%;--awb-margin-bottom-large:0px;--awb-spacing-left-large:4.8%;--awb-width-medium:40%;--awb-order-medium:0;--awb-spacing-right-medium:4.8%;--awb-spacing-left-medium:4.8%;--awb-width-small:100%;--awb-order-small:0;--awb-spacing-right-small:1.92%;--awb-spacing-left-small:1.92%;\"><span class=\"fusion-column-inner-bg hover-type-none\"><a class=\"fusion-column-anchor\" href=\"https:\/\/www.pillarhealthcare.org\/es\/2026\/03\/12\/traffic-alert-22nd-ave\/\"><span class=\"fusion-column-inner-bg-image lazyload\" data-bg=\"https:\/\/www.pillarhealthcare.org\/wp-content\/uploads\/2026\/03\/Pillar-22ndAve-Construction_Square.png\"><\/span><\/a><\/span><div class=\"fusion-column-wrapper fusion-column-has-shadow fusion-flex-justify-content-center fusion-content-layout-column fusion-empty-column-bg-image fusion-column-has-bg-image\" data-bg-url=\"https:\/\/www.pillarhealthcare.org\/wp-content\/uploads\/2026\/03\/Pillar-22ndAve-Construction_Square.png\"><img decoding=\"async\" class=\"fusion-empty-dims-img-placeholder\" alt=\"Pilar 22ndave Construction Square\" aria-label=\"Pilar 22ndave Construction Square\" src=\"data:image\/svg+xml,%3Csvg%20xmlns%3D%27http%3A%2F%2Fwww.w3.org%2F2000%2Fsvg%27%20width%3D%27600%27%20height%3D%27600%27%20viewBox%3D%270%200%20600%20600%27%3E%3Crect%20width%3D%27600%27%20height%3D%27600%27%20fill-opacity%3D%220%22%2F%3E%3C%2Fsvg%3E\"><\/div><\/div><div class=\"fusion-layout-column fusion_builder_column_inner fusion-builder-nested-column-12 fusion_builder_column_inner_3_5 3_5 fusion-flex-column fusion-flex-align-self-stretch\" style=\"--awb-padding-top:35px;--awb-padding-right:20px;--awb-padding-bottom:15px;--awb-padding-left:20px;--awb-overflow:hidden;--awb-bg-size:cover;--awb-border-radius:4px 4px 4px 4px;--awb-width-large:60%;--awb-margin-top-large:0px;--awb-spacing-right-large:3.2%;--awb-margin-bottom-large:0px;--awb-spacing-left-large:3.2%;--awb-width-medium:60%;--awb-order-medium:0;--awb-spacing-right-medium:3.2%;--awb-spacing-left-medium:3.2%;--awb-width-small:100%;--awb-order-small:0;--awb-spacing-right-small:1.92%;--awb-spacing-left-small:1.92%;\"><div class=\"fusion-column-wrapper fusion-column-has-shadow fusion-flex-justify-content-center fusion-content-layout-column\"><div class=\"fusion-title title fusion-title-7 fusion-sep-none fusion-title-text fusion-title-size-four\" style=\"--awb-text-color:var(--awb-custom_color_5);--awb-margin-top-small:10px;--awb-margin-right-small:0px;--awb-margin-bottom-small:10px;--awb-margin-left-small:0px;--awb-link-color:var(--awb-custom_color_5);\"><h4 class=\"fusion-title-heading title-heading-left fusion-responsive-typography-calculated\" style=\"margin:0;--fontSize:30;--minFontSize:30;line-height:1.4;\"><a href=\"https:\/\/www.pillarhealthcare.org\/es\/2026\/03\/12\/traffic-alert-22nd-ave\/\" class=\"awb-custom-text-color awb-custom-text-hover-color\" target=\"_self\">Alerta de tr\u00e1nsito: obras en la carretera que afectan al acceso a la cl\u00ednica KCHC de la 22 \u00aa Avenue en Kenosha<\/a><\/h4><\/div><div class=\"fusion-text fusion-text-7\" style=\"--awb-content-alignment:left;--awb-text-color:var(--awb-custom_color_4);\"><p>12 de marzo de 2026<\/p>\n<\/div><div class=\"fusion-content-tb fusion-content-tb-7 resource-excerpt\" style=\"--awb-text-color:var(--awb-custom_color_7);--awb-text-transform:none;\"><p>La segunda fase del proyecto de reconstrucci\u00f3n de la Avenida 22 comenz\u00f3 el 22 de julio, y el tr\u00e1fico en direcci\u00f3n norte se desvi\u00f3 hacia el lado de la carretera reci\u00e9n pavimentado. El tr\u00e1fico en direcci\u00f3n sur, desde Washington Road hasta la Calle 50, sigue cerrado durante las obras.<\/p><\/div><\/div><\/div><\/div><\/div><\/li>\n<li class=\"fusion-layout-column fusion_builder_column fusion-builder-column-8 fusion-flex-column post-card fusion-grid-column fusion-post-cards-grid-column\" style=\"--awb-bg-color:var(--awb-color1);--awb-bg-color-hover:var(--awb-color1);--awb-bg-blend:overlay;--awb-bg-size:cover;--awb-box-shadow:1px 1px 10px 0px rgba(0,0,0,0.16);;--awb-flex-grow:0;--awb-flex-shrink:0;--awb-flex-grow-medium:;--awb-flex-shrink-medium:;--awb-flex-grow-small:;--awb-flex-shrink-small:;\"><div class=\"fusion-column-wrapper fusion-column-has-shadow fusion-flex-justify-content-space-evenly fusion-content-layout-column fusion-content-nowrap\"><div class=\"fusion-builder-row fusion-builder-row-inner fusion-row fusion-flex-align-items-flex-start fusion-flex-content-wrap\" style=\"--awb-flex-grow:0;--awb-flex-grow-medium:0;--awb-flex-grow-small:0;--awb-flex-shrink:0;--awb-flex-shrink-medium:0;--awb-flex-shrink-small:0;width:104% !important;max-width:104% !important;margin-left: calc(-4% \/ 2 );margin-right: calc(-4% \/ 2 );\"><div class=\"fusion-layout-column fusion_builder_column_inner fusion-builder-nested-column-13 fusion_builder_column_inner_2_5 2_5 fusion-flex-column fusion-flex-align-self-stretch fusion-column-inner-bg-wrapper\" style=\"--awb-inner-bg-position:center center;--awb-inner-bg-size:cover;--awb-width-large:40%;--awb-margin-top-large:0px;--awb-spacing-right-large:4.8%;--awb-margin-bottom-large:0px;--awb-spacing-left-large:4.8%;--awb-width-medium:40%;--awb-order-medium:0;--awb-spacing-right-medium:4.8%;--awb-spacing-left-medium:4.8%;--awb-width-small:100%;--awb-order-small:0;--awb-spacing-right-small:1.92%;--awb-spacing-left-small:1.92%;\"><span class=\"fusion-column-inner-bg hover-type-none\"><a class=\"fusion-column-anchor\" href=\"https:\/\/www.pillarhealthcare.org\/es\/2026\/02\/05\/provider-spotlight-zach-gianakos\/\"><span class=\"fusion-column-inner-bg-image lazyload\" data-bg=\"https:\/\/www.pillarhealthcare.org\/wp-content\/uploads\/2026\/02\/Pillar-Gianakos-WEB.png\"><\/span><\/a><\/span><div class=\"fusion-column-wrapper fusion-column-has-shadow fusion-flex-justify-content-center fusion-content-layout-column fusion-empty-column-bg-image fusion-column-has-bg-image\" data-bg-url=\"https:\/\/www.pillarhealthcare.org\/wp-content\/uploads\/2026\/02\/Pillar-Gianakos-WEB.png\"><img decoding=\"async\" class=\"fusion-empty-dims-img-placeholder\" alt=\"Pilar Gianakos Web\" aria-label=\"Pilar Gianakos Web\" src=\"data:image\/svg+xml,%3Csvg%20xmlns%3D%27http%3A%2F%2Fwww.w3.org%2F2000%2Fsvg%27%20width%3D%27600%27%20height%3D%27600%27%20viewBox%3D%270%200%20600%20600%27%3E%3Crect%20width%3D%27600%27%20height%3D%27600%27%20fill-opacity%3D%220%22%2F%3E%3C%2Fsvg%3E\"><\/div><\/div><div class=\"fusion-layout-column fusion_builder_column_inner fusion-builder-nested-column-14 fusion_builder_column_inner_3_5 3_5 fusion-flex-column fusion-flex-align-self-stretch\" style=\"--awb-padding-top:35px;--awb-padding-right:20px;--awb-padding-bottom:15px;--awb-padding-left:20px;--awb-overflow:hidden;--awb-bg-size:cover;--awb-border-radius:4px 4px 4px 4px;--awb-width-large:60%;--awb-margin-top-large:0px;--awb-spacing-right-large:3.2%;--awb-margin-bottom-large:0px;--awb-spacing-left-large:3.2%;--awb-width-medium:60%;--awb-order-medium:0;--awb-spacing-right-medium:3.2%;--awb-spacing-left-medium:3.2%;--awb-width-small:100%;--awb-order-small:0;--awb-spacing-right-small:1.92%;--awb-spacing-left-small:1.92%;\"><div class=\"fusion-column-wrapper fusion-column-has-shadow fusion-flex-justify-content-center fusion-content-layout-column\"><div class=\"fusion-title title fusion-title-8 fusion-sep-none fusion-title-text fusion-title-size-four\" style=\"--awb-text-color:var(--awb-custom_color_5);--awb-margin-top-small:10px;--awb-margin-right-small:0px;--awb-margin-bottom-small:10px;--awb-margin-left-small:0px;--awb-link-color:var(--awb-custom_color_5);\"><h4 class=\"fusion-title-heading title-heading-left fusion-responsive-typography-calculated\" style=\"margin:0;--fontSize:30;--minFontSize:30;line-height:1.4;\"><a href=\"https:\/\/www.pillarhealthcare.org\/es\/2026\/02\/05\/provider-spotlight-zach-gianakos\/\" class=\"awb-custom-text-color awb-custom-text-hover-color\" target=\"_self\">Proveedor Destacado: Zach Gianakos<\/a><\/h4><\/div><div class=\"fusion-text fusion-text-8\" style=\"--awb-content-alignment:left;--awb-text-color:var(--awb-custom_color_4);\"><p>5 de febrero de 2026<\/p>\n<\/div><div class=\"fusion-content-tb fusion-content-tb-8 resource-excerpt\" style=\"--awb-text-color:var(--awb-custom_color_7);--awb-text-transform:none;\"><p>Conozca a Zach Gianakos, especialista en salud conductual y recursos de Pillar Health. Ahora aceptamos pacientes de todas las edades en Kenosha. Atenci\u00f3n compasiva y centrada en el paciente. Llame hoy mismo para programar una cita.<\/p><\/div><\/div><\/div><\/div><\/div><\/li>\n<\/ul><div class=\"pagination clearfix\"><span class=\"current\">1<\/span><a href=\"https:\/\/www.pillarhealthcare.org\/es\/wp-json\/wp\/v2\/pages\/229\/page\/2\/\" class=\"inactive\">2<\/a><a class=\"pagination-next\" rel=\"next\" href=\"https:\/\/www.pillarhealthcare.org\/es\/wp-json\/wp\/v2\/pages\/229\/page\/2\/\"><span class=\"page-text\">Siguiente<\/span><span class=\"page-next\"><\/span><\/a><\/div><div class=\"fusion-clearfix\"><\/div><\/div><\/div><\/div><\/div><\/div><div class=\"fusion-fullwidth fullwidth-box fusion-builder-row-2 fusion-flex-container has-pattern-background has-mask-background nonhundred-percent-fullwidth non-hundred-percent-height-scrolling\" style=\"--awb-border-radius-top-left:0px;--awb-border-radius-top-right:0px;--awb-border-radius-bottom-right:0px;--awb-border-radius-bottom-left:0px;--awb-flex-wrap:wrap;\" ><div class=\"fusion-builder-row fusion-row fusion-flex-align-items-stretch fusion-flex-content-wrap\" style=\"max-width:1456px;margin-left: calc(-4% \/ 2 );margin-right: calc(-4% \/ 2 );\"><div class=\"fusion-layout-column fusion_builder_column fusion-builder-column-9 fusion_builder_column_1_1 1_1 fusion-flex-column\" style=\"--awb-padding-top:20px;--awb-padding-right:60px;--awb-padding-bottom:20px;--awb-padding-left:20px;--awb-padding-top-medium:20px;--awb-padding-right-medium:20px;--awb-padding-bottom-medium:20px;--awb-padding-left-medium:20px;--awb-padding-top-small:20px;--awb-padding-right-small:20px;--awb-padding-bottom-small:20px;--awb-padding-left-small:20px;--awb-bg-color:var(--awb-custom_color_5);--awb-bg-color-hover:var(--awb-custom_color_5);--awb-bg-size:cover;--awb-width-large:100%;--awb-flex-grow:0;--awb-flex-shrink:0;--awb-margin-top-large:0px;--awb-spacing-right-large:1.92%;--awb-margin-bottom-large:20px;--awb-spacing-left-large:1.92%;--awb-width-medium:100%;--awb-order-medium:0;--awb-flex-grow-medium:;--awb-flex-shrink-medium:;--awb-spacing-right-medium:1.92%;--awb-spacing-left-medium:1.92%;--awb-width-small:100%;--awb-order-small:0;--awb-flex-grow-small:;--awb-flex-shrink-small:;--awb-spacing-right-small:1.92%;--awb-spacing-left-small:1.92%;\" data-scroll-devices=\"small-visibility,medium-visibility,large-visibility\"><div class=\"fusion-column-wrapper fusion-column-has-shadow fusion-flex-justify-content-center fusion-content-layout-column\"><div class=\"fusion-builder-row fusion-builder-row-inner fusion-row fusion-flex-align-items-stretch fusion-flex-content-wrap\" style=\"--awb-flex-grow:0;--awb-flex-grow-medium:0;--awb-flex-grow-small:0;--awb-flex-shrink:0;--awb-flex-shrink-medium:0;--awb-flex-shrink-small:0;width:104% !important;max-width:104% !important;margin-left: calc(-4% \/ 2 );margin-right: calc(-4% \/ 2 );\"><div class=\"fusion-layout-column fusion_builder_column_inner fusion-builder-nested-column-15 fusion_builder_column_inner_3_4 3_4 fusion-flex-column\" style=\"--awb-bg-size:cover;--awb-width-large:75%;--awb-margin-top-large:0px;--awb-spacing-right-large:2.56%;--awb-margin-bottom-large:0px;--awb-spacing-left-large:2.56%;--awb-width-medium:75%;--awb-order-medium:0;--awb-spacing-right-medium:2.56%;--awb-spacing-left-medium:2.56%;--awb-width-small:100%;--awb-order-small:0;--awb-spacing-right-small:1.92%;--awb-spacing-left-small:1.92%;\" data-scroll-devices=\"small-visibility,medium-visibility,large-visibility\"><div class=\"fusion-column-wrapper fusion-column-has-shadow fusion-flex-justify-content-center fusion-content-layout-column\"><div class=\"fusion-title title fusion-title-9 fusion-sep-none fusion-title-text fusion-title-size-two\" style=\"--awb-text-color:var(--awb-color1);--awb-margin-bottom:0px;--awb-margin-top-small:10px;--awb-margin-right-small:0px;--awb-margin-bottom-small:10px;--awb-margin-left-small:0px;--awb-font-size:2.5em;\"><h2 class=\"fusion-title-heading title-heading-left fusion-responsive-typography-calculated\" style=\"margin:0;font-size:1em;--fontSize:40;line-height:1.55;\">No espere para programar su cita.<\/h2><\/div><div class=\"fusion-separator\" style=\"align-self: flex-start;margin-right:auto;margin-top:20px;margin-bottom:20px;width:100%;max-width:88%;\"><div class=\"fusion-separator-border sep-single\" style=\"--awb-height:20px;--awb-amount:20px;border-color:var(--awb-color4);border-top-width:4px;\"><\/div><\/div><div class=\"fusion-text fusion-text-9\" style=\"--awb-text-color:var(--awb-color1);\"><p>Kenosha Community Health Center tiene muchas opciones de citas en Kenosha y Silver Lake para satisfacer sus necesidades.<\/p>\n<\/div><\/div><\/div><div class=\"fusion-layout-column fusion_builder_column_inner fusion-builder-nested-column-16 fusion_builder_column_inner_1_4 1_4 fusion-flex-column fusion-flex-align-self-center\" style=\"--awb-padding-top:10px;--awb-padding-right:10px;--awb-padding-bottom:10px;--awb-padding-left:10px;--awb-bg-color:#efefef;--awb-bg-color-hover:#efefef;--awb-bg-size:cover;--awb-width-large:25%;--awb-margin-top-large:0px;--awb-spacing-right-large:7.68%;--awb-margin-bottom-large:0px;--awb-spacing-left-large:7.68%;--awb-width-medium:25%;--awb-order-medium:0;--awb-spacing-right-medium:7.68%;--awb-spacing-left-medium:7.68%;--awb-width-small:100%;--awb-order-small:0;--awb-spacing-right-small:1.92%;--awb-spacing-left-small:1.92%;\" data-scroll-devices=\"small-visibility,medium-visibility,large-visibility\"><div class=\"fusion-column-wrapper fusion-column-has-shadow fusion-flex-justify-content-center fusion-content-layout-row fusion-flex-align-items-center fusion-content-nowrap\"><a class=\"fb-icon-element-1 fb-icon-element fontawesome-icon fa-phone-alt fas circle-yes fusion-text-flow fusion-link\" style=\"--awb-circlecolor:#94cc00;--awb-circlecolor-hover:#94cc00;--awb-circlebordercolor-hover:var(--awb-color8);--awb-circlebordersize:0px;--awb-font-size:22.88px;--awb-width:45.76px;--awb-height:45.76px;--awb-line-height:45.76px;--awb-border-radius-top-l:0;--awb-border-radius-top-r:0;--awb-border-radius-bot-r:0;--awb-border-radius-bot-l:0;--awb-margin-top:0px;--awb-margin-right:0px;--awb-margin-bottom:0px;--awb-margin-left:0px;\" href=\"tel:(262) 656-0044\" target=\"_self\" aria-label=\"Link to tel:(262)%20656-0044\"><\/a><div class=\"fusion-text fusion-text-10 fusion-text-no-margin\" style=\"--awb-content-alignment:center;--awb-text-color:#006faf;--awb-margin-bottom:0px;\"><p style=\"margin: 0; line-height: 20px;\">Haga una Cita<\/p>\n<p style=\"margin: 0;\"><strong><a style=\"color: #006faf;\" href=\"tel:262-656-0044\">262-656-0044<\/a><\/strong><\/p>\n<\/div><\/div><\/div><\/div><\/div><\/div><\/div><\/div>\n<\/p>","protected":false},"excerpt":{"rendered":"","protected":false},"author":1,"featured_media":0,"parent":0,"menu_order":0,"comment_status":"closed","ping_status":"closed","template":"","meta":{"_acf_changed":false,"footnotes":""},"ailments":[],"class_list":["post-229","page","type-page","status-publish","hentry"],"acf":[],"_links":{"self":[{"href":"https:\/\/www.pillarhealthcare.org\/es\/wp-json\/wp\/v2\/pages\/229","targetHints":{"allow":["GET"]}}],"collection":[{"href":"https:\/\/www.pillarhealthcare.org\/es\/wp-json\/wp\/v2\/pages"}],"about":[{"href":"https:\/\/www.pillarhealthcare.org\/es\/wp-json\/wp\/v2\/types\/page"}],"author":[{"embeddable":true,"href":"https:\/\/www.pillarhealthcare.org\/es\/wp-json\/wp\/v2\/users\/1"}],"replies":[{"embeddable":true,"href":"https:\/\/www.pillarhealthcare.org\/es\/wp-json\/wp\/v2\/comments?post=229"}],"version-history":[{"count":8,"href":"https:\/\/www.pillarhealthcare.org\/es\/wp-json\/wp\/v2\/pages\/229\/revisions"}],"predecessor-version":[{"id":20145,"href":"https:\/\/www.pillarhealthcare.org\/es\/wp-json\/wp\/v2\/pages\/229\/revisions\/20145"}],"wp:attachment":[{"href":"https:\/\/www.pillarhealthcare.org\/es\/wp-json\/wp\/v2\/media?parent=229"}],"wp:term":[{"taxonomy":"ailments","embeddable":true,"href":"https:\/\/www.pillarhealthcare.org\/es\/wp-json\/wp\/v2\/ailments?post=229"}],"curies":[{"name":"wp","href":"https:\/\/api.w.org\/{rel}","templated":true}]}}